{"id":6364,"date":"2022-04-14T10:32:35","date_gmt":"2022-04-14T08:32:35","guid":{"rendered":"https:\/\/www.bwpn.de\/pflegenetzwerk\/?post_type=encyclopedia&#038;p=6364"},"modified":"2022-06-09T14:14:10","modified_gmt":"2022-06-09T12:14:10","slug":"pflegekraefte","status":"publish","type":"encyclopedia","link":"https:\/\/www.bwpn.de\/pflegenetzwerk\/glossar\/pflegekraefte\/","title":{"rendered":"Pflegekr\u00e4fte"},"content":{"rendered":"<p><a href=\"https:\/\/www.bwpn.de\/pflegenetzwerk\/glossar\/pflegekraefte\/\" target=\"_self\" title=\"Pflegekr&auml;fte sind inzwischen eine der wichtigsten St&uuml;tze unserer alternden Gesellschaft&hellip;\" class=\"encyclopedia\">Pflegekr&auml;fte<\/a> sind inzwischen eine der wichtigsten St&uuml;tze unserer alternden Gesellschaft geworden. Ohne Pflegekr&auml;fte ist es nicht m&ouml;glich, die gro&szlig;e Anzahl pflegebed&uuml;rftiger Personen im h&auml;uslichen Umfeld, aber auch in station&auml;ren Einrichtungen, versorgen zu k&ouml;nnen.<\/p>\r\n<p>Anerkannten Studien zurfolge fehlten bereits Ende 2021 rund 35.000 Pflegekr&auml;fte. Diese unglaubliche Zahl fehlender Pflegekr&auml;fte soll sich bis zum Jahr 2030 auf bis zu 182.000 erh&ouml;hen.<\/p>\r\n<p>Einer der Gr&uuml;nde ist dabei sicher die geringe Anerkennung der unglaublichen Leistung unserer Pflegekr&auml;fte f&uuml;r die Gesellschaft. Hinzu kommt aber noch der viel zu geringe Lohn.<\/p>\r\n<p>Seit 2020 gibt es u. a. neue Ausbildungsberufe in der Pflege. So befanden sich zum Stichtag 31.12.2021 rund 105.000 Menschen in der Ausbildung zur Pflegefachfrau, bzw. Pflegefachmann.<\/p>\r\n<div class=\"fusion-sep-clear\"><\/div><div class=\"fusion-separator fusion-has-icon fusion-full-width-sep\" style=\"margin-left: auto;margin-right: auto;margin-top:20px;width:100%;\"><div class=\"fusion-separator-border sep-single sep-solid\" style=\"--awb-height:20px;--awb-amount:20px;border-color:#8bc34a;border-top-width:1px;\"><\/div><span class=\"icon-wrapper\" style=\"border-color:#8bc34a;background-color:rgba(255,255,255,0);font-size:22px;width: 1.75em; height: 1.75em;border-width:1px;padding:1px;margin-top:-0.5px\"><i class=\"fa-hand-holding-heart fas\" style=\"font-size: inherit;color:#8bc34a;\" aria-hidden=\"true\"><\/i><\/span><div class=\"fusion-separator-border sep-single sep-solid\" style=\"--awb-height:20px;--awb-amount:20px;border-color:#8bc34a;border-top-width:1px;\"><\/div><\/div><div class=\"fusion-sep-clear\"><\/div>\r\n<h3>Sie sind in der Pflege t&auml;tig und sind auf der Suche nach einer neuen Herausforderung?<\/h3>\r\n<p>Nutzen Sie die M&ouml;glichkeit und teilen Sie uns kostenlos Ihre Daten und Ihre W&uuml;nsche mit. Wir leiten diese, innerhalb des bundesweiten Pflegenetzwerks, gern (anonymisiert) an potenzielle Arbeitgeber weiter. Ihre Daten werden nicht ver&ouml;ffentlicht und auch nicht, ohne Ihre schriftliche Zustimmung, an Dritte weitergegeben.<\/p>\r\n<div class=\"fusion-button-wrapper fusion-aligncenter\"><a class=\"fusion-button button-flat button-medium button-default fusion-button-default button-1 fusion-button-default-span fusion-button-default-type\" target=\"_blank\" rel=\"noopener noreferrer\" href=\"https:\/\/www.bwpn.de\/pflegenetzwerk\/stellengesuch-pflegekraefte\/\"><span class=\"fusion-button-text awb-button__text awb-button__text--default\">Kostenlos Stellengesuch eingeben<\/span><\/a><\/div>\r\n<p>&nbsp;<\/p>\r\n<div class=\"fusion-sep-clear\"><\/div><div class=\"fusion-separator fusion-has-icon fusion-full-width-sep\" style=\"margin-left: auto;margin-right: auto;margin-top:20px;width:100%;\"><div class=\"fusion-separator-border sep-single sep-solid\" style=\"--awb-height:20px;--awb-amount:20px;border-color:#8bc34a;border-top-width:1px;\"><\/div><span class=\"icon-wrapper\" style=\"border-color:#8bc34a;background-color:rgba(255,255,255,0);font-size:22px;width: 1.75em; height: 1.75em;border-width:1px;padding:1px;margin-top:-0.5px\"><i class=\"fa-hand-holding-heart fas\" style=\"font-size: inherit;color:#8bc34a;\" aria-hidden=\"true\"><\/i><\/span><div class=\"fusion-separator-border sep-single sep-solid\" style=\"--awb-height:20px;--awb-amount:20px;border-color:#8bc34a;border-top-width:1px;\"><\/div><\/div><div class=\"fusion-sep-clear\"><\/div>\r\n<h3>Unsere Kernkompetenz seit 1998<\/h3>\r\n<!-- \/wp:post-content -->\r\n\r\n<!-- wp:shortcode -->\r\n<div class=\"fusion-fullwidth fullwidth-box fusion-builder-row-1 nonhundred-percent-fullwidth non-hundred-percent-height-scrolling\" style=\"--awb-border-radius-top-left:0px;--awb-border-radius-top-right:0px;--awb-border-radius-bottom-right:0px;--awb-border-radius-bottom-left:0px;--awb-margin-top:20px;--awb-margin-bottom:20px;--awb-flex-wrap:wrap;\"><div class=\"fusion-builder-row fusion-row\"><div class=\"fusion-layout-column fusion_builder_column fusion-builder-column-0 fusion_builder_column_1_3 1_3 fusion-one-third fusion-column-first\" style=\"--awb-bg-size:cover;width:33.3333333333%;width:calc(33.3333333333% - ( ( 4% + 4% ) * 0.333333333333 ) );margin-right: 4%;\"><div class=\"fusion-column-wrapper fusion-column-has-shadow fusion-flex-column-wrapper-legacy\"><div class=\"fusion-image-element in-legacy-container\" style=\"--awb-caption-title-font-family:var(--h2_typography-font-family);--awb-caption-title-font-weight:var(--h2_typography-font-weight);--awb-caption-title-font-style:var(--h2_typography-font-style);--awb-caption-title-size:var(--h2_typography-font-size);--awb-caption-title-transform:var(--h2_typography-text-transform);--awb-caption-title-line-height:var(--h2_typography-line-height);--awb-caption-title-letter-spacing:var(--h2_typography-letter-spacing);\"><span class=\" fusion-imageframe imageframe-dropshadow imageframe-1 hover-type-none fusion-animated\" style=\"-webkit-box-shadow: 5px 5px 9px rgba(96,125,139,0.3);box-shadow: 5px 5px 9px rgba(96,125,139,0.3);\" data-animationtype=\"fadeInLeft\" data-animationduration=\"0.3\" data-animationoffset=\"top-into-view\"><a class=\"fusion-no-lightbox\" href=\"https:\/\/www.bwpn.de\/pflegenetzwerk\/pflegeantrag\/\" target=\"_self\" aria-label=\"BWPN-Pflegegrad-beantragen\"><img loading=\"lazy\" decoding=\"async\" width=\"340\" height=\"230\" alt=\"Pflegegrad beantragen\" src=\"https:\/\/www.bwpn.de\/pflegenetzwerk\/wp-content\/uploads\/2019\/12\/BWPN-Pflegegrad-beantragen.jpg\" class=\"img-responsive wp-image-3734\" srcset=\"https:\/\/www.bwpn.de\/pflegenetzwerk\/wp-content\/uploads\/2019\/12\/BWPN-Pflegegrad-beantragen-200x135.jpg 200w, https:\/\/www.bwpn.de\/pflegenetzwerk\/wp-content\/uploads\/2019\/12\/BWPN-Pflegegrad-beantragen.jpg 340w\" sizes=\"auto, (max-width: 800px) 100vw, 340px\" title=\"\"><\/a><\/span><\/div><div class=\"fusion-sep-clear\"><\/div><div class=\"fusion-separator fusion-full-width-sep\" style=\"margin-left: auto;margin-right: auto;margin-top:15px;margin-bottom:20px;width:100%;\"><div class=\"fusion-separator-border sep-single sep-solid\" style=\"--awb-height:20px;--awb-amount:20px;border-color:#8bc34a;border-top-width:1px;\"><\/div><\/div><div class=\"fusion-sep-clear\"><\/div><div class=\"fusion-text fusion-text-1\"><h3><a href=\"https:\/\/www.bwpn.de\/pflegenetzwerk\/pflegeantrag\/\"><strong>Pflegegrad beantragen<\/strong><\/a><\/h3>\n<\/div><div class=\"fusion-sep-clear\"><\/div><div class=\"fusion-separator fusion-full-width-sep\" style=\"margin-left: auto;margin-right: auto;margin-top:5px;margin-bottom:5px;width:100%;\"><div class=\"fusion-separator-border sep-single sep-solid\" style=\"--awb-height:20px;--awb-amount:20px;border-color:#8bc34a;border-top-width:1px;\"><\/div><\/div><div class=\"fusion-sep-clear\"><\/div><div class=\"fusion-text fusion-text-2\" style=\"--awb-content-alignment:justify;--awb-font-size:18px;--awb-line-height:var(--awb-typography4-line-height);--awb-letter-spacing:var(--awb-typography4-letter-spacing);--awb-text-transform:var(--awb-typography4-text-transform);--awb-text-font-family:var(--awb-typography4-font-family);--awb-text-font-weight:var(--awb-typography4-font-weight);--awb-text-font-style:var(--awb-typography4-font-style);\"><p> Wir helfen Ihnen kostenlos beim Antrag auf einen Pflegegrad und geben Ihnen Tipps f&uuml;r die Begutachtung! <\/p>\n<\/div><div class=\"fusion-clearfix\"><\/div><\/div><\/div><div class=\"fusion-layout-column fusion_builder_column fusion-builder-column-1 fusion_builder_column_1_3 1_3 fusion-one-third\" style=\"--awb-bg-size:cover;width:33.3333333333%;width:calc(33.3333333333% - ( ( 4% + 4% ) * 0.333333333333 ) );margin-right: 4%;\"><div class=\"fusion-column-wrapper fusion-column-has-shadow fusion-flex-column-wrapper-legacy\"><div class=\"fusion-image-element fusion-image-align-center in-legacy-container\" style=\"text-align:center;--awb-caption-title-font-family:var(--h2_typography-font-family);--awb-caption-title-font-weight:var(--h2_typography-font-weight);--awb-caption-title-font-style:var(--h2_typography-font-style);--awb-caption-title-size:var(--h2_typography-font-size);--awb-caption-title-transform:var(--h2_typography-text-transform);--awb-caption-title-line-height:var(--h2_typography-line-height);--awb-caption-title-letter-spacing:var(--h2_typography-letter-spacing);\"><div class=\"imageframe-align-center\"><span class=\" fusion-imageframe imageframe-dropshadow imageframe-2 hover-type-none fusion-animated\" style=\"-webkit-box-shadow: 5px 5px 9px rgba(96,125,139,0.3);box-shadow: 5px 5px 9px rgba(96,125,139,0.3);\" data-animationtype=\"fadeInLeft\" data-animationduration=\"0.3\" data-animationoffset=\"top-into-view\"><a class=\"fusion-no-lightbox\" href=\"https:\/\/www.bwpn.de\/pflegenetzwerk\/ihre-hoeherstufung-pflegegrad-wurde-abgelehnt\/\" target=\"_self\" aria-label=\"BWPN-Pflegegrad-h&ouml;herstufung\"><img loading=\"lazy\" decoding=\"async\" width=\"340\" height=\"230\" alt=\"Pflegegrad h&ouml;herstufen\" src=\"https:\/\/www.bwpn.de\/pflegenetzwerk\/wp-content\/uploads\/2019\/12\/BWPN-Pflegegrad-h%C3%B6herstufung.jpg\" class=\"img-responsive wp-image-3733\" srcset=\"https:\/\/www.bwpn.de\/pflegenetzwerk\/wp-content\/uploads\/2019\/12\/BWPN-Pflegegrad-h&ouml;herstufung-200x135.jpg 200w, https:\/\/www.bwpn.de\/pflegenetzwerk\/wp-content\/uploads\/2019\/12\/BWPN-Pflegegrad-h&ouml;herstufung.jpg 340w\" sizes=\"auto, (max-width: 800px) 100vw, 340px\" title=\"\"><\/a><\/span><\/div><\/div><div class=\"fusion-sep-clear\"><\/div><div class=\"fusion-separator fusion-full-width-sep\" style=\"margin-left: auto;margin-right: auto;margin-top:15px;margin-bottom:20px;width:100%;\"><div class=\"fusion-separator-border sep-single sep-solid\" style=\"--awb-height:20px;--awb-amount:20px;border-color:#8bc34a;border-top-width:1px;\"><\/div><\/div><div class=\"fusion-sep-clear\"><\/div><div class=\"fusion-text fusion-text-3\"><h3><a href=\"https:\/\/www.bwpn.de\/pflegenetzwerk\/ihre-hoeherstufung-pflegegrad-wurde-abgelehnt\/\"><strong>Pflegegrad h&ouml;herstufen<\/strong><\/a><\/h3>\n<\/div><div class=\"fusion-sep-clear\"><\/div><div class=\"fusion-separator fusion-full-width-sep\" style=\"margin-left: auto;margin-right: auto;margin-top:5px;margin-bottom:5px;width:100%;\"><div class=\"fusion-separator-border sep-single sep-solid\" style=\"--awb-height:20px;--awb-amount:20px;border-color:#8bc34a;border-top-width:1px;\"><\/div><\/div><div class=\"fusion-sep-clear\"><\/div><div class=\"fusion-text fusion-text-4\" style=\"--awb-content-alignment:justify;--awb-font-size:18px;--awb-line-height:var(--awb-typography4-line-height);--awb-letter-spacing:var(--awb-typography4-letter-spacing);--awb-text-transform:var(--awb-typography4-text-transform);--awb-text-font-family:var(--awb-typography4-font-family);--awb-text-font-weight:var(--awb-typography4-font-weight);--awb-text-font-style:var(--awb-typography4-font-style);\"><p> Unsere Experten unterst&uuml;tzen Sie mit pflegefachlichem Sachverstand bei der H&ouml;herstufung des Pflegegrades! <\/p>\n<\/div><div class=\"fusion-clearfix\"><\/div><\/div><\/div><div class=\"fusion-layout-column fusion_builder_column fusion-builder-column-2 fusion_builder_column_1_3 1_3 fusion-one-third fusion-column-last\" style=\"--awb-bg-size:cover;width:33.3333333333%;width:calc(33.3333333333% - ( ( 4% + 4% ) * 0.333333333333 ) );\"><div class=\"fusion-column-wrapper fusion-column-has-shadow fusion-flex-column-wrapper-legacy\"><div class=\"fusion-image-element fusion-image-align-center in-legacy-container\" style=\"text-align:center;--awb-caption-title-font-family:var(--h2_typography-font-family);--awb-caption-title-font-weight:var(--h2_typography-font-weight);--awb-caption-title-font-style:var(--h2_typography-font-style);--awb-caption-title-size:var(--h2_typography-font-size);--awb-caption-title-transform:var(--h2_typography-text-transform);--awb-caption-title-line-height:var(--h2_typography-line-height);--awb-caption-title-letter-spacing:var(--h2_typography-letter-spacing);\"><div class=\"imageframe-align-center\"><span class=\" fusion-imageframe imageframe-dropshadow imageframe-3 hover-type-none fusion-animated\" style=\"-webkit-box-shadow: 5px 5px 9px rgba(96,125,139,0.3);box-shadow: 5px 5px 9px rgba(96,125,139,0.3);\" data-animationtype=\"fadeInLeft\" data-animationduration=\"0.3\" data-animationoffset=\"top-into-view\"><a class=\"fusion-no-lightbox\" href=\"https:\/\/www.bwpn.de\/pflegenetzwerk\/mit-widerspruch-zum-gerechten-pflegegrad\/\" target=\"_self\" aria-label=\"BWPN-Pflegegrad-Widerspruch\"><img loading=\"lazy\" decoding=\"async\" width=\"340\" height=\"230\" alt=\"Pflegegrad Widerspruch\" src=\"https:\/\/www.bwpn.de\/pflegenetzwerk\/wp-content\/uploads\/2019\/12\/BWPN-Pflegegrad-Widerspruch.jpg\" class=\"img-responsive wp-image-3732\" srcset=\"https:\/\/www.bwpn.de\/pflegenetzwerk\/wp-content\/uploads\/2019\/12\/BWPN-Pflegegrad-Widerspruch-200x135.jpg 200w, https:\/\/www.bwpn.de\/pflegenetzwerk\/wp-content\/uploads\/2019\/12\/BWPN-Pflegegrad-Widerspruch.jpg 340w\" sizes=\"auto, (max-width: 800px) 100vw, 340px\" title=\"\"><\/a><\/span><\/div><\/div><div class=\"fusion-sep-clear\"><\/div><div class=\"fusion-separator fusion-full-width-sep\" style=\"margin-left: auto;margin-right: auto;margin-top:15px;margin-bottom:20px;width:100%;\"><div class=\"fusion-separator-border sep-single sep-solid\" style=\"--awb-height:20px;--awb-amount:20px;border-color:#8bc34a;border-top-width:1px;\"><\/div><\/div><div class=\"fusion-sep-clear\"><\/div><div class=\"fusion-text fusion-text-5\"><h3><a href=\"https:\/\/www.bwpn.de\/pflegenetzwerk\/mit-widerspruch-zum-gerechten-pflegegrad\/\"><strong>Pflegegrad Widerspruch<\/strong><\/a><\/h3>\n<\/div><div class=\"fusion-sep-clear\"><\/div><div class=\"fusion-separator fusion-full-width-sep\" style=\"margin-left: auto;margin-right: auto;margin-top:5px;margin-bottom:5px;width:100%;\"><div class=\"fusion-separator-border sep-single sep-solid\" style=\"--awb-height:20px;--awb-amount:20px;border-color:#8bc34a;border-top-width:1px;\"><\/div><\/div><div class=\"fusion-sep-clear\"><\/div><div class=\"fusion-text fusion-text-6\" style=\"--awb-content-alignment:justify;--awb-font-size:18px;--awb-line-height:var(--awb-typography4-line-height);--awb-letter-spacing:var(--awb-typography4-letter-spacing);--awb-text-transform:var(--awb-typography4-text-transform);--awb-text-font-family:var(--awb-typography4-font-family);--awb-text-font-weight:var(--awb-typography4-font-weight);--awb-text-font-style:var(--awb-typography4-font-style);\"><p> Unabh&auml;ngige Sachverst&auml;ndige erreichen mit fundierten Gegengutachten den h&ouml;chst m&ouml;glichen Pflegegrad im Widerspruch! <\/p>\n<\/div><div class=\"fusion-clearfix\"><\/div><\/div><\/div><\/div><\/div>\n\r\n<!-- \/wp:shortcode -->\r\n\r\n<!-- wp:spacer {\"height\":30} -->\r\n<div class=\"wp-block-spacer\" aria-hidden=\"true\"><div class=\"fusion-sep-clear\"><\/div><div class=\"fusion-separator fusion-has-icon fusion-full-width-sep\" style=\"margin-left: auto;margin-right: auto;margin-bottom:20px;width:100%;\"><div class=\"fusion-separator-border sep-single sep-solid\" style=\"--awb-height:20px;--awb-amount:20px;border-color:#8bc34a;border-top-width:1px;\"><\/div><span class=\"icon-wrapper\" style=\"border-color:#8bc34a;background-color:rgba(255,255,255,0);font-size:22px;width: 1.75em; height: 1.75em;border-width:1px;padding:1px;margin-top:-0.5px\"><i class=\"fa-hand-holding-heart fas\" style=\"font-size: inherit;color:#8bc34a;\" aria-hidden=\"true\"><\/i><\/span><div class=\"fusion-separator-border sep-single sep-solid\" style=\"--awb-height:20px;--awb-amount:20px;border-color:#8bc34a;border-top-width:1px;\"><\/div><\/div><div class=\"fusion-sep-clear\"><\/div><\/div>\r\n<!-- \/wp:spacer -->\r\n\r\n<!-- wp:heading {\"level\":3} -->\r\n<h3>Mehr von unseren Pflegeexperten<\/h3>\r\n<div class=\"fusion-blog-shortcode fusion-blog-shortcode-1 fusion-blog-archive fusion-blog-layout-grid-wrapper fusion-blog-pagination\" style=\"--grid_separator_color:#8bc34a;\"><style type=\"text\/css\">.fusion-blog-shortcode-1 .fusion-blog-layout-grid .fusion-post-grid{padding:20px;}.fusion-blog-shortcode-1 .fusion-posts-container{margin-left: -20px !important; margin-right:-20px !important;}<\/style><div class=\"fusion-posts-container fusion-posts-container-pagination fusion-no-meta-info fusion-blog-rollover fusion-blog-layout-grid fusion-blog-layout-grid-3 isotope fusion-blog-equal-heights\" data-pages=\"4\" data-grid-col-space=\"40\" style=\"margin: -20px -20px 0;min-height:500px;\"><article id=\"blog-1-post-3606\" class=\"fusion-post-grid post-3606 post type-post status-publish format-standard has-post-thumbnail hentry category-widerspruch-pflegegrad category-pflegegrad tag-neuantrag tag-pflegegrad tag-widerspruchsbescheid\">\n<div class=\"fusion-post-wrapper\" style=\"background-color:rgba(255,255,255,0);border:1px solid #ebeaea;border-bottom-width:3px;\">\n\n\t\t\t<div class=\"fusion-flexslider flexslider fusion-flexslider-loading fusion-post-slideshow\" style=\"border-color:#ebeaea;\">\n\t\t<ul class=\"slides\">\n\t\t\t\n\t\t\t\t\t\t\t\t\t\t\t\t\t\t<li><div class=\"fusion-image-wrapper\" aria-haspopup=\"true\">\n\t\t\t\t<img loading=\"lazy\" decoding=\"async\" width=\"1200\" height=\"800\" src=\"https:\/\/www.bwpn.de\/pflegenetzwerk\/wp-content\/uploads\/2019\/09\/BWPN-Neuantrag-oder-Widerspruch.png\" class=\"attachment-full size-full wp-post-image\" alt=\"Pflegegrad abgelehnt neuer Antrag oder Widerspruch\" srcset=\"https:\/\/www.bwpn.de\/pflegenetzwerk\/wp-content\/uploads\/2019\/09\/BWPN-Neuantrag-oder-Widerspruch-200x133.png 200w, https:\/\/www.bwpn.de\/pflegenetzwerk\/wp-content\/uploads\/2019\/09\/BWPN-Neuantrag-oder-Widerspruch-400x267.png 400w, https:\/\/www.bwpn.de\/pflegenetzwerk\/wp-content\/uploads\/2019\/09\/BWPN-Neuantrag-oder-Widerspruch-600x400.png 600w, https:\/\/www.bwpn.de\/pflegenetzwerk\/wp-content\/uploads\/2019\/09\/BWPN-Neuantrag-oder-Widerspruch-800x533.png 800w, https:\/\/www.bwpn.de\/pflegenetzwerk\/wp-content\/uploads\/2019\/09\/BWPN-Neuantrag-oder-Widerspruch.png 1200w\" sizes=\"auto, (min-width: 2200px) 100vw, (min-width: 824px) 340px, (min-width: 732px) 510px, (min-width: 640px) 732px, \" title=\"\"><div class=\"fusion-rollover\">\n\t<div class=\"fusion-rollover-content\">\n\n\t\t\t\t\t\t\t\t\t\t\t\t\t\t<a class=\"fusion-rollover-link\" href=\"https:\/\/www.bwpn.de\/pflegenetzwerk\/pflegegrad-abgelehnt-neuer-antrag\/\">Pflegegrad abgelehnt neuer Antrag<\/a>\n\t\t\t\n\t\t\t\t\t\t\t\t\t\t\t\t\t\t\n\t\t\t\t\t\t\t\t\n\t\t\t\t\t\t\t\t\t\t\t\t\t<div class=\"fusion-rollover-sep\"><\/div>\n\t\t\t\t\n\t\t\t\t\t\t\t\t\t\t\t\t\t\t\t\t\t\t<a class=\"fusion-rollover-gallery\" href=\"https:\/\/www.bwpn.de\/pflegenetzwerk\/wp-content\/uploads\/2019\/09\/BWPN-Neuantrag-oder-Widerspruch.png\" data-options=\"\" data-id=\"3606\" data-rel=\"iLightbox[gallery]\" data-title=\"BWPN-Neuantrag-oder-Widerspruch\" data-caption=\"\">\n\t\t\t\t\t\tGallerie\t\t\t\t\t<\/a>\n\t\t\t\t\t\t\t\t\t\t\t\t\t\t\n\t\t\n\t\t\t\t\t\t\t\t\t\t\t\t<h4 class=\"fusion-rollover-title\">\n\t\t\t\t\t<a class=\"fusion-rollover-title-link\" href=\"https:\/\/www.bwpn.de\/pflegenetzwerk\/pflegegrad-abgelehnt-neuer-antrag\/\">\n\t\t\t\t\t\tPflegegrad abgelehnt neuer Antrag\t\t\t\t\t<\/a>\n\t\t\t\t<\/h4>\n\t\t\t\n\t\t\t\t\t\t\t\t\t\t<div class=\"fusion-rollover-categories\"><a href=\"https:\/\/www.bwpn.de\/pflegenetzwerk\/widerspruch\/widerspruch-pflegegrad\/\" rel=\"tag\">Widerspruch Pflegegrad<\/a>, <a href=\"https:\/\/www.bwpn.de\/pflegenetzwerk\/widerspruch\/pflegegrad\/\" rel=\"tag\">Pflegegrad<\/a><\/div>\t\t\t\t\t\n\t\t\n\t\t\t\t\t\t<a class=\"fusion-link-wrapper\" href=\"https:\/\/www.bwpn.de\/pflegenetzwerk\/pflegegrad-abgelehnt-neuer-antrag\/\" aria-label=\"Pflegegrad abgelehnt neuer Antrag\"><\/a>\n\t<\/div>\n<\/div>\n<\/div>\n<\/li>\n\t\t\t\n\t\t\t\n\t\t\t\t\t\t\t\t\t\t\t\t\t\t\t\t\t\t\t\t\t\t\t\t\t\t\t\t\t\t\t\t\t\t\t\t\t\t\t\t\t\t\t\t\t\t\t\t\t\t\t\t\t\t\t\t\t\t\t\t\t\t\t\t\t\t\t\t<\/ul>\n\t<\/div>\n\t<div class=\"fusion-post-content-wrapper\" style=\"padding:30px 25px 20px 25px;\"><div class=\"fusion-post-content post-content\"><h2 class=\"blog-shortcode-post-title entry-title\"><a href=\"https:\/\/www.bwpn.de\/pflegenetzwerk\/pflegegrad-abgelehnt-neuer-antrag\/\">Pflegegrad abgelehnt neuer Antrag<\/a><\/h2><div class=\"fusion-post-content-container\"><p> <a href=\"https:\/\/www.bwpn.de\/pflegenetzwerk\/glossar\/pflegegrad-abgelehnt\/\" target=\"_self\" title=\"Pflegegrad abgelehnt - Was ist passiert? Wurde Ihr Pflegegrad abgelehnt,&hellip;\" class=\"encyclopedia\">Pflegegrad abgelehnt<\/a>, neuer Antrag als beste L&ouml;sung?  Wurde [...]<\/p><\/div><\/div><\/div><div class=\"fusion-clearfix\"><\/div><\/div>\n<\/article>\n<article id=\"blog-1-post-3589\" class=\"fusion-post-grid post-3589 post type-post status-publish format-standard has-post-thumbnail hentry category-widerspruch-pflegegrad category-pflegegrad tag-pflegeantrag tag-pflegegrad tag-widerspruch\">\n<div class=\"fusion-post-wrapper\" style=\"background-color:rgba(255,255,255,0);border:1px solid #ebeaea;border-bottom-width:3px;\">\n\n\t\t\t<div class=\"fusion-flexslider flexslider fusion-flexslider-loading fusion-post-slideshow\" style=\"border-color:#ebeaea;\">\n\t\t<ul class=\"slides\">\n\t\t\t\n\t\t\t\t\t\t\t\t\t\t\t\t\t\t<li><div class=\"fusion-image-wrapper\" aria-haspopup=\"true\">\n\t\t\t\t<img loading=\"lazy\" decoding=\"async\" width=\"1200\" height=\"800\" src=\"https:\/\/www.bwpn.de\/pflegenetzwerk\/wp-content\/uploads\/2018\/09\/BWPN-Widerspruch-gegen-Pflegegrad.jpg\" class=\"attachment-full size-full wp-post-image\" alt=\"Widerspruch-gegen-Pflegegrad (BWPN)\" srcset=\"https:\/\/www.bwpn.de\/pflegenetzwerk\/wp-content\/uploads\/2018\/09\/BWPN-Widerspruch-gegen-Pflegegrad-200x133.jpg 200w, https:\/\/www.bwpn.de\/pflegenetzwerk\/wp-content\/uploads\/2018\/09\/BWPN-Widerspruch-gegen-Pflegegrad-400x267.jpg 400w, https:\/\/www.bwpn.de\/pflegenetzwerk\/wp-content\/uploads\/2018\/09\/BWPN-Widerspruch-gegen-Pflegegrad-600x400.jpg 600w, https:\/\/www.bwpn.de\/pflegenetzwerk\/wp-content\/uploads\/2018\/09\/BWPN-Widerspruch-gegen-Pflegegrad-800x533.jpg 800w, https:\/\/www.bwpn.de\/pflegenetzwerk\/wp-content\/uploads\/2018\/09\/BWPN-Widerspruch-gegen-Pflegegrad.jpg 1200w\" sizes=\"auto, (min-width: 2200px) 100vw, (min-width: 824px) 340px, (min-width: 732px) 510px, (min-width: 640px) 732px, \" title=\"\"><div class=\"fusion-rollover\">\n\t<div class=\"fusion-rollover-content\">\n\n\t\t\t\t\t\t\t\t\t\t\t\t\t\t<a class=\"fusion-rollover-link\" href=\"https:\/\/www.bwpn.de\/pflegenetzwerk\/pflegegrad-abgelehnt-muster-eines-erfolgreichen-widerspruchs\/\">Pflegegrad abgelehnt &ndash; Muster eines erfolgreichen Widerspruchs<\/a>\n\t\t\t\n\t\t\t\t\t\t\t\t\t\t\t\t\t\t\n\t\t\t\t\t\t\t\t\n\t\t\t\t\t\t\t\t\t\t\t\t\t<div class=\"fusion-rollover-sep\"><\/div>\n\t\t\t\t\n\t\t\t\t\t\t\t\t\t\t\t\t\t\t\t\t\t\t<a class=\"fusion-rollover-gallery\" href=\"https:\/\/www.bwpn.de\/pflegenetzwerk\/wp-content\/uploads\/2018\/09\/BWPN-Widerspruch-gegen-Pflegegrad.jpg\" data-options=\"\" data-id=\"3589\" data-rel=\"iLightbox[gallery]\" data-title=\"BWPN-Widerspruch-gegen-Pflegegrad\" data-caption=\"\">\n\t\t\t\t\t\tGallerie\t\t\t\t\t<\/a>\n\t\t\t\t\t\t\t\t\t\t\t\t\t\t\n\t\t\n\t\t\t\t\t\t\t\t\t\t\t\t<h4 class=\"fusion-rollover-title\">\n\t\t\t\t\t<a class=\"fusion-rollover-title-link\" href=\"https:\/\/www.bwpn.de\/pflegenetzwerk\/pflegegrad-abgelehnt-muster-eines-erfolgreichen-widerspruchs\/\">\n\t\t\t\t\t\tPflegegrad abgelehnt &ndash; Muster eines erfolgreichen Widerspruchs\t\t\t\t\t<\/a>\n\t\t\t\t<\/h4>\n\t\t\t\n\t\t\t\t\t\t\t\t\t\t<div class=\"fusion-rollover-categories\"><a href=\"https:\/\/www.bwpn.de\/pflegenetzwerk\/widerspruch\/widerspruch-pflegegrad\/\" rel=\"tag\">Widerspruch Pflegegrad<\/a>, <a href=\"https:\/\/www.bwpn.de\/pflegenetzwerk\/widerspruch\/pflegegrad\/\" rel=\"tag\">Pflegegrad<\/a><\/div>\t\t\t\t\t\n\t\t\n\t\t\t\t\t\t<a class=\"fusion-link-wrapper\" href=\"https:\/\/www.bwpn.de\/pflegenetzwerk\/pflegegrad-abgelehnt-muster-eines-erfolgreichen-widerspruchs\/\" aria-label=\"Pflegegrad abgelehnt &ndash; Muster eines erfolgreichen Widerspruchs\"><\/a>\n\t<\/div>\n<\/div>\n<\/div>\n<\/li>\n\t\t\t\n\t\t\t\n\t\t\t\t\t\t\t\t\t\t\t\t\t\t\t\t\t\t\t\t\t\t\t\t\t\t\t\t\t\t\t\t\t\t\t\t\t\t\t\t\t\t\t\t\t\t\t\t\t\t\t\t\t\t\t\t\t\t\t\t\t\t\t\t\t\t\t\t<\/ul>\n\t<\/div>\n\t<div class=\"fusion-post-content-wrapper\" style=\"padding:30px 25px 20px 25px;\"><div class=\"fusion-post-content post-content\"><h2 class=\"blog-shortcode-post-title entry-title\"><a href=\"https:\/\/www.bwpn.de\/pflegenetzwerk\/pflegegrad-abgelehnt-muster-eines-erfolgreichen-widerspruchs\/\">Pflegegrad abgelehnt &ndash; Muster eines erfolgreichen Widerspruchs<\/a><\/h2><div class=\"fusion-post-content-container\"><p> Pflegegrad abgelehnt - Muster eines erfolgreichen Widerspruchs (als Download) [...]<\/p><\/div><\/div><\/div><div class=\"fusion-clearfix\"><\/div><\/div>\n<\/article>\n<article id=\"blog-1-post-7353\" class=\"fusion-post-grid post-7353 post type-post status-publish format-standard has-post-thumbnail hentry category-widerspruch-pflegegrad tag-abgelehnt tag-pflegeantrag tag-pflegegrad tag-widerspruch\">\n<div class=\"fusion-post-wrapper\" style=\"background-color:rgba(255,255,255,0);border:1px solid #ebeaea;border-bottom-width:3px;\">\n\n\t\t\t<div class=\"fusion-flexslider flexslider fusion-flexslider-loading fusion-post-slideshow\" style=\"border-color:#ebeaea;\">\n\t\t<ul class=\"slides\">\n\t\t\t\n\t\t\t\t\t\t\t\t\t\t\t\t\t\t<li><div class=\"fusion-image-wrapper\" aria-haspopup=\"true\">\n\t\t\t\t<img loading=\"lazy\" decoding=\"async\" width=\"1200\" height=\"800\" src=\"https:\/\/www.bwpn.de\/pflegenetzwerk\/wp-content\/uploads\/2023\/05\/BWPN_Pflegegrad-abgelehnt-Widerspruch-einlegen.jpg\" class=\"attachment-full size-full wp-post-image\" alt=\"Pflegegrad abgelehnt: Widerspruch einlegen!\" srcset=\"https:\/\/www.bwpn.de\/pflegenetzwerk\/wp-content\/uploads\/2023\/05\/BWPN_Pflegegrad-abgelehnt-Widerspruch-einlegen-200x133.jpg 200w, https:\/\/www.bwpn.de\/pflegenetzwerk\/wp-content\/uploads\/2023\/05\/BWPN_Pflegegrad-abgelehnt-Widerspruch-einlegen-400x267.jpg 400w, https:\/\/www.bwpn.de\/pflegenetzwerk\/wp-content\/uploads\/2023\/05\/BWPN_Pflegegrad-abgelehnt-Widerspruch-einlegen-600x400.jpg 600w, https:\/\/www.bwpn.de\/pflegenetzwerk\/wp-content\/uploads\/2023\/05\/BWPN_Pflegegrad-abgelehnt-Widerspruch-einlegen-800x533.jpg 800w, https:\/\/www.bwpn.de\/pflegenetzwerk\/wp-content\/uploads\/2023\/05\/BWPN_Pflegegrad-abgelehnt-Widerspruch-einlegen.jpg 1200w\" sizes=\"auto, (min-width: 2200px) 100vw, (min-width: 824px) 340px, (min-width: 732px) 510px, (min-width: 640px) 732px, \" title=\"\"><div class=\"fusion-rollover\">\n\t<div class=\"fusion-rollover-content\">\n\n\t\t\t\t\t\t\t\t\t\t\t\t\t\t<a class=\"fusion-rollover-link\" href=\"https:\/\/www.bwpn.de\/pflegenetzwerk\/pflegegrad-abgelehnt-widerspruch-einlegen\/\">Pflegegrad abgelehnt: Widerspruch einlegen!<\/a>\n\t\t\t\n\t\t\t\t\t\t\t\t\t\t\t\t\t\t\n\t\t\t\t\t\t\t\t\n\t\t\t\t\t\t\t\t\t\t\t\t\t<div class=\"fusion-rollover-sep\"><\/div>\n\t\t\t\t\n\t\t\t\t\t\t\t\t\t\t\t\t\t\t\t\t\t\t<a class=\"fusion-rollover-gallery\" href=\"https:\/\/www.bwpn.de\/pflegenetzwerk\/wp-content\/uploads\/2023\/05\/BWPN_Pflegegrad-abgelehnt-Widerspruch-einlegen.jpg\" data-options=\"\" data-id=\"7353\" data-rel=\"iLightbox[gallery]\" data-title=\"BWPN_Pflegegrad-abgelehnt-Widerspruch-einlegen\" data-caption=\"(c) BWPN | Zinkevych - Getty\n(c) BWPN | shironosov - Getty\">\n\t\t\t\t\t\tGallerie\t\t\t\t\t<\/a>\n\t\t\t\t\t\t\t\t\t\t\t\t\t\t\n\t\t\n\t\t\t\t\t\t\t\t\t\t\t\t<h4 class=\"fusion-rollover-title\">\n\t\t\t\t\t<a class=\"fusion-rollover-title-link\" href=\"https:\/\/www.bwpn.de\/pflegenetzwerk\/pflegegrad-abgelehnt-widerspruch-einlegen\/\">\n\t\t\t\t\t\tPflegegrad abgelehnt: Widerspruch einlegen!\t\t\t\t\t<\/a>\n\t\t\t\t<\/h4>\n\t\t\t\n\t\t\t\t\t\t\t\t\t\t<div class=\"fusion-rollover-categories\"><a href=\"https:\/\/www.bwpn.de\/pflegenetzwerk\/widerspruch\/widerspruch-pflegegrad\/\" rel=\"tag\">Widerspruch Pflegegrad<\/a><\/div>\t\t\t\t\t\n\t\t\n\t\t\t\t\t\t<a class=\"fusion-link-wrapper\" href=\"https:\/\/www.bwpn.de\/pflegenetzwerk\/pflegegrad-abgelehnt-widerspruch-einlegen\/\" aria-label=\"Pflegegrad abgelehnt: Widerspruch einlegen!\"><\/a>\n\t<\/div>\n<\/div>\n<\/div>\n<\/li>\n\t\t\t\n\t\t\t\n\t\t\t\t\t\t\t\t\t\t\t\t\t\t\t\t\t\t\t\t\t\t\t\t\t\t\t\t\t\t\t\t\t\t\t\t\t\t\t\t\t\t\t\t\t\t\t\t\t\t\t\t\t\t\t\t\t\t\t\t\t\t\t\t\t\t\t\t<\/ul>\n\t<\/div>\n\t<div class=\"fusion-post-content-wrapper\" style=\"padding:30px 25px 20px 25px;\"><div class=\"fusion-post-content post-content\"><h2 class=\"blog-shortcode-post-title entry-title\"><a href=\"https:\/\/www.bwpn.de\/pflegenetzwerk\/pflegegrad-abgelehnt-widerspruch-einlegen\/\">Pflegegrad abgelehnt: Widerspruch einlegen!<\/a><\/h2><div class=\"fusion-post-content-container\"><p>  Inhaltsverzeichnis (&Uuml;berblick)  Entscheidung der Pflegekasse &uuml;ber den [...]<\/p><\/div><\/div><\/div><div class=\"fusion-clearfix\"><\/div><\/div>\n<\/article>\n<article id=\"blog-1-post-6689\" class=\"fusion-post-grid post-6689 post type-post status-publish format-standard has-post-thumbnail hentry category-glossar category-widerspruch-pflegegrad tag-abgelehnt tag-pflegegrad tag-widerspruch\">\n<div class=\"fusion-post-wrapper\" style=\"background-color:rgba(255,255,255,0);border:1px solid #ebeaea;border-bottom-width:3px;\">\n\n\t\t\t<div class=\"fusion-flexslider flexslider fusion-flexslider-loading fusion-post-slideshow\" style=\"border-color:#ebeaea;\">\n\t\t<ul class=\"slides\">\n\t\t\t\n\t\t\t\t\t\t\t\t\t\t\t\t\t\t<li><div class=\"fusion-image-wrapper\" aria-haspopup=\"true\">\n\t\t\t\t<img loading=\"lazy\" decoding=\"async\" width=\"1200\" height=\"800\" src=\"https:\/\/www.bwpn.de\/pflegenetzwerk\/wp-content\/uploads\/2022\/09\/BWPN-Beitrag-Ablehnung-der-Einstufung.jpg\" class=\"attachment-full size-full wp-post-image\" alt=\"Ablehnung der Pflegegrad-Einstufung\" srcset=\"https:\/\/www.bwpn.de\/pflegenetzwerk\/wp-content\/uploads\/2022\/09\/BWPN-Beitrag-Ablehnung-der-Einstufung-200x133.jpg 200w, https:\/\/www.bwpn.de\/pflegenetzwerk\/wp-content\/uploads\/2022\/09\/BWPN-Beitrag-Ablehnung-der-Einstufung-400x267.jpg 400w, https:\/\/www.bwpn.de\/pflegenetzwerk\/wp-content\/uploads\/2022\/09\/BWPN-Beitrag-Ablehnung-der-Einstufung-600x400.jpg 600w, https:\/\/www.bwpn.de\/pflegenetzwerk\/wp-content\/uploads\/2022\/09\/BWPN-Beitrag-Ablehnung-der-Einstufung-800x533.jpg 800w, https:\/\/www.bwpn.de\/pflegenetzwerk\/wp-content\/uploads\/2022\/09\/BWPN-Beitrag-Ablehnung-der-Einstufung.jpg 1200w\" sizes=\"auto, (min-width: 2200px) 100vw, (min-width: 824px) 340px, (min-width: 732px) 510px, (min-width: 640px) 732px, \" title=\"\"><div class=\"fusion-rollover\">\n\t<div class=\"fusion-rollover-content\">\n\n\t\t\t\t\t\t\t\t\t\t\t\t\t\t<a class=\"fusion-rollover-link\" href=\"https:\/\/www.bwpn.de\/pflegenetzwerk\/ablehnung-der-einstufung\/\">Ablehnung der Einstufung<\/a>\n\t\t\t\n\t\t\t\t\t\t\t\t\t\t\t\t\t\t\n\t\t\t\t\t\t\t\t\n\t\t\t\t\t\t\t\t\t\t\t\t\t<div class=\"fusion-rollover-sep\"><\/div>\n\t\t\t\t\n\t\t\t\t\t\t\t\t\t\t\t\t\t\t\t\t\t\t<a class=\"fusion-rollover-gallery\" href=\"https:\/\/www.bwpn.de\/pflegenetzwerk\/wp-content\/uploads\/2022\/09\/BWPN-Beitrag-Ablehnung-der-Einstufung.jpg\" data-options=\"\" data-id=\"6689\" data-rel=\"iLightbox[gallery]\" data-title=\"BWPN-Beitrag-Ablehnung-der-Einstufung\" data-caption=\"(C) BWPN | Manuel Faba Ortega - Getty Images\">\n\t\t\t\t\t\tGallerie\t\t\t\t\t<\/a>\n\t\t\t\t\t\t\t\t\t\t\t\t\t\t\n\t\t\n\t\t\t\t\t\t\t\t\t\t\t\t<h4 class=\"fusion-rollover-title\">\n\t\t\t\t\t<a class=\"fusion-rollover-title-link\" href=\"https:\/\/www.bwpn.de\/pflegenetzwerk\/ablehnung-der-einstufung\/\">\n\t\t\t\t\t\tAblehnung der Einstufung\t\t\t\t\t<\/a>\n\t\t\t\t<\/h4>\n\t\t\t\n\t\t\t\t\t\t\t\t\t\t<div class=\"fusion-rollover-categories\"><a href=\"https:\/\/www.bwpn.de\/pflegenetzwerk\/widerspruch\/glossar\/\" rel=\"tag\">Glossar<\/a>, <a href=\"https:\/\/www.bwpn.de\/pflegenetzwerk\/widerspruch\/widerspruch-pflegegrad\/\" rel=\"tag\">Widerspruch Pflegegrad<\/a><\/div>\t\t\t\t\t\n\t\t\n\t\t\t\t\t\t<a class=\"fusion-link-wrapper\" href=\"https:\/\/www.bwpn.de\/pflegenetzwerk\/ablehnung-der-einstufung\/\" aria-label=\"Ablehnung der Einstufung\"><\/a>\n\t<\/div>\n<\/div>\n<\/div>\n<\/li>\n\t\t\t\n\t\t\t\n\t\t\t\t\t\t\t\t\t\t\t\t\t\t\t\t\t\t\t\t\t\t\t\t\t\t\t\t\t\t\t\t\t\t\t\t\t\t\t\t\t\t\t\t\t\t\t\t\t\t\t\t\t\t\t\t\t\t\t\t\t\t\t\t\t\t\t\t<\/ul>\n\t<\/div>\n\t<div class=\"fusion-post-content-wrapper\" style=\"padding:30px 25px 20px 25px;\"><div class=\"fusion-post-content post-content\"><h2 class=\"blog-shortcode-post-title entry-title\"><a href=\"https:\/\/www.bwpn.de\/pflegenetzwerk\/ablehnung-der-einstufung\/\">Ablehnung der Einstufung<\/a><\/h2><div class=\"fusion-post-content-container\"><p> <a href=\"https:\/\/www.bwpn.de\/pflegenetzwerk\/glossar\/ablehnung-der-einstufung\/\" target=\"_self\" title=\"Die Begutachtung des Medizinischen Dienstes der Krankenkassen (MDK) hat ergeben,&hellip;\" class=\"encyclopedia\">Ablehnung der Einstufung<\/a>  Die Begutachtung des Medizinischen Dienstes [...]<\/p><\/div><\/div><\/div><div class=\"fusion-clearfix\"><\/div><\/div>\n<\/article>\n<article id=\"blog-1-post-3263\" class=\"fusion-post-grid post-3263 post type-post status-publish format-standard has-post-thumbnail hentry category-pflegeleistungen category-pflegegrad tag-autismus-spektrum-stoerung tag-kinder tag-pflegeantrag tag-pflegegrad\">\n<div class=\"fusion-post-wrapper\" style=\"background-color:rgba(255,255,255,0);border:1px solid #ebeaea;border-bottom-width:3px;\">\n\n\t\t\t<div class=\"fusion-flexslider flexslider fusion-flexslider-loading fusion-post-slideshow\" style=\"border-color:#ebeaea;\">\n\t\t<ul class=\"slides\">\n\t\t\t\n\t\t\t\t\t\t\t\t\t\t\t\t\t\t<li><div class=\"fusion-image-wrapper\" aria-haspopup=\"true\">\n\t\t\t\t<img loading=\"lazy\" decoding=\"async\" width=\"1200\" height=\"800\" src=\"https:\/\/www.bwpn.de\/pflegenetzwerk\/wp-content\/uploads\/2019\/02\/BWPN-Autismus-Spektrum-St%C3%B6rung.jpg\" class=\"attachment-full size-full wp-post-image\" alt=\"Kinder mit Autismus-Spektrum-St&ouml;rung\" srcset=\"https:\/\/www.bwpn.de\/pflegenetzwerk\/wp-content\/uploads\/2019\/02\/BWPN-Autismus-Spektrum-St&ouml;rung-200x133.jpg 200w, https:\/\/www.bwpn.de\/pflegenetzwerk\/wp-content\/uploads\/2019\/02\/BWPN-Autismus-Spektrum-St&ouml;rung-400x267.jpg 400w, https:\/\/www.bwpn.de\/pflegenetzwerk\/wp-content\/uploads\/2019\/02\/BWPN-Autismus-Spektrum-St&ouml;rung-600x400.jpg 600w, https:\/\/www.bwpn.de\/pflegenetzwerk\/wp-content\/uploads\/2019\/02\/BWPN-Autismus-Spektrum-St&ouml;rung-800x533.jpg 800w, https:\/\/www.bwpn.de\/pflegenetzwerk\/wp-content\/uploads\/2019\/02\/BWPN-Autismus-Spektrum-St&ouml;rung.jpg 1200w\" sizes=\"auto, (min-width: 2200px) 100vw, (min-width: 824px) 340px, (min-width: 732px) 510px, (min-width: 640px) 732px, \" title=\"\"><div class=\"fusion-rollover\">\n\t<div class=\"fusion-rollover-content\">\n\n\t\t\t\t\t\t\t\t\t\t\t\t\t\t<a class=\"fusion-rollover-link\" href=\"https:\/\/www.bwpn.de\/pflegenetzwerk\/pflegeantrag-bei-kindern-mit-einer-autismus-spektrum-stoerung\/\">Pflegeantrag bei Kindern mit einer Autismus-Spektrum-St&ouml;rung<\/a>\n\t\t\t\n\t\t\t\t\t\t\t\t\t\t\t\t\t\t\n\t\t\t\t\t\t\t\t\n\t\t\t\t\t\t\t\t\t\t\t\t\t<div class=\"fusion-rollover-sep\"><\/div>\n\t\t\t\t\n\t\t\t\t\t\t\t\t\t\t\t\t\t\t\t\t\t\t<a class=\"fusion-rollover-gallery\" href=\"https:\/\/www.bwpn.de\/pflegenetzwerk\/wp-content\/uploads\/2019\/02\/BWPN-Autismus-Spektrum-St%C3%B6rung.jpg\" data-options=\"\" data-id=\"3263\" data-rel=\"iLightbox[gallery]\" data-title=\"BWPN-Autismus-Spektrum-St&ouml;rung\" data-caption=\"(C) BWPN\">\n\t\t\t\t\t\tGallerie\t\t\t\t\t<\/a>\n\t\t\t\t\t\t\t\t\t\t\t\t\t\t\n\t\t\n\t\t\t\t\t\t\t\t\t\t\t\t<h4 class=\"fusion-rollover-title\">\n\t\t\t\t\t<a class=\"fusion-rollover-title-link\" href=\"https:\/\/www.bwpn.de\/pflegenetzwerk\/pflegeantrag-bei-kindern-mit-einer-autismus-spektrum-stoerung\/\">\n\t\t\t\t\t\tPflegeantrag bei Kindern mit einer Autismus-Spektrum-St&ouml;rung\t\t\t\t\t<\/a>\n\t\t\t\t<\/h4>\n\t\t\t\n\t\t\t\t\t\t\t\t\t\t<div class=\"fusion-rollover-categories\"><a href=\"https:\/\/www.bwpn.de\/pflegenetzwerk\/widerspruch\/pflegeleistungen\/\" rel=\"tag\">Pflegeleistungen<\/a>, <a href=\"https:\/\/www.bwpn.de\/pflegenetzwerk\/widerspruch\/pflegegrad\/\" rel=\"tag\">Pflegegrad<\/a><\/div>\t\t\t\t\t\n\t\t\n\t\t\t\t\t\t<a class=\"fusion-link-wrapper\" href=\"https:\/\/www.bwpn.de\/pflegenetzwerk\/pflegeantrag-bei-kindern-mit-einer-autismus-spektrum-stoerung\/\" aria-label=\"Pflegeantrag bei Kindern mit einer Autismus-Spektrum-St&ouml;rung\"><\/a>\n\t<\/div>\n<\/div>\n<\/div>\n<\/li>\n\t\t\t\n\t\t\t\n\t\t\t\t\t\t\t\t\t\t\t\t\t\t\t\t\t\t\t\t\t\t\t\t\t\t\t\t\t\t\t\t\t\t\t\t\t\t\t\t\t\t\t\t\t\t\t\t\t\t\t\t\t\t\t\t\t\t\t\t\t\t\t\t\t\t\t\t<\/ul>\n\t<\/div>\n\t<div class=\"fusion-post-content-wrapper\" style=\"padding:30px 25px 20px 25px;\"><div class=\"fusion-post-content post-content\"><h2 class=\"blog-shortcode-post-title entry-title\"><a href=\"https:\/\/www.bwpn.de\/pflegenetzwerk\/pflegeantrag-bei-kindern-mit-einer-autismus-spektrum-stoerung\/\">Pflegeantrag bei Kindern mit einer Autismus-Spektrum-St&ouml;rung<\/a><\/h2><div class=\"fusion-post-content-container\"><p> Was verstehen Fachleute unter einer <a href=\"https:\/\/www.bwpn.de\/pflegenetzwerk\/glossar\/autismus\/\" target=\"_self\" title=\"Autismus-Spektrum-St&ouml;rung Autismus-Spektrum-St&ouml;rungen sind tiefgreifende Entwicklungsst&ouml;rungen, die u. a. durch ein&hellip;\" class=\"encyclopedia\">Autismus<\/a>-Spektrum-St&ouml;rung? Autismus ist eine [...]<\/p><\/div><\/div><\/div><div class=\"fusion-clearfix\"><\/div><\/div>\n<\/article>\n<article id=\"blog-1-post-2087\" class=\"fusion-post-grid post-2087 post type-post status-publish format-standard has-post-thumbnail hentry category-pflegegrad tag-copd tag-pflegeantrag tag-pflegegrad\">\n<div class=\"fusion-post-wrapper\" style=\"background-color:rgba(255,255,255,0);border:1px solid #ebeaea;border-bottom-width:3px;\">\n\n\t\t\t<div class=\"fusion-flexslider flexslider fusion-flexslider-loading fusion-post-slideshow\" style=\"border-color:#ebeaea;\">\n\t\t<ul class=\"slides\">\n\t\t\t\n\t\t\t\t\t\t\t\t\t\t\t\t\t\t<li><div class=\"fusion-image-wrapper\" aria-haspopup=\"true\">\n\t\t\t\t<img loading=\"lazy\" decoding=\"async\" width=\"1200\" height=\"800\" src=\"https:\/\/www.bwpn.de\/pflegenetzwerk\/wp-content\/uploads\/2020\/04\/BWPN-Beitrag-Pflegeantrag-und-Pflegegrad-mit-COPD.jpg\" class=\"attachment-full size-full wp-post-image\" alt=\"Pflegeantrag und Pflegegrad mit COPD\" srcset=\"https:\/\/www.bwpn.de\/pflegenetzwerk\/wp-content\/uploads\/2020\/04\/BWPN-Beitrag-Pflegeantrag-und-Pflegegrad-mit-COPD-200x133.jpg 200w, https:\/\/www.bwpn.de\/pflegenetzwerk\/wp-content\/uploads\/2020\/04\/BWPN-Beitrag-Pflegeantrag-und-Pflegegrad-mit-COPD-400x267.jpg 400w, https:\/\/www.bwpn.de\/pflegenetzwerk\/wp-content\/uploads\/2020\/04\/BWPN-Beitrag-Pflegeantrag-und-Pflegegrad-mit-COPD-600x400.jpg 600w, https:\/\/www.bwpn.de\/pflegenetzwerk\/wp-content\/uploads\/2020\/04\/BWPN-Beitrag-Pflegeantrag-und-Pflegegrad-mit-COPD-800x533.jpg 800w, https:\/\/www.bwpn.de\/pflegenetzwerk\/wp-content\/uploads\/2020\/04\/BWPN-Beitrag-Pflegeantrag-und-Pflegegrad-mit-COPD.jpg 1200w\" sizes=\"auto, (min-width: 2200px) 100vw, (min-width: 824px) 340px, (min-width: 732px) 510px, (min-width: 640px) 732px, \" title=\"\"><div class=\"fusion-rollover\">\n\t<div class=\"fusion-rollover-content\">\n\n\t\t\t\t\t\t\t\t\t\t\t\t\t\t<a class=\"fusion-rollover-link\" href=\"https:\/\/www.bwpn.de\/pflegenetzwerk\/pflegeantrag-und-pflegegrad-mit-copd\/\">Pflegeantrag und Pflegegrad mit COPD<\/a>\n\t\t\t\n\t\t\t\t\t\t\t\t\t\t\t\t\t\t\n\t\t\t\t\t\t\t\t\n\t\t\t\t\t\t\t\t\t\t\t\t\t<div class=\"fusion-rollover-sep\"><\/div>\n\t\t\t\t\n\t\t\t\t\t\t\t\t\t\t\t\t\t\t\t\t\t\t<a class=\"fusion-rollover-gallery\" href=\"https:\/\/www.bwpn.de\/pflegenetzwerk\/wp-content\/uploads\/2020\/04\/BWPN-Beitrag-Pflegeantrag-und-Pflegegrad-mit-COPD.jpg\" data-options=\"\" data-id=\"2087\" data-rel=\"iLightbox[gallery]\" data-title=\"BWPN-Beitrag-Pflegeantrag-und-Pflegegrad-mit-COPD\" data-caption=\"(C) BWPN | Shidlovski - Getty Images\">\n\t\t\t\t\t\tGallerie\t\t\t\t\t<\/a>\n\t\t\t\t\t\t\t\t\t\t\t\t\t\t\n\t\t\n\t\t\t\t\t\t\t\t\t\t\t\t<h4 class=\"fusion-rollover-title\">\n\t\t\t\t\t<a class=\"fusion-rollover-title-link\" href=\"https:\/\/www.bwpn.de\/pflegenetzwerk\/pflegeantrag-und-pflegegrad-mit-copd\/\">\n\t\t\t\t\t\tPflegeantrag und Pflegegrad mit COPD\t\t\t\t\t<\/a>\n\t\t\t\t<\/h4>\n\t\t\t\n\t\t\t\t\t\t\t\t\t\t<div class=\"fusion-rollover-categories\"><a href=\"https:\/\/www.bwpn.de\/pflegenetzwerk\/widerspruch\/pflegegrad\/\" rel=\"tag\">Pflegegrad<\/a><\/div>\t\t\t\t\t\n\t\t\n\t\t\t\t\t\t<a class=\"fusion-link-wrapper\" href=\"https:\/\/www.bwpn.de\/pflegenetzwerk\/pflegeantrag-und-pflegegrad-mit-copd\/\" aria-label=\"Pflegeantrag und Pflegegrad mit COPD\"><\/a>\n\t<\/div>\n<\/div>\n<\/div>\n<\/li>\n\t\t\t\n\t\t\t\n\t\t\t\t\t\t\t\t\t\t\t\t\t\t\t\t\t\t\t\t\t\t\t\t\t\t\t\t\t\t\t\t\t\t\t\t\t\t\t\t\t\t\t\t\t\t\t\t\t\t\t\t\t\t\t\t\t\t\t\t\t\t\t\t\t\t\t\t<\/ul>\n\t<\/div>\n\t<div class=\"fusion-post-content-wrapper\" style=\"padding:30px 25px 20px 25px;\"><div class=\"fusion-post-content post-content\"><h2 class=\"blog-shortcode-post-title entry-title\"><a href=\"https:\/\/www.bwpn.de\/pflegenetzwerk\/pflegeantrag-und-pflegegrad-mit-copd\/\">Pflegeantrag und Pflegegrad mit COPD<\/a><\/h2><div class=\"fusion-post-content-container\"><p> <a href=\"https:\/\/www.bwpn.de\/pflegenetzwerk\/glossar\/pflegeantrag\/\" target=\"_self\" title=\"Bei einem Pflegeantrag handelt es sich, korrekt ausgedr&uuml;ckt, um einen&hellip;\" class=\"encyclopedia\">Pflegeantrag<\/a> und Pflegegrad mit <a href=\"https:\/\/www.bwpn.de\/pflegenetzwerk\/glossar\/copd\/\" target=\"_self\" title=\"Einleitung COPD Die einzelnen Buchstaben dieser schweren Diagnose COPD stammen&hellip;\" class=\"encyclopedia\">COPD<\/a> Die Notwendigkeit f&uuml;r einen [...]<\/p><\/div><\/div><\/div><div class=\"fusion-clearfix\"><\/div><\/div>\n<\/article>\n<div class=\"fusion-clearfix\"><\/div><\/div><div class=\"pagination clearfix\"><span class=\"current\">1<\/span><a href=\"https:\/\/www.bwpn.de\/pflegenetzwerk\/wp-json\/wp\/v2\/encyclopedia\/6364\/page\/2\/\" class=\"inactive\">2<\/a><a class=\"pagination-next\" rel=\"next\" href=\"https:\/\/www.bwpn.de\/pflegenetzwerk\/wp-json\/wp\/v2\/encyclopedia\/6364\/page\/2\/\"><span class=\"page-text\">Vor<\/span><span class=\"page-next\"><\/span><\/a><\/div><div class=\"fusion-clearfix\"><\/div><\/div>","protected":false},"excerpt":{"rendered":"<p>Pflegekr\u00e4fte sind inzwischen eine der wichtigsten St\u00fctze unserer alternden Gesellschaft geworden. Ohne Pflegekr\u00e4fte ist es nicht m\u00f6glich, die gro\u00dfe Anzahl pflegebed\u00fcrftiger Personen im h\u00e4uslichen Umfeld, aber auch in station\u00e4ren Einrichtungen, versorgen zu k\u00f6nnen. Anerkannten Studien zurfolge fehlten bereits Ende 2021 rund 35.000 Pflegekr\u00e4fte. Diese unglaubliche Zahl fehlender Pflegekr\u00e4fte soll sich bis zum Jahr 2030 auf  [&#8230;]<\/p>\n","protected":false},"author":2,"featured_media":0,"template":"","encyclopedia-category":[386,387],"encyclopedia-tag":[391,390,389,388],"faq_category":[79,379],"class_list":["post-6364","encyclopedia","type-encyclopedia","status-publish","hentry","encyclopedia-category-pflegenetzwerk","encyclopedia-category-stellengesuche","encyclopedia-tag-job","encyclopedia-tag-pflegekraefte","encyclopedia-tag-stellenangebote","encyclopedia-tag-stellengesuch","faq_category-glossar-lexikon","faq_category-partnerportal"],"_links":{"self":[{"href":"https:\/\/www.bwpn.de\/pflegenetzwerk\/wp-json\/wp\/v2\/encyclopedia\/6364","targetHints":{"allow":["GET"]}}],"collection":[{"href":"https:\/\/www.bwpn.de\/pflegenetzwerk\/wp-json\/wp\/v2\/encyclopedia"}],"about":[{"href":"https:\/\/www.bwpn.de\/pflegenetzwerk\/wp-json\/wp\/v2\/types\/encyclopedia"}],"author":[{"embeddable":true,"href":"https:\/\/www.bwpn.de\/pflegenetzwerk\/wp-json\/wp\/v2\/users\/2"}],"version-history":[{"count":1,"href":"https:\/\/www.bwpn.de\/pflegenetzwerk\/wp-json\/wp\/v2\/encyclopedia\/6364\/revisions"}],"predecessor-version":[{"id":6367,"href":"https:\/\/www.bwpn.de\/pflegenetzwerk\/wp-json\/wp\/v2\/encyclopedia\/6364\/revisions\/6367"}],"wp:attachment":[{"href":"https:\/\/www.bwpn.de\/pflegenetzwerk\/wp-json\/wp\/v2\/media?parent=6364"}],"wp:term":[{"taxonomy":"encyclopedia-category","embeddable":true,"href":"https:\/\/www.bwpn.de\/pflegenetzwerk\/wp-json\/wp\/v2\/encyclopedia-category?post=6364"},{"taxonomy":"encyclopedia-tag","embeddable":true,"href":"https:\/\/www.bwpn.de\/pflegenetzwerk\/wp-json\/wp\/v2\/encyclopedia-tag?post=6364"},{"taxonomy":"faq_category","embeddable":true,"href":"https:\/\/www.bwpn.de\/pflegenetzwerk\/wp-json\/wp\/v2\/faq_category?post=6364"}],"curies":[{"name":"wp","href":"https:\/\/api.w.org\/{rel}","templated":true}]}}