{"id":4054,"date":"2020-03-12T12:45:05","date_gmt":"2020-03-12T10:45:05","guid":{"rendered":"https:\/\/www.bwpn.de\/pflegenetzwerk\/?post_type=encyclopedia&#038;p=4054"},"modified":"2020-03-12T12:45:05","modified_gmt":"2020-03-12T10:45:05","slug":"angehoerigen-entlastungsgesetz","status":"publish","type":"encyclopedia","link":"https:\/\/www.bwpn.de\/pflegenetzwerk\/glossar\/angehoerigen-entlastungsgesetz\/","title":{"rendered":"Angeh\u00f6rigen-Entlastungsgesetz"},"content":{"rendered":"<p>Wie der Name es bereits ausdr&uuml;ckt, so soll das <a href=\"https:\/\/www.bwpn.de\/pflegenetzwerk\/glossar\/angehoerigen-entlastungsgesetz\/\" target=\"_self\" title=\"Wie der Name es bereits ausdr&uuml;ckt, so soll das Angeh&ouml;rigen-Entlastungsgesetz&hellip;\" class=\"encyclopedia\">Angeh&ouml;rigen-Entlastungsgesetz<\/a> die Angeh&ouml;rigen pflegebed&uuml;rftiger Personen davor sch&uuml;tzen, respektive diese entlasten, wenn es um die finanziellen Anspr&uuml;che Dritter geht. Korrekterweise soll es eigentlich alle unterhaltspflichtigen Angeh&ouml;rigen, meist Kinder und Eltern, von Leistungsbezieher nach dem <a href=\"https:\/\/www.gesetze-im-internet.de\/sgb_12\/\" target=\"_blank\" rel=\"noopener noreferrer\">SGB XII<\/a> entlasten.<\/p>\n<h3>Welche Personen werden durch das Angeh&ouml;rigen-Entlastungsgesetz entlastet?<\/h3>\n<p>Alle unterhaltpflichtigen Angeh&ouml;rigen (z. B. Kinder und Eltern) pflegebed&uuml;rftiger Personen, deren Jahresbruttoeinkommen 100.000 EUR nicht &uuml;bersteigt sind von der Unterhaltspflicht befreit! Diese Regelungen gilt je unterhaltspflichtiger Person.<\/p>\n<p>Kurz- und Gut: Sie m&uuml;ssen erst etwas zu den Kosten beif&uuml;gen, wenn Ihr Jahresbruttoeinkommen gr&ouml;&szlig;er als 100.000 EUR ist.<\/p>\n<h3>Ab wann gilt das Angeh&ouml;rigen-Entlastungsgesetz?<\/h3>\n<p>Mit Wirkung vom 01. Januar 2020<\/p>\n<h3>Kann ich r&uuml;ckwirkende Anspr&uuml;che geltend machen?<\/h3>\n<p>Das ist absolut ausgeschlossen! Alle Unterhaltsanspr&uuml;che vor dem 01. Januar 2019 bleiben, vorausgesetzt diese waren nach den alten Regelungen korrekt, wirksam. Eine R&uuml;ckforderung bereits geleisteter Unterhaltszahlungen vor dem 01. Januar 2019 ist ausgeschlossen!<\/p>\n<h3>Ein hoher Pflegegrad sichert maximale Leistungsanspr&uuml;che<\/h3>\n<p>Selbstverst&auml;ndlich ist auch seit 01. Januar 2020 nicht anders als vorher! Hohe Pflegeleistungen sichern die maximal beste Pflege f&uuml;r Ihre Angeh&ouml;rigen. Daran &auml;ndert auch das Angeh&ouml;rigen-Entlastungsgesetz absolut nichts. Deshalb sollten Sie sich nicht allzu vorschnell mit einem Gutachten des MDK, bzw. <a href=\"https:\/\/www.bwpn.de\/pflegenetzwerk\/glossar\/medicproof\/\" target=\"_self\" title=\"Medicproof - der medizinische Dienst der Privaten Als Tochterunternehmen des&hellip;\" class=\"encyclopedia\">MEDICPROOF<\/a> bei privat Versicherten, zufrieden geben und eine unabh&auml;ngige Bewertung beauftragen:<\/p>\n<div class=\"fusion-image-element fusion-image-align-center in-legacy-container\" style=\"text-align:center;--awb-caption-title-font-family:var(--h2_typography-font-family);--awb-caption-title-font-weight:var(--h2_typography-font-weight);--awb-caption-title-font-style:var(--h2_typography-font-style);--awb-caption-title-size:var(--h2_typography-font-size);--awb-caption-title-transform:var(--h2_typography-text-transform);--awb-caption-title-line-height:var(--h2_typography-line-height);--awb-caption-title-letter-spacing:var(--h2_typography-letter-spacing);\"><div class=\"imageframe-align-center\"><span class=\" fusion-imageframe imageframe-dropshadow imageframe-1 hover-type-none\" style=\"-webkit-box-shadow: 5px 5px 9px rgba(0,0,0,0.3);box-shadow: 5px 5px 9px rgba(0,0,0,0.3);\"><a class=\"fusion-no-lightbox\" href=\"https:\/\/www.bwpn.de\/pflegenetzwerk\/anfrage-widerspruch-pflegegrad\/\" target=\"_self\" aria-label=\"BWPN-Widerspruch-Banner\"><img loading=\"lazy\" decoding=\"async\" width=\"792\" height=\"264\" alt=\"Widerspruch Pflegegrad mit fachlicher Unterst&uuml;tzung\" src=\"https:\/\/www.bwpn.de\/pflegenetzwerk\/wp-content\/uploads\/2019\/09\/BWPN-Widerspruch-Banner.png\" class=\"img-responsive wp-image-3556\" srcset=\"https:\/\/www.bwpn.de\/pflegenetzwerk\/wp-content\/uploads\/2019\/09\/BWPN-Widerspruch-Banner-200x67.png 200w, https:\/\/www.bwpn.de\/pflegenetzwerk\/wp-content\/uploads\/2019\/09\/BWPN-Widerspruch-Banner-400x133.png 400w, https:\/\/www.bwpn.de\/pflegenetzwerk\/wp-content\/uploads\/2019\/09\/BWPN-Widerspruch-Banner-600x200.png 600w, https:\/\/www.bwpn.de\/pflegenetzwerk\/wp-content\/uploads\/2019\/09\/BWPN-Widerspruch-Banner.png 792w\" sizes=\"auto, (max-width: 800px) 100vw, 792px\" title=\"\"><\/a><\/span><\/div><\/div>\n<p>&nbsp;<\/p>\n<h3>Mehr von unseren Pflegeexperten<\/h3>\n<div class=\"fusion-blog-shortcode fusion-blog-shortcode-1 fusion-blog-archive fusion-blog-layout-grid-wrapper fusion-blog-pagination\" style=\"--grid_separator_color:#8bc34a;\"><style type=\"text\/css\">.fusion-blog-shortcode-1 .fusion-blog-layout-grid .fusion-post-grid{padding:20px;}.fusion-blog-shortcode-1 .fusion-posts-container{margin-left: -20px !important; margin-right:-20px !important;}<\/style><div class=\"fusion-posts-container fusion-posts-container-pagination fusion-no-meta-info fusion-blog-rollover fusion-blog-layout-grid fusion-blog-layout-grid-3 isotope fusion-blog-equal-heights\" data-pages=\"4\" data-grid-col-space=\"40\" style=\"margin: -20px -20px 0;min-height:500px;\"><article id=\"blog-1-post-4030\" class=\"fusion-post-grid post-4030 post type-post status-publish format-standard has-post-thumbnail hentry category-pflegeleistungen category-pflegegrad tag-pflegegeld tag-pflegegrad tag-pflegeleistungen tag-pflegestufe\">\n<div class=\"fusion-post-wrapper\" style=\"background-color:rgba(255,255,255,0);border:1px solid #ebeaea;border-bottom-width:3px;\">\n\n\t\t\t<div class=\"fusion-flexslider flexslider fusion-flexslider-loading fusion-post-slideshow\" style=\"border-color:#ebeaea;\">\n\t\t<ul class=\"slides\">\n\t\t\t\n\t\t\t\t\t\t\t\t\t\t\t\t\t\t<li><div class=\"fusion-image-wrapper\" aria-haspopup=\"true\">\n\t\t\t\t<img loading=\"lazy\" decoding=\"async\" width=\"1200\" height=\"800\" src=\"https:\/\/www.bwpn.de\/pflegenetzwerk\/wp-content\/uploads\/2020\/02\/BWPN-Beitrag-Pflegegrad-und-Pflegegeld.jpg\" class=\"attachment-full size-full wp-post-image\" alt=\"Pflegegrad und Pflegegeld (BWPN)\" srcset=\"https:\/\/www.bwpn.de\/pflegenetzwerk\/wp-content\/uploads\/2020\/02\/BWPN-Beitrag-Pflegegrad-und-Pflegegeld-200x133.jpg 200w, https:\/\/www.bwpn.de\/pflegenetzwerk\/wp-content\/uploads\/2020\/02\/BWPN-Beitrag-Pflegegrad-und-Pflegegeld-400x267.jpg 400w, https:\/\/www.bwpn.de\/pflegenetzwerk\/wp-content\/uploads\/2020\/02\/BWPN-Beitrag-Pflegegrad-und-Pflegegeld-600x400.jpg 600w, https:\/\/www.bwpn.de\/pflegenetzwerk\/wp-content\/uploads\/2020\/02\/BWPN-Beitrag-Pflegegrad-und-Pflegegeld-800x533.jpg 800w, https:\/\/www.bwpn.de\/pflegenetzwerk\/wp-content\/uploads\/2020\/02\/BWPN-Beitrag-Pflegegrad-und-Pflegegeld.jpg 1200w\" sizes=\"auto, (min-width: 2200px) 100vw, (min-width: 824px) 340px, (min-width: 732px) 510px, (min-width: 640px) 732px, \" title=\"\"><div class=\"fusion-rollover\">\n\t<div class=\"fusion-rollover-content\">\n\n\t\t\t\t\t\t\t\t\t\t\t\t\t\t<a class=\"fusion-rollover-link\" href=\"https:\/\/www.bwpn.de\/pflegenetzwerk\/pflegegrad-und-pflegegeld\/\">Pflegegrad und Pflegegeld<\/a>\n\t\t\t\n\t\t\t\t\t\t\t\t\t\t\t\t\t\t\n\t\t\t\t\t\t\t\t\n\t\t\t\t\t\t\t\t\t\t\t\t\t<div class=\"fusion-rollover-sep\"><\/div>\n\t\t\t\t\n\t\t\t\t\t\t\t\t\t\t\t\t\t\t\t\t\t\t<a class=\"fusion-rollover-gallery\" href=\"https:\/\/www.bwpn.de\/pflegenetzwerk\/wp-content\/uploads\/2020\/02\/BWPN-Beitrag-Pflegegrad-und-Pflegegeld.jpg\" data-options=\"\" data-id=\"4030\" data-rel=\"iLightbox[gallery]\" data-title=\"BWPN-Beitrag-Pflegegrad und Pflegegeld\" data-caption=\"\">\n\t\t\t\t\t\tGallerie\t\t\t\t\t<\/a>\n\t\t\t\t\t\t\t\t\t\t\t\t\t\t\n\t\t\n\t\t\t\t\t\t\t\t\t\t\t\t<h4 class=\"fusion-rollover-title\">\n\t\t\t\t\t<a class=\"fusion-rollover-title-link\" href=\"https:\/\/www.bwpn.de\/pflegenetzwerk\/pflegegrad-und-pflegegeld\/\">\n\t\t\t\t\t\tPflegegrad und Pflegegeld\t\t\t\t\t<\/a>\n\t\t\t\t<\/h4>\n\t\t\t\n\t\t\t\t\t\t\t\t\t\t<div class=\"fusion-rollover-categories\"><a href=\"https:\/\/www.bwpn.de\/pflegenetzwerk\/widerspruch\/pflegeleistungen\/\" rel=\"tag\">Pflegeleistungen<\/a>, <a href=\"https:\/\/www.bwpn.de\/pflegenetzwerk\/widerspruch\/pflegegrad\/\" rel=\"tag\">Pflegegrad<\/a><\/div>\t\t\t\t\t\n\t\t\n\t\t\t\t\t\t<a class=\"fusion-link-wrapper\" href=\"https:\/\/www.bwpn.de\/pflegenetzwerk\/pflegegrad-und-pflegegeld\/\" aria-label=\"Pflegegrad und Pflegegeld\"><\/a>\n\t<\/div>\n<\/div>\n<\/div>\n<\/li>\n\t\t\t\n\t\t\t\n\t\t\t\t\t\t\t\t\t\t\t\t\t\t\t\t\t\t\t\t\t\t\t\t\t\t\t\t\t\t\t\t\t\t\t\t\t\t\t\t\t\t\t\t\t\t\t\t\t\t\t\t\t\t\t\t\t\t\t\t\t\t\t\t\t\t\t\t<\/ul>\n\t<\/div>\n\t<div class=\"fusion-post-content-wrapper\" style=\"padding:30px 25px 20px 25px;\"><div class=\"fusion-post-content post-content\"><h2 class=\"blog-shortcode-post-title entry-title\"><a href=\"https:\/\/www.bwpn.de\/pflegenetzwerk\/pflegegrad-und-pflegegeld\/\">Pflegegrad und Pflegegeld<\/a><\/h2><div class=\"fusion-post-content-container\"><p> Einleitung  <a href=\"https:\/\/www.bwpn.de\/pflegenetzwerk\/glossar\/pflegebeduerftige\/\" target=\"_self\" title=\"Einleitung Pflegebed&uuml;rftige Pflegebed&uuml;rftige gibt es eigentlich gar nicht. Die korrekte&hellip;\" class=\"encyclopedia\">Pflegebed&uuml;rftige<\/a> ab Pflegegrad 2 haben Anspruch auf [...]<\/p><\/div><\/div><\/div><div class=\"fusion-clearfix\"><\/div><\/div>\n<\/article>\n<article id=\"blog-1-post-5353\" class=\"fusion-post-grid post-5353 post type-post status-publish format-standard has-post-thumbnail hentry category-widerspruch-pflegegrad tag-bescheid tag-gutachten tag-pflegeversicherung tag-widerspruch\">\n<div class=\"fusion-post-wrapper\" style=\"background-color:rgba(255,255,255,0);border:1px solid #ebeaea;border-bottom-width:3px;\">\n\n\t\t\t<div class=\"fusion-flexslider flexslider fusion-flexslider-loading fusion-post-slideshow\" style=\"border-color:#ebeaea;\">\n\t\t<ul class=\"slides\">\n\t\t\t\n\t\t\t\t\t\t\t\t\t\t\t\t\t\t<li><div class=\"fusion-image-wrapper\" aria-haspopup=\"true\">\n\t\t\t\t<img loading=\"lazy\" decoding=\"async\" width=\"1200\" height=\"800\" src=\"https:\/\/www.bwpn.de\/pflegenetzwerk\/wp-content\/uploads\/2021\/11\/BWPN-Beitrag-Widerspruch-nach-Bescheid-der-Pflegeversicherung.jpg\" class=\"attachment-full size-full wp-post-image\" alt=\"Widerspruch nach Bescheid der Pflegeversicherung\" srcset=\"https:\/\/www.bwpn.de\/pflegenetzwerk\/wp-content\/uploads\/2021\/11\/BWPN-Beitrag-Widerspruch-nach-Bescheid-der-Pflegeversicherung-200x133.jpg 200w, https:\/\/www.bwpn.de\/pflegenetzwerk\/wp-content\/uploads\/2021\/11\/BWPN-Beitrag-Widerspruch-nach-Bescheid-der-Pflegeversicherung-400x267.jpg 400w, https:\/\/www.bwpn.de\/pflegenetzwerk\/wp-content\/uploads\/2021\/11\/BWPN-Beitrag-Widerspruch-nach-Bescheid-der-Pflegeversicherung-600x400.jpg 600w, https:\/\/www.bwpn.de\/pflegenetzwerk\/wp-content\/uploads\/2021\/11\/BWPN-Beitrag-Widerspruch-nach-Bescheid-der-Pflegeversicherung-800x533.jpg 800w, https:\/\/www.bwpn.de\/pflegenetzwerk\/wp-content\/uploads\/2021\/11\/BWPN-Beitrag-Widerspruch-nach-Bescheid-der-Pflegeversicherung.jpg 1200w\" sizes=\"auto, (min-width: 2200px) 100vw, (min-width: 824px) 340px, (min-width: 732px) 510px, (min-width: 640px) 732px, \" title=\"\"><div class=\"fusion-rollover\">\n\t<div class=\"fusion-rollover-content\">\n\n\t\t\t\t\t\t\t\t\t\t\t\t\t\t<a class=\"fusion-rollover-link\" href=\"https:\/\/www.bwpn.de\/pflegenetzwerk\/widerspruch-nach-bescheid-der-pflegeversicherung\/\">Widerspruch nach Bescheid der Pflegeversicherung<\/a>\n\t\t\t\n\t\t\t\t\t\t\t\t\t\t\t\t\t\t\n\t\t\t\t\t\t\t\t\n\t\t\t\t\t\t\t\t\t\t\t\t\t<div class=\"fusion-rollover-sep\"><\/div>\n\t\t\t\t\n\t\t\t\t\t\t\t\t\t\t\t\t\t\t\t\t\t\t<a class=\"fusion-rollover-gallery\" href=\"https:\/\/www.bwpn.de\/pflegenetzwerk\/wp-content\/uploads\/2021\/11\/BWPN-Beitrag-Widerspruch-nach-Bescheid-der-Pflegeversicherung.jpg\" data-options=\"\" data-id=\"5353\" data-rel=\"iLightbox[gallery]\" data-title=\"BWPN-Beitrag-Widerspruch nach Bescheid der Pflegeversicherung\" data-caption=\"(C) BWPN | SHOTPRIME\">\n\t\t\t\t\t\tGallerie\t\t\t\t\t<\/a>\n\t\t\t\t\t\t\t\t\t\t\t\t\t\t\n\t\t\n\t\t\t\t\t\t\t\t\t\t\t\t<h4 class=\"fusion-rollover-title\">\n\t\t\t\t\t<a class=\"fusion-rollover-title-link\" href=\"https:\/\/www.bwpn.de\/pflegenetzwerk\/widerspruch-nach-bescheid-der-pflegeversicherung\/\">\n\t\t\t\t\t\tWiderspruch nach Bescheid der Pflegeversicherung\t\t\t\t\t<\/a>\n\t\t\t\t<\/h4>\n\t\t\t\n\t\t\t\t\t\t\t\t\t\t<div class=\"fusion-rollover-categories\"><a href=\"https:\/\/www.bwpn.de\/pflegenetzwerk\/widerspruch\/widerspruch-pflegegrad\/\" rel=\"tag\">Widerspruch Pflegegrad<\/a><\/div>\t\t\t\t\t\n\t\t\n\t\t\t\t\t\t<a class=\"fusion-link-wrapper\" href=\"https:\/\/www.bwpn.de\/pflegenetzwerk\/widerspruch-nach-bescheid-der-pflegeversicherung\/\" aria-label=\"Widerspruch nach Bescheid der Pflegeversicherung\"><\/a>\n\t<\/div>\n<\/div>\n<\/div>\n<\/li>\n\t\t\t\n\t\t\t\n\t\t\t\t\t\t\t\t\t\t\t\t\t\t\t\t\t\t\t\t\t\t\t\t\t\t\t\t\t\t\t\t\t\t\t\t\t\t\t\t\t\t\t\t\t\t\t\t\t\t\t\t\t\t\t\t\t\t\t\t\t\t\t\t\t\t\t\t<\/ul>\n\t<\/div>\n\t<div class=\"fusion-post-content-wrapper\" style=\"padding:30px 25px 20px 25px;\"><div class=\"fusion-post-content post-content\"><h2 class=\"blog-shortcode-post-title entry-title\"><a href=\"https:\/\/www.bwpn.de\/pflegenetzwerk\/widerspruch-nach-bescheid-der-pflegeversicherung\/\">Widerspruch nach Bescheid der Pflegeversicherung<\/a><\/h2><div class=\"fusion-post-content-container\"><p> Einleitung \"Widerspruch nach Bescheid der Pflegeversicherung\"  Nach der [...]<\/p><\/div><\/div><\/div><div class=\"fusion-clearfix\"><\/div><\/div>\n<\/article>\n<article id=\"blog-1-post-3263\" class=\"fusion-post-grid post-3263 post type-post status-publish format-standard has-post-thumbnail hentry category-pflegeleistungen category-pflegegrad tag-autismus-spektrum-stoerung tag-kinder tag-pflegeantrag tag-pflegegrad\">\n<div class=\"fusion-post-wrapper\" style=\"background-color:rgba(255,255,255,0);border:1px solid #ebeaea;border-bottom-width:3px;\">\n\n\t\t\t<div class=\"fusion-flexslider flexslider fusion-flexslider-loading fusion-post-slideshow\" style=\"border-color:#ebeaea;\">\n\t\t<ul class=\"slides\">\n\t\t\t\n\t\t\t\t\t\t\t\t\t\t\t\t\t\t<li><div class=\"fusion-image-wrapper\" aria-haspopup=\"true\">\n\t\t\t\t<img loading=\"lazy\" decoding=\"async\" width=\"1200\" height=\"800\" src=\"https:\/\/www.bwpn.de\/pflegenetzwerk\/wp-content\/uploads\/2019\/02\/BWPN-Autismus-Spektrum-St%C3%B6rung.jpg\" class=\"attachment-full size-full wp-post-image\" alt=\"Kinder mit Autismus-Spektrum-St&ouml;rung\" srcset=\"https:\/\/www.bwpn.de\/pflegenetzwerk\/wp-content\/uploads\/2019\/02\/BWPN-Autismus-Spektrum-St&ouml;rung-200x133.jpg 200w, https:\/\/www.bwpn.de\/pflegenetzwerk\/wp-content\/uploads\/2019\/02\/BWPN-Autismus-Spektrum-St&ouml;rung-400x267.jpg 400w, https:\/\/www.bwpn.de\/pflegenetzwerk\/wp-content\/uploads\/2019\/02\/BWPN-Autismus-Spektrum-St&ouml;rung-600x400.jpg 600w, https:\/\/www.bwpn.de\/pflegenetzwerk\/wp-content\/uploads\/2019\/02\/BWPN-Autismus-Spektrum-St&ouml;rung-800x533.jpg 800w, https:\/\/www.bwpn.de\/pflegenetzwerk\/wp-content\/uploads\/2019\/02\/BWPN-Autismus-Spektrum-St&ouml;rung.jpg 1200w\" sizes=\"auto, (min-width: 2200px) 100vw, (min-width: 824px) 340px, (min-width: 732px) 510px, (min-width: 640px) 732px, \" title=\"\"><div class=\"fusion-rollover\">\n\t<div class=\"fusion-rollover-content\">\n\n\t\t\t\t\t\t\t\t\t\t\t\t\t\t<a class=\"fusion-rollover-link\" href=\"https:\/\/www.bwpn.de\/pflegenetzwerk\/pflegeantrag-bei-kindern-mit-einer-autismus-spektrum-stoerung\/\">Pflegeantrag bei Kindern mit einer Autismus-Spektrum-St&ouml;rung<\/a>\n\t\t\t\n\t\t\t\t\t\t\t\t\t\t\t\t\t\t\n\t\t\t\t\t\t\t\t\n\t\t\t\t\t\t\t\t\t\t\t\t\t<div class=\"fusion-rollover-sep\"><\/div>\n\t\t\t\t\n\t\t\t\t\t\t\t\t\t\t\t\t\t\t\t\t\t\t<a class=\"fusion-rollover-gallery\" href=\"https:\/\/www.bwpn.de\/pflegenetzwerk\/wp-content\/uploads\/2019\/02\/BWPN-Autismus-Spektrum-St%C3%B6rung.jpg\" data-options=\"\" data-id=\"3263\" data-rel=\"iLightbox[gallery]\" data-title=\"BWPN-Autismus-Spektrum-St&ouml;rung\" data-caption=\"(C) BWPN\">\n\t\t\t\t\t\tGallerie\t\t\t\t\t<\/a>\n\t\t\t\t\t\t\t\t\t\t\t\t\t\t\n\t\t\n\t\t\t\t\t\t\t\t\t\t\t\t<h4 class=\"fusion-rollover-title\">\n\t\t\t\t\t<a class=\"fusion-rollover-title-link\" href=\"https:\/\/www.bwpn.de\/pflegenetzwerk\/pflegeantrag-bei-kindern-mit-einer-autismus-spektrum-stoerung\/\">\n\t\t\t\t\t\tPflegeantrag bei Kindern mit einer Autismus-Spektrum-St&ouml;rung\t\t\t\t\t<\/a>\n\t\t\t\t<\/h4>\n\t\t\t\n\t\t\t\t\t\t\t\t\t\t<div class=\"fusion-rollover-categories\"><a href=\"https:\/\/www.bwpn.de\/pflegenetzwerk\/widerspruch\/pflegeleistungen\/\" rel=\"tag\">Pflegeleistungen<\/a>, <a href=\"https:\/\/www.bwpn.de\/pflegenetzwerk\/widerspruch\/pflegegrad\/\" rel=\"tag\">Pflegegrad<\/a><\/div>\t\t\t\t\t\n\t\t\n\t\t\t\t\t\t<a class=\"fusion-link-wrapper\" href=\"https:\/\/www.bwpn.de\/pflegenetzwerk\/pflegeantrag-bei-kindern-mit-einer-autismus-spektrum-stoerung\/\" aria-label=\"Pflegeantrag bei Kindern mit einer Autismus-Spektrum-St&ouml;rung\"><\/a>\n\t<\/div>\n<\/div>\n<\/div>\n<\/li>\n\t\t\t\n\t\t\t\n\t\t\t\t\t\t\t\t\t\t\t\t\t\t\t\t\t\t\t\t\t\t\t\t\t\t\t\t\t\t\t\t\t\t\t\t\t\t\t\t\t\t\t\t\t\t\t\t\t\t\t\t\t\t\t\t\t\t\t\t\t\t\t\t\t\t\t\t<\/ul>\n\t<\/div>\n\t<div class=\"fusion-post-content-wrapper\" style=\"padding:30px 25px 20px 25px;\"><div class=\"fusion-post-content post-content\"><h2 class=\"blog-shortcode-post-title entry-title\"><a href=\"https:\/\/www.bwpn.de\/pflegenetzwerk\/pflegeantrag-bei-kindern-mit-einer-autismus-spektrum-stoerung\/\">Pflegeantrag bei Kindern mit einer Autismus-Spektrum-St&ouml;rung<\/a><\/h2><div class=\"fusion-post-content-container\"><p> Was verstehen Fachleute unter einer <a href=\"https:\/\/www.bwpn.de\/pflegenetzwerk\/glossar\/autismus\/\" target=\"_self\" title=\"Autismus-Spektrum-St&ouml;rung Autismus-Spektrum-St&ouml;rungen sind tiefgreifende Entwicklungsst&ouml;rungen, die u. a. durch ein&hellip;\" class=\"encyclopedia\">Autismus<\/a>-Spektrum-St&ouml;rung? Autismus ist eine [...]<\/p><\/div><\/div><\/div><div class=\"fusion-clearfix\"><\/div><\/div>\n<\/article>\n<article id=\"blog-1-post-5451\" class=\"fusion-post-grid post-5451 post type-post status-publish format-standard has-post-thumbnail hentry category-pflegegrad category-schlagzeilen-pflege tag-begutachtung tag-pflegegrad\">\n<div class=\"fusion-post-wrapper\" style=\"background-color:rgba(255,255,255,0);border:1px solid #ebeaea;border-bottom-width:3px;\">\n\n\t\t\t<div class=\"fusion-flexslider flexslider fusion-flexslider-loading fusion-post-slideshow\" style=\"border-color:#ebeaea;\">\n\t\t<ul class=\"slides\">\n\t\t\t\n\t\t\t\t\t\t\t\t\t\t\t\t\t\t<li><div class=\"fusion-image-wrapper\" aria-haspopup=\"true\">\n\t\t\t\t<img loading=\"lazy\" decoding=\"async\" width=\"1200\" height=\"800\" src=\"https:\/\/www.bwpn.de\/pflegenetzwerk\/wp-content\/uploads\/2021\/08\/Medizinischer-Dienst-MD_bwpn.de_.jpg\" class=\"attachment-full size-full wp-post-image\" alt=\"MDK - neuer Name - MD\" srcset=\"https:\/\/www.bwpn.de\/pflegenetzwerk\/wp-content\/uploads\/2021\/08\/Medizinischer-Dienst-MD_bwpn.de_-200x133.jpg 200w, https:\/\/www.bwpn.de\/pflegenetzwerk\/wp-content\/uploads\/2021\/08\/Medizinischer-Dienst-MD_bwpn.de_-400x267.jpg 400w, https:\/\/www.bwpn.de\/pflegenetzwerk\/wp-content\/uploads\/2021\/08\/Medizinischer-Dienst-MD_bwpn.de_-600x400.jpg 600w, https:\/\/www.bwpn.de\/pflegenetzwerk\/wp-content\/uploads\/2021\/08\/Medizinischer-Dienst-MD_bwpn.de_-800x533.jpg 800w, https:\/\/www.bwpn.de\/pflegenetzwerk\/wp-content\/uploads\/2021\/08\/Medizinischer-Dienst-MD_bwpn.de_.jpg 1200w\" sizes=\"auto, (min-width: 2200px) 100vw, (min-width: 824px) 340px, (min-width: 732px) 510px, (min-width: 640px) 732px, \" title=\"\"><div class=\"fusion-rollover\">\n\t<div class=\"fusion-rollover-content\">\n\n\t\t\t\t\t\t\t\t\t\t\t\t\t\t<a class=\"fusion-rollover-link\" href=\"https:\/\/www.bwpn.de\/pflegenetzwerk\/mdk-neuer-name-md\/\">MDK &ndash; neuer Name &ndash; MD<\/a>\n\t\t\t\n\t\t\t\t\t\t\t\t\t\t\t\t\t\t\n\t\t\t\t\t\t\t\t\n\t\t\t\t\t\t\t\t\t\t\t\t\t<div class=\"fusion-rollover-sep\"><\/div>\n\t\t\t\t\n\t\t\t\t\t\t\t\t\t\t\t\t\t\t\t\t\t\t<a class=\"fusion-rollover-gallery\" href=\"https:\/\/www.bwpn.de\/pflegenetzwerk\/wp-content\/uploads\/2021\/08\/Medizinischer-Dienst-MD_bwpn.de_.jpg\" data-options=\"\" data-id=\"5451\" data-rel=\"iLightbox[gallery]\" data-title=\"MDK - neuer Name - MD\" data-caption=\"(C) BWPN | kanchanachitkhamma\">\n\t\t\t\t\t\tGallerie\t\t\t\t\t<\/a>\n\t\t\t\t\t\t\t\t\t\t\t\t\t\t\n\t\t\n\t\t\t\t\t\t\t\t\t\t\t\t<h4 class=\"fusion-rollover-title\">\n\t\t\t\t\t<a class=\"fusion-rollover-title-link\" href=\"https:\/\/www.bwpn.de\/pflegenetzwerk\/mdk-neuer-name-md\/\">\n\t\t\t\t\t\tMDK &ndash; neuer Name &ndash; MD\t\t\t\t\t<\/a>\n\t\t\t\t<\/h4>\n\t\t\t\n\t\t\t\t\t\t\t\t\t\t<div class=\"fusion-rollover-categories\"><a href=\"https:\/\/www.bwpn.de\/pflegenetzwerk\/widerspruch\/pflegegrad\/\" rel=\"tag\">Pflegegrad<\/a>, <a href=\"https:\/\/www.bwpn.de\/pflegenetzwerk\/widerspruch\/schlagzeilen-pflege\/\" rel=\"tag\">Schlagzeilen<\/a><\/div>\t\t\t\t\t\n\t\t\n\t\t\t\t\t\t<a class=\"fusion-link-wrapper\" href=\"https:\/\/www.bwpn.de\/pflegenetzwerk\/mdk-neuer-name-md\/\" aria-label=\"MDK &ndash; neuer Name &ndash; MD\"><\/a>\n\t<\/div>\n<\/div>\n<\/div>\n<\/li>\n\t\t\t\n\t\t\t\n\t\t\t\t\t\t\t\t\t\t\t\t\t\t\t\t\t\t\t\t\t\t\t\t\t\t\t\t\t\t\t\t\t\t\t\t\t\t\t\t\t\t\t\t\t\t\t\t\t\t\t\t\t\t\t\t\t\t\t\t\t\t\t\t\t\t\t\t<\/ul>\n\t<\/div>\n\t<div class=\"fusion-post-content-wrapper\" style=\"padding:30px 25px 20px 25px;\"><div class=\"fusion-post-content post-content\"><h2 class=\"blog-shortcode-post-title entry-title\"><a href=\"https:\/\/www.bwpn.de\/pflegenetzwerk\/mdk-neuer-name-md\/\">MDK &ndash; neuer Name &ndash; MD<\/a><\/h2><div class=\"fusion-post-content-container\"><p> <a href=\"https:\/\/www.bwpn.de\/pflegenetzwerk\/glossar\/medizinischer-dienst-der-krankenversicherung-mdk\/\" target=\"_self\" title=\"Warum hei&szlig;t es hier noch MDK und nicht MD? Inzwischen&hellip;\" class=\"encyclopedia\">Medizinischer Dienst der Krankenversicherung (MDK)<\/a> hei&szlig;t jetzt Medizinischer Dienst [...]<\/p><\/div><\/div><\/div><div class=\"fusion-clearfix\"><\/div><\/div>\n<\/article>\n<article id=\"blog-1-post-3589\" class=\"fusion-post-grid post-3589 post type-post status-publish format-standard has-post-thumbnail hentry category-widerspruch-pflegegrad category-pflegegrad tag-pflegeantrag tag-pflegegrad tag-widerspruch\">\n<div class=\"fusion-post-wrapper\" style=\"background-color:rgba(255,255,255,0);border:1px solid #ebeaea;border-bottom-width:3px;\">\n\n\t\t\t<div class=\"fusion-flexslider flexslider fusion-flexslider-loading fusion-post-slideshow\" style=\"border-color:#ebeaea;\">\n\t\t<ul class=\"slides\">\n\t\t\t\n\t\t\t\t\t\t\t\t\t\t\t\t\t\t<li><div class=\"fusion-image-wrapper\" aria-haspopup=\"true\">\n\t\t\t\t<img loading=\"lazy\" decoding=\"async\" width=\"1200\" height=\"800\" src=\"https:\/\/www.bwpn.de\/pflegenetzwerk\/wp-content\/uploads\/2018\/09\/BWPN-Widerspruch-gegen-Pflegegrad.jpg\" class=\"attachment-full size-full wp-post-image\" alt=\"Widerspruch-gegen-Pflegegrad (BWPN)\" srcset=\"https:\/\/www.bwpn.de\/pflegenetzwerk\/wp-content\/uploads\/2018\/09\/BWPN-Widerspruch-gegen-Pflegegrad-200x133.jpg 200w, https:\/\/www.bwpn.de\/pflegenetzwerk\/wp-content\/uploads\/2018\/09\/BWPN-Widerspruch-gegen-Pflegegrad-400x267.jpg 400w, https:\/\/www.bwpn.de\/pflegenetzwerk\/wp-content\/uploads\/2018\/09\/BWPN-Widerspruch-gegen-Pflegegrad-600x400.jpg 600w, https:\/\/www.bwpn.de\/pflegenetzwerk\/wp-content\/uploads\/2018\/09\/BWPN-Widerspruch-gegen-Pflegegrad-800x533.jpg 800w, https:\/\/www.bwpn.de\/pflegenetzwerk\/wp-content\/uploads\/2018\/09\/BWPN-Widerspruch-gegen-Pflegegrad.jpg 1200w\" sizes=\"auto, (min-width: 2200px) 100vw, (min-width: 824px) 340px, (min-width: 732px) 510px, (min-width: 640px) 732px, \" title=\"\"><div class=\"fusion-rollover\">\n\t<div class=\"fusion-rollover-content\">\n\n\t\t\t\t\t\t\t\t\t\t\t\t\t\t<a class=\"fusion-rollover-link\" href=\"https:\/\/www.bwpn.de\/pflegenetzwerk\/pflegegrad-abgelehnt-muster-eines-erfolgreichen-widerspruchs\/\">Pflegegrad abgelehnt &ndash; Muster eines erfolgreichen Widerspruchs<\/a>\n\t\t\t\n\t\t\t\t\t\t\t\t\t\t\t\t\t\t\n\t\t\t\t\t\t\t\t\n\t\t\t\t\t\t\t\t\t\t\t\t\t<div class=\"fusion-rollover-sep\"><\/div>\n\t\t\t\t\n\t\t\t\t\t\t\t\t\t\t\t\t\t\t\t\t\t\t<a class=\"fusion-rollover-gallery\" href=\"https:\/\/www.bwpn.de\/pflegenetzwerk\/wp-content\/uploads\/2018\/09\/BWPN-Widerspruch-gegen-Pflegegrad.jpg\" data-options=\"\" data-id=\"3589\" data-rel=\"iLightbox[gallery]\" data-title=\"BWPN-Widerspruch-gegen-Pflegegrad\" data-caption=\"\">\n\t\t\t\t\t\tGallerie\t\t\t\t\t<\/a>\n\t\t\t\t\t\t\t\t\t\t\t\t\t\t\n\t\t\n\t\t\t\t\t\t\t\t\t\t\t\t<h4 class=\"fusion-rollover-title\">\n\t\t\t\t\t<a class=\"fusion-rollover-title-link\" href=\"https:\/\/www.bwpn.de\/pflegenetzwerk\/pflegegrad-abgelehnt-muster-eines-erfolgreichen-widerspruchs\/\">\n\t\t\t\t\t\tPflegegrad abgelehnt &ndash; Muster eines erfolgreichen Widerspruchs\t\t\t\t\t<\/a>\n\t\t\t\t<\/h4>\n\t\t\t\n\t\t\t\t\t\t\t\t\t\t<div class=\"fusion-rollover-categories\"><a href=\"https:\/\/www.bwpn.de\/pflegenetzwerk\/widerspruch\/widerspruch-pflegegrad\/\" rel=\"tag\">Widerspruch Pflegegrad<\/a>, <a href=\"https:\/\/www.bwpn.de\/pflegenetzwerk\/widerspruch\/pflegegrad\/\" rel=\"tag\">Pflegegrad<\/a><\/div>\t\t\t\t\t\n\t\t\n\t\t\t\t\t\t<a class=\"fusion-link-wrapper\" href=\"https:\/\/www.bwpn.de\/pflegenetzwerk\/pflegegrad-abgelehnt-muster-eines-erfolgreichen-widerspruchs\/\" aria-label=\"Pflegegrad abgelehnt &ndash; Muster eines erfolgreichen Widerspruchs\"><\/a>\n\t<\/div>\n<\/div>\n<\/div>\n<\/li>\n\t\t\t\n\t\t\t\n\t\t\t\t\t\t\t\t\t\t\t\t\t\t\t\t\t\t\t\t\t\t\t\t\t\t\t\t\t\t\t\t\t\t\t\t\t\t\t\t\t\t\t\t\t\t\t\t\t\t\t\t\t\t\t\t\t\t\t\t\t\t\t\t\t\t\t\t<\/ul>\n\t<\/div>\n\t<div class=\"fusion-post-content-wrapper\" style=\"padding:30px 25px 20px 25px;\"><div class=\"fusion-post-content post-content\"><h2 class=\"blog-shortcode-post-title entry-title\"><a href=\"https:\/\/www.bwpn.de\/pflegenetzwerk\/pflegegrad-abgelehnt-muster-eines-erfolgreichen-widerspruchs\/\">Pflegegrad abgelehnt &ndash; Muster eines erfolgreichen Widerspruchs<\/a><\/h2><div class=\"fusion-post-content-container\"><p> <a href=\"https:\/\/www.bwpn.de\/pflegenetzwerk\/glossar\/pflegegrad-abgelehnt\/\" target=\"_self\" title=\"Pflegegrad abgelehnt - Was ist passiert? Wurde Ihr Pflegegrad abgelehnt,&hellip;\" class=\"encyclopedia\">Pflegegrad abgelehnt<\/a> - Muster eines erfolgreichen Widerspruchs (als Download) [...]<\/p><\/div><\/div><\/div><div class=\"fusion-clearfix\"><\/div><\/div>\n<\/article>\n<article id=\"blog-1-post-7353\" class=\"fusion-post-grid post-7353 post type-post status-publish format-standard has-post-thumbnail hentry category-widerspruch-pflegegrad tag-abgelehnt tag-pflegeantrag tag-pflegegrad tag-widerspruch\">\n<div class=\"fusion-post-wrapper\" style=\"background-color:rgba(255,255,255,0);border:1px solid #ebeaea;border-bottom-width:3px;\">\n\n\t\t\t<div class=\"fusion-flexslider flexslider fusion-flexslider-loading fusion-post-slideshow\" style=\"border-color:#ebeaea;\">\n\t\t<ul class=\"slides\">\n\t\t\t\n\t\t\t\t\t\t\t\t\t\t\t\t\t\t<li><div class=\"fusion-image-wrapper\" aria-haspopup=\"true\">\n\t\t\t\t<img loading=\"lazy\" decoding=\"async\" width=\"1200\" height=\"800\" src=\"https:\/\/www.bwpn.de\/pflegenetzwerk\/wp-content\/uploads\/2023\/05\/BWPN_Pflegegrad-abgelehnt-Widerspruch-einlegen.jpg\" class=\"attachment-full size-full wp-post-image\" alt=\"Pflegegrad abgelehnt: Widerspruch einlegen!\" srcset=\"https:\/\/www.bwpn.de\/pflegenetzwerk\/wp-content\/uploads\/2023\/05\/BWPN_Pflegegrad-abgelehnt-Widerspruch-einlegen-200x133.jpg 200w, https:\/\/www.bwpn.de\/pflegenetzwerk\/wp-content\/uploads\/2023\/05\/BWPN_Pflegegrad-abgelehnt-Widerspruch-einlegen-400x267.jpg 400w, https:\/\/www.bwpn.de\/pflegenetzwerk\/wp-content\/uploads\/2023\/05\/BWPN_Pflegegrad-abgelehnt-Widerspruch-einlegen-600x400.jpg 600w, https:\/\/www.bwpn.de\/pflegenetzwerk\/wp-content\/uploads\/2023\/05\/BWPN_Pflegegrad-abgelehnt-Widerspruch-einlegen-800x533.jpg 800w, https:\/\/www.bwpn.de\/pflegenetzwerk\/wp-content\/uploads\/2023\/05\/BWPN_Pflegegrad-abgelehnt-Widerspruch-einlegen.jpg 1200w\" sizes=\"auto, (min-width: 2200px) 100vw, (min-width: 824px) 340px, (min-width: 732px) 510px, (min-width: 640px) 732px, \" title=\"\"><div class=\"fusion-rollover\">\n\t<div class=\"fusion-rollover-content\">\n\n\t\t\t\t\t\t\t\t\t\t\t\t\t\t<a class=\"fusion-rollover-link\" href=\"https:\/\/www.bwpn.de\/pflegenetzwerk\/pflegegrad-abgelehnt-widerspruch-einlegen\/\">Pflegegrad abgelehnt: Widerspruch einlegen!<\/a>\n\t\t\t\n\t\t\t\t\t\t\t\t\t\t\t\t\t\t\n\t\t\t\t\t\t\t\t\n\t\t\t\t\t\t\t\t\t\t\t\t\t<div class=\"fusion-rollover-sep\"><\/div>\n\t\t\t\t\n\t\t\t\t\t\t\t\t\t\t\t\t\t\t\t\t\t\t<a class=\"fusion-rollover-gallery\" href=\"https:\/\/www.bwpn.de\/pflegenetzwerk\/wp-content\/uploads\/2023\/05\/BWPN_Pflegegrad-abgelehnt-Widerspruch-einlegen.jpg\" data-options=\"\" data-id=\"7353\" data-rel=\"iLightbox[gallery]\" data-title=\"BWPN_Pflegegrad-abgelehnt-Widerspruch-einlegen\" data-caption=\"(c) BWPN | Zinkevych - Getty\n(c) BWPN | shironosov - Getty\">\n\t\t\t\t\t\tGallerie\t\t\t\t\t<\/a>\n\t\t\t\t\t\t\t\t\t\t\t\t\t\t\n\t\t\n\t\t\t\t\t\t\t\t\t\t\t\t<h4 class=\"fusion-rollover-title\">\n\t\t\t\t\t<a class=\"fusion-rollover-title-link\" href=\"https:\/\/www.bwpn.de\/pflegenetzwerk\/pflegegrad-abgelehnt-widerspruch-einlegen\/\">\n\t\t\t\t\t\tPflegegrad abgelehnt: Widerspruch einlegen!\t\t\t\t\t<\/a>\n\t\t\t\t<\/h4>\n\t\t\t\n\t\t\t\t\t\t\t\t\t\t<div class=\"fusion-rollover-categories\"><a href=\"https:\/\/www.bwpn.de\/pflegenetzwerk\/widerspruch\/widerspruch-pflegegrad\/\" rel=\"tag\">Widerspruch Pflegegrad<\/a><\/div>\t\t\t\t\t\n\t\t\n\t\t\t\t\t\t<a class=\"fusion-link-wrapper\" href=\"https:\/\/www.bwpn.de\/pflegenetzwerk\/pflegegrad-abgelehnt-widerspruch-einlegen\/\" aria-label=\"Pflegegrad abgelehnt: Widerspruch einlegen!\"><\/a>\n\t<\/div>\n<\/div>\n<\/div>\n<\/li>\n\t\t\t\n\t\t\t\n\t\t\t\t\t\t\t\t\t\t\t\t\t\t\t\t\t\t\t\t\t\t\t\t\t\t\t\t\t\t\t\t\t\t\t\t\t\t\t\t\t\t\t\t\t\t\t\t\t\t\t\t\t\t\t\t\t\t\t\t\t\t\t\t\t\t\t\t<\/ul>\n\t<\/div>\n\t<div class=\"fusion-post-content-wrapper\" style=\"padding:30px 25px 20px 25px;\"><div class=\"fusion-post-content post-content\"><h2 class=\"blog-shortcode-post-title entry-title\"><a href=\"https:\/\/www.bwpn.de\/pflegenetzwerk\/pflegegrad-abgelehnt-widerspruch-einlegen\/\">Pflegegrad abgelehnt: Widerspruch einlegen!<\/a><\/h2><div class=\"fusion-post-content-container\"><p>  Inhaltsverzeichnis (&Uuml;berblick)  Entscheidung der Pflegekasse &uuml;ber den [...]<\/p><\/div><\/div><\/div><div class=\"fusion-clearfix\"><\/div><\/div>\n<\/article>\n<div class=\"fusion-clearfix\"><\/div><\/div><div class=\"pagination clearfix\"><span class=\"current\">1<\/span><a href=\"https:\/\/www.bwpn.de\/pflegenetzwerk\/wp-json\/wp\/v2\/encyclopedia\/4054\/page\/2\/\" class=\"inactive\">2<\/a><a class=\"pagination-next\" rel=\"next\" href=\"https:\/\/www.bwpn.de\/pflegenetzwerk\/wp-json\/wp\/v2\/encyclopedia\/4054\/page\/2\/\"><span class=\"page-text\">Vor<\/span><span class=\"page-next\"><\/span><\/a><\/div><div class=\"fusion-clearfix\"><\/div><\/div>\n","protected":false},"excerpt":{"rendered":"<p>Wie der Name es bereits ausdr\u00fcckt, so soll das Angeh\u00f6rigen-Entlastungsgesetz die Angeh\u00f6rigen pflegebed\u00fcrftiger Personen davor sch\u00fctzen, respektive diese entlasten, wenn es um die finanziellen Anspr\u00fcche Dritter geht. Korrekterweise soll es eigentlich alle unterhaltspflichtigen Angeh\u00f6rigen, meist Kinder und Eltern, von Leistungsbezieher nach dem SGB XII entlasten. Welche Personen werden durch das Angeh\u00f6rigen-Entlastungsgesetz entlastet? Alle unterhaltpflichtigen Angeh\u00f6rigen  [&#8230;]<\/p>\n","protected":false},"author":2,"featured_media":0,"template":"","encyclopedia-category":[],"encyclopedia-tag":[224,336],"faq_category":[],"class_list":["post-4054","encyclopedia","type-encyclopedia","status-publish","hentry","encyclopedia-tag-informationen","encyclopedia-tag-pflegende-angehoerige"],"_links":{"self":[{"href":"https:\/\/www.bwpn.de\/pflegenetzwerk\/wp-json\/wp\/v2\/encyclopedia\/4054","targetHints":{"allow":["GET"]}}],"collection":[{"href":"https:\/\/www.bwpn.de\/pflegenetzwerk\/wp-json\/wp\/v2\/encyclopedia"}],"about":[{"href":"https:\/\/www.bwpn.de\/pflegenetzwerk\/wp-json\/wp\/v2\/types\/encyclopedia"}],"author":[{"embeddable":true,"href":"https:\/\/www.bwpn.de\/pflegenetzwerk\/wp-json\/wp\/v2\/users\/2"}],"version-history":[{"count":2,"href":"https:\/\/www.bwpn.de\/pflegenetzwerk\/wp-json\/wp\/v2\/encyclopedia\/4054\/revisions"}],"predecessor-version":[{"id":4056,"href":"https:\/\/www.bwpn.de\/pflegenetzwerk\/wp-json\/wp\/v2\/encyclopedia\/4054\/revisions\/4056"}],"wp:attachment":[{"href":"https:\/\/www.bwpn.de\/pflegenetzwerk\/wp-json\/wp\/v2\/media?parent=4054"}],"wp:term":[{"taxonomy":"encyclopedia-category","embeddable":true,"href":"https:\/\/www.bwpn.de\/pflegenetzwerk\/wp-json\/wp\/v2\/encyclopedia-category?post=4054"},{"taxonomy":"encyclopedia-tag","embeddable":true,"href":"https:\/\/www.bwpn.de\/pflegenetzwerk\/wp-json\/wp\/v2\/encyclopedia-tag?post=4054"},{"taxonomy":"faq_category","embeddable":true,"href":"https:\/\/www.bwpn.de\/pflegenetzwerk\/wp-json\/wp\/v2\/faq_category?post=4054"}],"curies":[{"name":"wp","href":"https:\/\/api.w.org\/{rel}","templated":true}]}}