{"id":3665,"date":"2019-09-30T11:40:03","date_gmt":"2019-09-30T09:40:03","guid":{"rendered":"https:\/\/www.bwpn.de\/pflegenetzwerk\/?post_type=encyclopedia&#038;p=3665"},"modified":"2023-04-14T10:36:26","modified_gmt":"2023-04-14T08:36:26","slug":"medizinischer-dienst-der-krankenversicherung-mdk","status":"publish","type":"encyclopedia","link":"https:\/\/www.bwpn.de\/pflegenetzwerk\/glossar\/medizinischer-dienst-der-krankenversicherung-mdk\/","title":{"rendered":"Medizinischer Dienst der Krankenversicherung (MDK)"},"content":{"rendered":"\n<div style=\"height:50px\" aria-hidden=\"true\" class=\"wp-block-spacer\"><\/div>\n\n\n\n<h1 class=\"wp-block-heading\">Warum hei&szlig;t es hier noch MDK und nicht MD?<\/h1>\n\n\n\n<p class=\"has-text-align-left\" style=\"font-size:22px\">Inzwischen sind viele Jahre vergangen, seit 2017 die Pflegestufen durch <a href=\"https:\/\/www.bwpn.de\/pflegenetzwerk\/glossar\/pflegegrade\/\" target=\"_self\" title=\"Mit Einf&uuml;hrung der Pflegeversicherung in Deutschland im Jahr 1995 gab&hellip;\" class=\"encyclopedia\">Pflegegrade<\/a> abgel&ouml;st wurden. Dennoch erreichen uns auch heute noch Monat f&uuml;r Monat mehrere tausend Anfragen, in denen die Rede von Pflegestufen ist. Wir k&ouml;nnen das auch sehr verstehen, weil sich der Begriff &ldquo;Pflegestufe&rdquo; in den K&ouml;pfen der Menschen fest verankert hat.<br><br>Mit der Abk&uuml;rzung MDK verh&auml;lt es sich &auml;hnlich! Kaum eine Privatperson sucht bei uns nach der Abk&uuml;rzung MD. Einmal davon abgesehen, dass es auch keine Rolle spielt wie oft der Gutachterdienst der Krankenversicherung zuk&uuml;nftig umbenannt wird: <\/p>\n\n\n\n<p class=\"has-text-align-center\" style=\"font-size:22px\"><strong>Er wird dadurch definitiv nicht unabh&auml;ngiger!<\/strong><\/p>\n\n\n\n<div style=\"height:50px\" aria-hidden=\"true\" class=\"wp-block-spacer\"><\/div>\n\n\n\n<h1 class=\"wp-block-heading\">F&uuml;r was ist der Medizinische Dienst der Krankenversicherung (MDK) zust&auml;ndig?<\/h1>\n\n\n\n<p style=\"font-size:22px\">Der Medizinische Dienst der Krankenversicherung, kurz MDK, hat verschiedene Aufgabenbereiche. In diesem Glossareintrag zum MDK wollen wir allerdings lediglich <strong>einen<\/strong> Aufgabenbereich beschreiben. Es handelt sich dabei um die Durchf&uuml;hrung von Pflegebegutachtungen.<\/p>\n\n\n\n<p style=\"font-size:22px\">Der MDK wird von der Pflegekasse beauftragt festzustellen, inwiefern eine <a href=\"https:\/\/www.bwpn.de\/pflegenetzwerk\/glossar\/pflegebeduerftige\/\" target=\"_self\" title=\"Einleitung Pflegebed&uuml;rftige Pflegebed&uuml;rftige gibt es eigentlich gar nicht. Die korrekte&hellip;\" class=\"encyclopedia\">pflegebed&uuml;rftige<\/a> Person Anspruch auf Leistungen der Pflegekasse hat, bzw. welche H&ouml;he eines <a href=\"https:\/\/www.bwpn.de\/pflegenetzwerk\/pflegegrade\/\">Pflegegrades<\/a> gerechtfertigt ist. Dazu vereinbart der MDK im Normalfall einen Termin zur Begutachtung der pflegebed&uuml;rftigen Person. Im Ergebnis erstellt der Gutachter (w\/m) ein Formulargutachten, welches die Pflegekasse zur Verf&uuml;gung gestellt wird. Diese Formulargutachten sind die Grundlage f&uuml;r den nachfolgenden Bescheid der Pflegekasse.<\/p>\n\n\n\n<p style=\"font-size:22px\">Die nachfolgenden Aufgaben kommen, im Rahmen von Pflegebegutachtungen, am h&auml;ufigsten auf den MDK zu:<\/p>\n\n\n\n<ul class=\"wp-block-list\">\n<li style=\"font-size:22px\">Feststellung der Pflegebed&uuml;ftigkeit nach einem <a href=\"https:\/\/www.bwpn.de\/pflegenetzwerk\/glossar\/pflegeantrag\/\" target=\"_self\" title=\"Bei einem Pflegeantrag handelt es sich, korrekt ausgedr&uuml;ckt, um einen&hellip;\" class=\"encyclopedia\">Pflegeantrag<\/a><\/li>\n\n\n\n<li style=\"font-size:22px\">Feststellung der Pflegebed&uuml;ftigkeit nach einem H&ouml;herstufungsantrag<\/li>\n\n\n\n<li style=\"font-size:22px\">Feststellung der Pflegebed&uuml;ftigkeit nach einem Auftrag der Pflegekasse zur Wiederholungsbegutachtung<\/li>\n\n\n\n<li style=\"font-size:22px\">&Uuml;berpr&uuml;fung von Widerspruchsbegr&uuml;ndungen<\/li>\n\n\n\n<li style=\"font-size:22px\">Erstellung von Widerspruchgutachten im Rahmen von Widerspruchsverfahren gegen Pflegegradbescheide\n<ul class=\"wp-block-list\">\n<li><em>Diese Widerspruchsgutachten werden h&auml;ufig nach <strong>Aktenlage<\/strong> erstellt und sind dann in vielen F&auml;llen <strong>nicht im Sinne der Pflegebed&uuml;rftigen<\/strong><\/em><\/li>\n<\/ul>\n<\/li>\n<\/ul>\n\n\n\n<p style=\"font-size:22px\">Die Begutachtung durch die Mitarbeiter des MDK ist f&uuml;r die meisten Pflegebed&uuml;rftigen und deren pflegenden Angeh&ouml;rigen eine eher unangenehme und aufregende Situation! Daher ist es auch besonders tragisch und dar&uuml;ber hinaus erschreckend, dass unseren Experten immer wieder &uuml;ber pers&ouml;nliche verbale &Uuml;bergriffe einiger Gutachter(innen) berichtet wird.<\/p>\n\n\n\n<p style=\"font-size:22px\">Dabei sollte ein h&ouml;flicher Umgang unter Menschen eigentlich normal sein! Bleibt zu hoffen dass es sich dabei lediglich um Ausnahmen handelt!<\/p>\n\n\n\n<p style=\"font-size:22px\">Ber&uuml;cksichtigt das Gutachten des MDK nicht alle Punkte f&uuml;hrt es dazu, dass der <a href=\"https:\/\/www.bwpn.de\/pflegenetzwerk\/glossar\/pflegegrad-abgelehnt\/\" target=\"_self\" title=\"Pflegegrad abgelehnt - Was ist passiert? Wurde Ihr Pflegegrad abgelehnt,&hellip;\" class=\"encyclopedia\">Pflegegrad abgelehnt<\/a> wird. Dann sollten alle Betroffenen Widerspruch einlegen und sich im dann folgenden <a href=\"https:\/\/www.bwpn.de\/pflegenetzwerk\/mit-widerspruch-zum-gerechten-pflegegrad\/\">Widerspruchsverfahren<\/a> mit einer entsprechenden Argumentation gegen das Gutachten richten.<\/p>\n\n\n\n<p style=\"font-size:22px\">Da eine solche Widerspruchsbegr&uuml;ndung erneut ein Gutachter (w\/m) des MDK vorgelegt bekommt, ist dabei eine fachliche und sachliche Wortwahl zu nutzen. Emotionale Punkte der pers&ouml;nlichen Lebensumst&auml;nde sind dabei wenig relevant, bzw. ber&uuml;cksichtigungsf&auml;hig. Ausschlie&szlig;lich Argumente mit Bezug auf das Neue Begutachtungsassessment (NBA) k&ouml;nnen die Gutachter des MDK &uuml;berzeugen ihre vorherige Meinung zu &uuml;berdenken.<\/p>\n\n\n\n<p style=\"font-size:22px\"><em>Inzwischen gibt es einen 90-seitigen Referentenentwurf des Bundesministeriums f&uuml;r Gesundheit (BMG) &ldquo;Entwurf eines Gesetzes f&uuml;r bessere und unabh&auml;ngigere Pr&uuml;fungen &ndash;MDK-Reformgesetz&rdquo;. Mit dem angestrebten Gesetz soll die Unabh&auml;ngigkeit des MDK gest&auml;rkt werden. Im Umkehrschluss bedeutet dieser Entwurf, dass die Unabh&auml;ngigkeit des MDK u. U. selbst in Regierungskreisen angezweifelt wird?!<\/em><\/p>\n\n\n\n<div style=\"height:50px\" aria-hidden=\"true\" class=\"wp-block-spacer\"><\/div>\n\n\n<div class=\"fusion-image-element fusion-image-align-center in-legacy-container\" style=\"text-align:center;--awb-caption-title-font-family:var(--h2_typography-font-family);--awb-caption-title-font-weight:var(--h2_typography-font-weight);--awb-caption-title-font-style:var(--h2_typography-font-style);--awb-caption-title-size:var(--h2_typography-font-size);--awb-caption-title-transform:var(--h2_typography-text-transform);--awb-caption-title-line-height:var(--h2_typography-line-height);--awb-caption-title-letter-spacing:var(--h2_typography-letter-spacing);\"><div class=\"imageframe-align-center\"><span class=\" fusion-imageframe imageframe-dropshadow imageframe-1 hover-type-none\" style=\"-webkit-box-shadow: 5px 5px 9px rgba(0,0,0,0.3);box-shadow: 5px 5px 9px rgba(0,0,0,0.3);\"><img loading=\"lazy\" decoding=\"async\" width=\"792\" height=\"264\" alt=\"Medizinischer Dienst der Krankenversicherung (MDK) - Gutachten anfechten\" title=\"Zweifeln Sie das Gutachten an! (BWPN-Tipps)\" src=\"https:\/\/www.bwpn.de\/pflegenetzwerk\/wp-content\/uploads\/2019\/02\/BWPN-Tipps-Gutachten-Zweifel.jpg\" class=\"img-responsive wp-image-3282\" srcset=\"https:\/\/www.bwpn.de\/pflegenetzwerk\/wp-content\/uploads\/2019\/02\/BWPN-Tipps-Gutachten-Zweifel-200x67.jpg 200w, https:\/\/www.bwpn.de\/pflegenetzwerk\/wp-content\/uploads\/2019\/02\/BWPN-Tipps-Gutachten-Zweifel-400x133.jpg 400w, https:\/\/www.bwpn.de\/pflegenetzwerk\/wp-content\/uploads\/2019\/02\/BWPN-Tipps-Gutachten-Zweifel-600x200.jpg 600w, https:\/\/www.bwpn.de\/pflegenetzwerk\/wp-content\/uploads\/2019\/02\/BWPN-Tipps-Gutachten-Zweifel.jpg 792w\" sizes=\"auto, (max-width: 800px) 100vw, 792px\"><\/span><\/div><\/div>\n\n\n\n<div style=\"height:50px\" aria-hidden=\"true\" class=\"wp-block-spacer\"><\/div>\n\n\n\n<h3 class=\"wp-block-heading\">Mehr von unseren Pflegeexperten<\/h3>\n\n\n<div class=\"fusion-blog-shortcode fusion-blog-shortcode-1 fusion-blog-archive fusion-blog-layout-grid-wrapper fusion-blog-pagination\" style=\"--grid_separator_color:#8bc34a;\"><style type=\"text\/css\">.fusion-blog-shortcode-1 .fusion-blog-layout-grid .fusion-post-grid{padding:20px;}.fusion-blog-shortcode-1 .fusion-posts-container{margin-left: -20px !important; margin-right:-20px !important;}<\/style><div class=\"fusion-posts-container fusion-posts-container-pagination fusion-no-meta-info fusion-blog-rollover fusion-blog-layout-grid fusion-blog-layout-grid-3 isotope fusion-blog-equal-heights\" data-pages=\"4\" data-grid-col-space=\"40\" style=\"margin: -20px -20px 0;min-height:500px;\"><article id=\"blog-1-post-3327\" class=\"fusion-post-grid post-3327 post type-post status-publish format-standard has-post-thumbnail hentry category-pflegeleistungen category-pflegegrad tag-adhs tag-kinder tag-pflegeantrag tag-pflegegrad\">\n<div class=\"fusion-post-wrapper\" style=\"background-color:rgba(255,255,255,0);border:1px solid #ebeaea;border-bottom-width:3px;\">\n\n\t\t\t<div class=\"fusion-flexslider flexslider fusion-flexslider-loading fusion-post-slideshow\" style=\"border-color:#ebeaea;\">\n\t\t<ul class=\"slides\">\n\t\t\t\n\t\t\t\t\t\t\t\t\t\t\t\t\t\t<li><div class=\"fusion-image-wrapper\" aria-haspopup=\"true\">\n\t\t\t\t<img loading=\"lazy\" decoding=\"async\" width=\"1200\" height=\"800\" src=\"https:\/\/www.bwpn.de\/pflegenetzwerk\/wp-content\/uploads\/2019\/05\/BWPN-ADHS.jpg\" class=\"attachment-full size-full wp-post-image\" alt=\"Pflegeantrag bei Kindern mit ADHS (BWPN)\" srcset=\"https:\/\/www.bwpn.de\/pflegenetzwerk\/wp-content\/uploads\/2019\/05\/BWPN-ADHS-200x133.jpg 200w, https:\/\/www.bwpn.de\/pflegenetzwerk\/wp-content\/uploads\/2019\/05\/BWPN-ADHS-400x267.jpg 400w, https:\/\/www.bwpn.de\/pflegenetzwerk\/wp-content\/uploads\/2019\/05\/BWPN-ADHS-600x400.jpg 600w, https:\/\/www.bwpn.de\/pflegenetzwerk\/wp-content\/uploads\/2019\/05\/BWPN-ADHS-800x533.jpg 800w, https:\/\/www.bwpn.de\/pflegenetzwerk\/wp-content\/uploads\/2019\/05\/BWPN-ADHS.jpg 1200w\" sizes=\"auto, (min-width: 2200px) 100vw, (min-width: 824px) 340px, (min-width: 732px) 510px, (min-width: 640px) 732px, \" title=\"\"><div class=\"fusion-rollover\">\n\t<div class=\"fusion-rollover-content\">\n\n\t\t\t\t\t\t\t\t\t\t\t\t\t\t<a class=\"fusion-rollover-link\" href=\"https:\/\/www.bwpn.de\/pflegenetzwerk\/pflegeantrag-bei-kindern-mit-einer-adhs\/\">Pflegeantrag bei Kindern mit einer ADHS<\/a>\n\t\t\t\n\t\t\t\t\t\t\t\t\t\t\t\t\t\t\n\t\t\t\t\t\t\t\t\n\t\t\t\t\t\t\t\t\t\t\t\t\t<div class=\"fusion-rollover-sep\"><\/div>\n\t\t\t\t\n\t\t\t\t\t\t\t\t\t\t\t\t\t\t\t\t\t\t<a class=\"fusion-rollover-gallery\" href=\"https:\/\/www.bwpn.de\/pflegenetzwerk\/wp-content\/uploads\/2019\/05\/BWPN-ADHS.jpg\" data-options=\"\" data-id=\"3327\" data-rel=\"iLightbox[gallery]\" data-title=\"BWPN-ADHS\" data-caption=\"&copy;magele-picture - stock.adobe.com\">\n\t\t\t\t\t\tGallerie\t\t\t\t\t<\/a>\n\t\t\t\t\t\t\t\t\t\t\t\t\t\t\n\t\t\n\t\t\t\t\t\t\t\t\t\t\t\t<h4 class=\"fusion-rollover-title\">\n\t\t\t\t\t<a class=\"fusion-rollover-title-link\" href=\"https:\/\/www.bwpn.de\/pflegenetzwerk\/pflegeantrag-bei-kindern-mit-einer-adhs\/\">\n\t\t\t\t\t\tPflegeantrag bei Kindern mit einer ADHS\t\t\t\t\t<\/a>\n\t\t\t\t<\/h4>\n\t\t\t\n\t\t\t\t\t\t\t\t\t\t<div class=\"fusion-rollover-categories\"><a href=\"https:\/\/www.bwpn.de\/pflegenetzwerk\/widerspruch\/pflegeleistungen\/\" rel=\"tag\">Pflegeleistungen<\/a>, <a href=\"https:\/\/www.bwpn.de\/pflegenetzwerk\/widerspruch\/pflegegrad\/\" rel=\"tag\">Pflegegrad<\/a><\/div>\t\t\t\t\t\n\t\t\n\t\t\t\t\t\t<a class=\"fusion-link-wrapper\" href=\"https:\/\/www.bwpn.de\/pflegenetzwerk\/pflegeantrag-bei-kindern-mit-einer-adhs\/\" aria-label=\"Pflegeantrag bei Kindern mit einer ADHS\"><\/a>\n\t<\/div>\n<\/div>\n<\/div>\n<\/li>\n\t\t\t\n\t\t\t\n\t\t\t\t\t\t\t\t\t\t\t\t\t\t\t\t\t\t\t\t\t\t\t\t\t\t\t\t\t\t\t\t\t\t\t\t\t\t\t\t\t\t\t\t\t\t\t\t\t\t\t\t\t\t\t\t\t\t\t\t\t\t\t\t\t\t\t\t<\/ul>\n\t<\/div>\n\t<div class=\"fusion-post-content-wrapper\" style=\"padding:30px 25px 20px 25px;\"><div class=\"fusion-post-content post-content\"><h2 class=\"blog-shortcode-post-title entry-title\"><a href=\"https:\/\/www.bwpn.de\/pflegenetzwerk\/pflegeantrag-bei-kindern-mit-einer-adhs\/\">Pflegeantrag bei Kindern mit einer ADHS<\/a><\/h2><div class=\"fusion-post-content-container\"><p>Was verstehen Fachleute unter einer ADHS?  Die Abk&uuml;rzung ADHS [...]<\/p><\/div><\/div><\/div><div class=\"fusion-clearfix\"><\/div><\/div>\n<\/article>\n<article id=\"blog-1-post-5513\" class=\"fusion-post-grid post-5513 post type-post status-publish format-standard has-post-thumbnail hentry category-allgemein tag-pflegegrad tag-pflegetelefon tag-widerspruch\">\n<div class=\"fusion-post-wrapper\" style=\"background-color:rgba(255,255,255,0);border:1px solid #ebeaea;border-bottom-width:3px;\">\n\n\t\t\t<div class=\"fusion-flexslider flexslider fusion-flexslider-loading fusion-post-slideshow\" style=\"border-color:#ebeaea;\">\n\t\t<ul class=\"slides\">\n\t\t\t\n\t\t\t\t\t\t\t\t\t\t\t\t\t\t<li><div class=\"fusion-image-wrapper\" aria-haspopup=\"true\">\n\t\t\t\t<img loading=\"lazy\" decoding=\"async\" width=\"1200\" height=\"800\" src=\"https:\/\/www.bwpn.de\/pflegenetzwerk\/wp-content\/uploads\/2021\/09\/Haeufige-Fragen-Pflegetelefon_Bundesweites-Pflegenetzwerk.jpg\" class=\"attachment-full size-full wp-post-image\" alt=\"H&auml;ufige Fragen (FAQ) am bundesweiten Pflegetelefon\" srcset=\"https:\/\/www.bwpn.de\/pflegenetzwerk\/wp-content\/uploads\/2021\/09\/Haeufige-Fragen-Pflegetelefon_Bundesweites-Pflegenetzwerk-200x133.jpg 200w, https:\/\/www.bwpn.de\/pflegenetzwerk\/wp-content\/uploads\/2021\/09\/Haeufige-Fragen-Pflegetelefon_Bundesweites-Pflegenetzwerk-400x267.jpg 400w, https:\/\/www.bwpn.de\/pflegenetzwerk\/wp-content\/uploads\/2021\/09\/Haeufige-Fragen-Pflegetelefon_Bundesweites-Pflegenetzwerk-600x400.jpg 600w, https:\/\/www.bwpn.de\/pflegenetzwerk\/wp-content\/uploads\/2021\/09\/Haeufige-Fragen-Pflegetelefon_Bundesweites-Pflegenetzwerk-800x533.jpg 800w, https:\/\/www.bwpn.de\/pflegenetzwerk\/wp-content\/uploads\/2021\/09\/Haeufige-Fragen-Pflegetelefon_Bundesweites-Pflegenetzwerk.jpg 1200w\" sizes=\"auto, (min-width: 2200px) 100vw, (min-width: 824px) 340px, (min-width: 732px) 510px, (min-width: 640px) 732px, \" title=\"\"><div class=\"fusion-rollover\">\n\t<div class=\"fusion-rollover-content\">\n\n\t\t\t\t\t\t\t\t\t\t\t\t\t\t<a class=\"fusion-rollover-link\" href=\"https:\/\/www.bwpn.de\/pflegenetzwerk\/haeufige-fragen-faq-am-bundesweiten-pflegetelefon\/\">H&auml;ufige Fragen (FAQ) am bundesweiten Pflegetelefon<\/a>\n\t\t\t\n\t\t\t\t\t\t\t\t\t\t\t\t\t\t\n\t\t\t\t\t\t\t\t\n\t\t\t\t\t\t\t\t\t\t\t\t\t<div class=\"fusion-rollover-sep\"><\/div>\n\t\t\t\t\n\t\t\t\t\t\t\t\t\t\t\t\t\t\t\t\t\t\t<a class=\"fusion-rollover-gallery\" href=\"https:\/\/www.bwpn.de\/pflegenetzwerk\/wp-content\/uploads\/2021\/09\/Haeufige-Fragen-Pflegetelefon_Bundesweites-Pflegenetzwerk.jpg\" data-options=\"\" data-id=\"5513\" data-rel=\"iLightbox[gallery]\" data-title=\"H&auml;ufige-Fragen-Pflegetelefon_Bundesweites-Pflegenetzwerk\" data-caption=\"(C) BWPN | Tashatuvango - Getty Images\">\n\t\t\t\t\t\tGallerie\t\t\t\t\t<\/a>\n\t\t\t\t\t\t\t\t\t\t\t\t\t\t\n\t\t\n\t\t\t\t\t\t\t\t\t\t\t\t<h4 class=\"fusion-rollover-title\">\n\t\t\t\t\t<a class=\"fusion-rollover-title-link\" href=\"https:\/\/www.bwpn.de\/pflegenetzwerk\/haeufige-fragen-faq-am-bundesweiten-pflegetelefon\/\">\n\t\t\t\t\t\tH&auml;ufige Fragen (FAQ) am bundesweiten Pflegetelefon\t\t\t\t\t<\/a>\n\t\t\t\t<\/h4>\n\t\t\t\n\t\t\t\t\t\t\t\t\t\t<div class=\"fusion-rollover-categories\"><a href=\"https:\/\/www.bwpn.de\/pflegenetzwerk\/widerspruch\/allgemein\/\" rel=\"tag\">Allgemein<\/a><\/div>\t\t\t\t\t\n\t\t\n\t\t\t\t\t\t<a class=\"fusion-link-wrapper\" href=\"https:\/\/www.bwpn.de\/pflegenetzwerk\/haeufige-fragen-faq-am-bundesweiten-pflegetelefon\/\" aria-label=\"H&auml;ufige Fragen (FAQ) am bundesweiten Pflegetelefon\"><\/a>\n\t<\/div>\n<\/div>\n<\/div>\n<\/li>\n\t\t\t\n\t\t\t\n\t\t\t\t\t\t\t\t\t\t\t\t\t\t\t\t\t\t\t\t\t\t\t\t\t\t\t\t\t\t\t\t\t\t\t\t\t\t\t\t\t\t\t\t\t\t\t\t\t\t\t\t\t\t\t\t\t\t\t\t\t\t\t\t\t\t\t\t<\/ul>\n\t<\/div>\n\t<div class=\"fusion-post-content-wrapper\" style=\"padding:30px 25px 20px 25px;\"><div class=\"fusion-post-content post-content\"><h2 class=\"blog-shortcode-post-title entry-title\"><a href=\"https:\/\/www.bwpn.de\/pflegenetzwerk\/haeufige-fragen-faq-am-bundesweiten-pflegetelefon\/\">H&auml;ufige Fragen (FAQ) am bundesweiten Pflegetelefon<\/a><\/h2><div class=\"fusion-post-content-container\"><p> H&auml;ufige Fragen (FAQ) am bundesweiten <a href=\"https:\/\/www.bwpn.de\/pflegenetzwerk\/glossar\/pflegetelefon\/\" target=\"_self\" title=\"Vor vielen Jahren (2005) wurde das bundesweite Pflegetelefon eingef&uuml;hrt, als&hellip;\" class=\"encyclopedia\">Pflegetelefon<\/a>  Die unabh&auml;ngigen [...]<\/p><\/div><\/div><\/div><div class=\"fusion-clearfix\"><\/div><\/div>\n<\/article>\n<article id=\"blog-1-post-3933\" class=\"fusion-post-grid post-3933 post type-post status-publish format-standard has-post-thumbnail hentry category-pflegeleistungen category-pflegegrad tag-demenz tag-pflegeantrag tag-pflegegrad tag-pflegestufe tag-senilitaet\">\n<div class=\"fusion-post-wrapper\" style=\"background-color:rgba(255,255,255,0);border:1px solid #ebeaea;border-bottom-width:3px;\">\n\n\t\t\t<div class=\"fusion-flexslider flexslider fusion-flexslider-loading fusion-post-slideshow\" style=\"border-color:#ebeaea;\">\n\t\t<ul class=\"slides\">\n\t\t\t\n\t\t\t\t\t\t\t\t\t\t\t\t\t\t<li><div class=\"fusion-image-wrapper\" aria-haspopup=\"true\">\n\t\t\t\t<img loading=\"lazy\" decoding=\"async\" width=\"1200\" height=\"800\" src=\"https:\/\/www.bwpn.de\/pflegenetzwerk\/wp-content\/uploads\/2020\/04\/BWPN-Beitrag-Pflegeantrag-bei-Kleinkindern.jpg\" class=\"attachment-full size-full wp-post-image\" alt=\"Pflegeantrag bei Kleinkindern\" srcset=\"https:\/\/www.bwpn.de\/pflegenetzwerk\/wp-content\/uploads\/2020\/04\/BWPN-Beitrag-Pflegeantrag-bei-Kleinkindern-200x133.jpg 200w, https:\/\/www.bwpn.de\/pflegenetzwerk\/wp-content\/uploads\/2020\/04\/BWPN-Beitrag-Pflegeantrag-bei-Kleinkindern-400x267.jpg 400w, https:\/\/www.bwpn.de\/pflegenetzwerk\/wp-content\/uploads\/2020\/04\/BWPN-Beitrag-Pflegeantrag-bei-Kleinkindern-600x400.jpg 600w, https:\/\/www.bwpn.de\/pflegenetzwerk\/wp-content\/uploads\/2020\/04\/BWPN-Beitrag-Pflegeantrag-bei-Kleinkindern-800x533.jpg 800w, https:\/\/www.bwpn.de\/pflegenetzwerk\/wp-content\/uploads\/2020\/04\/BWPN-Beitrag-Pflegeantrag-bei-Kleinkindern.jpg 1200w\" sizes=\"auto, (min-width: 2200px) 100vw, (min-width: 824px) 340px, (min-width: 732px) 510px, (min-width: 640px) 732px, \" title=\"\"><div class=\"fusion-rollover\">\n\t<div class=\"fusion-rollover-content\">\n\n\t\t\t\t\t\t\t\t\t\t\t\t\t\t<a class=\"fusion-rollover-link\" href=\"https:\/\/www.bwpn.de\/pflegenetzwerk\/pflegeantrag-bei-kleinkindern\/\">Pflegeantrag bei Kleinkindern<\/a>\n\t\t\t\n\t\t\t\t\t\t\t\t\t\t\t\t\t\t\n\t\t\t\t\t\t\t\t\n\t\t\t\t\t\t\t\t\t\t\t\t\t<div class=\"fusion-rollover-sep\"><\/div>\n\t\t\t\t\n\t\t\t\t\t\t\t\t\t\t\t\t\t\t\t\t\t\t<a class=\"fusion-rollover-gallery\" href=\"https:\/\/www.bwpn.de\/pflegenetzwerk\/wp-content\/uploads\/2020\/04\/BWPN-Beitrag-Pflegeantrag-bei-Kleinkindern.jpg\" data-options=\"\" data-id=\"3933\" data-rel=\"iLightbox[gallery]\" data-title=\"BWPN-Beitrag-Pflegeantrag-bei-Kleinkindern\" data-caption=\"(c) BWPN | Melpomenem - Getty Images\">\n\t\t\t\t\t\tGallerie\t\t\t\t\t<\/a>\n\t\t\t\t\t\t\t\t\t\t\t\t\t\t\n\t\t\n\t\t\t\t\t\t\t\t\t\t\t\t<h4 class=\"fusion-rollover-title\">\n\t\t\t\t\t<a class=\"fusion-rollover-title-link\" href=\"https:\/\/www.bwpn.de\/pflegenetzwerk\/pflegeantrag-bei-kleinkindern\/\">\n\t\t\t\t\t\tPflegeantrag bei Kleinkindern\t\t\t\t\t<\/a>\n\t\t\t\t<\/h4>\n\t\t\t\n\t\t\t\t\t\t\t\t\t\t<div class=\"fusion-rollover-categories\"><a href=\"https:\/\/www.bwpn.de\/pflegenetzwerk\/widerspruch\/pflegeleistungen\/\" rel=\"tag\">Pflegeleistungen<\/a>, <a href=\"https:\/\/www.bwpn.de\/pflegenetzwerk\/widerspruch\/pflegegrad\/\" rel=\"tag\">Pflegegrad<\/a><\/div>\t\t\t\t\t\n\t\t\n\t\t\t\t\t\t<a class=\"fusion-link-wrapper\" href=\"https:\/\/www.bwpn.de\/pflegenetzwerk\/pflegeantrag-bei-kleinkindern\/\" aria-label=\"Pflegeantrag bei Kleinkindern\"><\/a>\n\t<\/div>\n<\/div>\n<\/div>\n<\/li>\n\t\t\t\n\t\t\t\n\t\t\t\t\t\t\t\t\t\t\t\t\t\t\t\t\t\t\t\t\t\t\t\t\t\t\t\t\t\t\t\t\t\t\t\t\t\t\t\t\t\t\t\t\t\t\t\t\t\t\t\t\t\t\t\t\t\t\t\t\t\t\t\t\t\t\t\t<\/ul>\n\t<\/div>\n\t<div class=\"fusion-post-content-wrapper\" style=\"padding:30px 25px 20px 25px;\"><div class=\"fusion-post-content post-content\"><h2 class=\"blog-shortcode-post-title entry-title\"><a href=\"https:\/\/www.bwpn.de\/pflegenetzwerk\/pflegeantrag-bei-kleinkindern\/\">Pflegeantrag bei Kleinkindern<\/a><\/h2><div class=\"fusion-post-content-container\"><p> Einleitung zum Pflegeantrag bei Kleinkindern  In diesem Beitrag [...]<\/p><\/div><\/div><\/div><div class=\"fusion-clearfix\"><\/div><\/div>\n<\/article>\n<article id=\"blog-1-post-7353\" class=\"fusion-post-grid post-7353 post type-post status-publish format-standard has-post-thumbnail hentry category-widerspruch-pflegegrad tag-abgelehnt tag-pflegeantrag tag-pflegegrad tag-widerspruch\">\n<div class=\"fusion-post-wrapper\" style=\"background-color:rgba(255,255,255,0);border:1px solid #ebeaea;border-bottom-width:3px;\">\n\n\t\t\t<div class=\"fusion-flexslider flexslider fusion-flexslider-loading fusion-post-slideshow\" style=\"border-color:#ebeaea;\">\n\t\t<ul class=\"slides\">\n\t\t\t\n\t\t\t\t\t\t\t\t\t\t\t\t\t\t<li><div class=\"fusion-image-wrapper\" aria-haspopup=\"true\">\n\t\t\t\t<img loading=\"lazy\" decoding=\"async\" width=\"1200\" height=\"800\" src=\"https:\/\/www.bwpn.de\/pflegenetzwerk\/wp-content\/uploads\/2023\/05\/BWPN_Pflegegrad-abgelehnt-Widerspruch-einlegen.jpg\" class=\"attachment-full size-full wp-post-image\" alt=\"Pflegegrad abgelehnt: Widerspruch einlegen!\" srcset=\"https:\/\/www.bwpn.de\/pflegenetzwerk\/wp-content\/uploads\/2023\/05\/BWPN_Pflegegrad-abgelehnt-Widerspruch-einlegen-200x133.jpg 200w, https:\/\/www.bwpn.de\/pflegenetzwerk\/wp-content\/uploads\/2023\/05\/BWPN_Pflegegrad-abgelehnt-Widerspruch-einlegen-400x267.jpg 400w, https:\/\/www.bwpn.de\/pflegenetzwerk\/wp-content\/uploads\/2023\/05\/BWPN_Pflegegrad-abgelehnt-Widerspruch-einlegen-600x400.jpg 600w, https:\/\/www.bwpn.de\/pflegenetzwerk\/wp-content\/uploads\/2023\/05\/BWPN_Pflegegrad-abgelehnt-Widerspruch-einlegen-800x533.jpg 800w, https:\/\/www.bwpn.de\/pflegenetzwerk\/wp-content\/uploads\/2023\/05\/BWPN_Pflegegrad-abgelehnt-Widerspruch-einlegen.jpg 1200w\" sizes=\"auto, (min-width: 2200px) 100vw, (min-width: 824px) 340px, (min-width: 732px) 510px, (min-width: 640px) 732px, \" title=\"\"><div class=\"fusion-rollover\">\n\t<div class=\"fusion-rollover-content\">\n\n\t\t\t\t\t\t\t\t\t\t\t\t\t\t<a class=\"fusion-rollover-link\" href=\"https:\/\/www.bwpn.de\/pflegenetzwerk\/pflegegrad-abgelehnt-widerspruch-einlegen\/\">Pflegegrad abgelehnt: Widerspruch einlegen!<\/a>\n\t\t\t\n\t\t\t\t\t\t\t\t\t\t\t\t\t\t\n\t\t\t\t\t\t\t\t\n\t\t\t\t\t\t\t\t\t\t\t\t\t<div class=\"fusion-rollover-sep\"><\/div>\n\t\t\t\t\n\t\t\t\t\t\t\t\t\t\t\t\t\t\t\t\t\t\t<a class=\"fusion-rollover-gallery\" href=\"https:\/\/www.bwpn.de\/pflegenetzwerk\/wp-content\/uploads\/2023\/05\/BWPN_Pflegegrad-abgelehnt-Widerspruch-einlegen.jpg\" data-options=\"\" data-id=\"7353\" data-rel=\"iLightbox[gallery]\" data-title=\"BWPN_Pflegegrad-abgelehnt-Widerspruch-einlegen\" data-caption=\"(c) BWPN | Zinkevych - Getty\n(c) BWPN | shironosov - Getty\">\n\t\t\t\t\t\tGallerie\t\t\t\t\t<\/a>\n\t\t\t\t\t\t\t\t\t\t\t\t\t\t\n\t\t\n\t\t\t\t\t\t\t\t\t\t\t\t<h4 class=\"fusion-rollover-title\">\n\t\t\t\t\t<a class=\"fusion-rollover-title-link\" href=\"https:\/\/www.bwpn.de\/pflegenetzwerk\/pflegegrad-abgelehnt-widerspruch-einlegen\/\">\n\t\t\t\t\t\tPflegegrad abgelehnt: Widerspruch einlegen!\t\t\t\t\t<\/a>\n\t\t\t\t<\/h4>\n\t\t\t\n\t\t\t\t\t\t\t\t\t\t<div class=\"fusion-rollover-categories\"><a href=\"https:\/\/www.bwpn.de\/pflegenetzwerk\/widerspruch\/widerspruch-pflegegrad\/\" rel=\"tag\">Widerspruch Pflegegrad<\/a><\/div>\t\t\t\t\t\n\t\t\n\t\t\t\t\t\t<a class=\"fusion-link-wrapper\" href=\"https:\/\/www.bwpn.de\/pflegenetzwerk\/pflegegrad-abgelehnt-widerspruch-einlegen\/\" aria-label=\"Pflegegrad abgelehnt: Widerspruch einlegen!\"><\/a>\n\t<\/div>\n<\/div>\n<\/div>\n<\/li>\n\t\t\t\n\t\t\t\n\t\t\t\t\t\t\t\t\t\t\t\t\t\t\t\t\t\t\t\t\t\t\t\t\t\t\t\t\t\t\t\t\t\t\t\t\t\t\t\t\t\t\t\t\t\t\t\t\t\t\t\t\t\t\t\t\t\t\t\t\t\t\t\t\t\t\t\t<\/ul>\n\t<\/div>\n\t<div class=\"fusion-post-content-wrapper\" style=\"padding:30px 25px 20px 25px;\"><div class=\"fusion-post-content post-content\"><h2 class=\"blog-shortcode-post-title entry-title\"><a href=\"https:\/\/www.bwpn.de\/pflegenetzwerk\/pflegegrad-abgelehnt-widerspruch-einlegen\/\">Pflegegrad abgelehnt: Widerspruch einlegen!<\/a><\/h2><div class=\"fusion-post-content-container\"><p>  Inhaltsverzeichnis (&Uuml;berblick)  Entscheidung der Pflegekasse &uuml;ber den [...]<\/p><\/div><\/div><\/div><div class=\"fusion-clearfix\"><\/div><\/div>\n<\/article>\n<article id=\"blog-1-post-5045\" class=\"fusion-post-grid post-5045 post type-post status-publish format-standard has-post-thumbnail hentry category-pflegeleistungen tag-pflegeantrag tag-pflegegrad tag-pflegeleistungen tag-widerspruch\">\n<div class=\"fusion-post-wrapper\" style=\"background-color:rgba(255,255,255,0);border:1px solid #ebeaea;border-bottom-width:3px;\">\n\n\t\t\t<div class=\"fusion-flexslider flexslider fusion-flexslider-loading fusion-post-slideshow\" style=\"border-color:#ebeaea;\">\n\t\t<ul class=\"slides\">\n\t\t\t\n\t\t\t\t\t\t\t\t\t\t\t\t\t\t<li><div class=\"fusion-image-wrapper\" aria-haspopup=\"true\">\n\t\t\t\t<img loading=\"lazy\" decoding=\"async\" width=\"1200\" height=\"800\" src=\"https:\/\/www.bwpn.de\/pflegenetzwerk\/wp-content\/uploads\/2021\/02\/BWPN-Beitrag-Befragung-zur-Pflegebegutachtung-2020.jpg\" class=\"attachment-full size-full wp-post-image\" alt=\"Befragung zur Pflegebegutachtung 2020 durch BWPN\" srcset=\"https:\/\/www.bwpn.de\/pflegenetzwerk\/wp-content\/uploads\/2021\/02\/BWPN-Beitrag-Befragung-zur-Pflegebegutachtung-2020-200x133.jpg 200w, https:\/\/www.bwpn.de\/pflegenetzwerk\/wp-content\/uploads\/2021\/02\/BWPN-Beitrag-Befragung-zur-Pflegebegutachtung-2020-400x267.jpg 400w, https:\/\/www.bwpn.de\/pflegenetzwerk\/wp-content\/uploads\/2021\/02\/BWPN-Beitrag-Befragung-zur-Pflegebegutachtung-2020-600x400.jpg 600w, https:\/\/www.bwpn.de\/pflegenetzwerk\/wp-content\/uploads\/2021\/02\/BWPN-Beitrag-Befragung-zur-Pflegebegutachtung-2020-800x533.jpg 800w, https:\/\/www.bwpn.de\/pflegenetzwerk\/wp-content\/uploads\/2021\/02\/BWPN-Beitrag-Befragung-zur-Pflegebegutachtung-2020.jpg 1200w\" sizes=\"auto, (min-width: 2200px) 100vw, (min-width: 824px) 340px, (min-width: 732px) 510px, (min-width: 640px) 732px, \" title=\"\"><div class=\"fusion-rollover\">\n\t<div class=\"fusion-rollover-content\">\n\n\t\t\t\t\t\t\t\t\t\t\t\t\t\t<a class=\"fusion-rollover-link\" href=\"https:\/\/www.bwpn.de\/pflegenetzwerk\/befragung-zur-pflegebegutachtung-2020\/\">Befragung zur Pflegebegutachtung 2020<\/a>\n\t\t\t\n\t\t\t\t\t\t\t\t\t\t\t\t\t\t\n\t\t\t\t\t\t\t\t\n\t\t\t\t\t\t\t\t\t\t\t\t\t<div class=\"fusion-rollover-sep\"><\/div>\n\t\t\t\t\n\t\t\t\t\t\t\t\t\t\t\t\t\t\t\t\t\t\t<a class=\"fusion-rollover-gallery\" href=\"https:\/\/www.bwpn.de\/pflegenetzwerk\/wp-content\/uploads\/2021\/02\/BWPN-Beitrag-Befragung-zur-Pflegebegutachtung-2020.jpg\" data-options=\"\" data-id=\"5045\" data-rel=\"iLightbox[gallery]\" data-title=\"BWPN-Beitrag-Befragung-zur-Pflegebegutachtung-2020\" data-caption=\"(c) BWPN | annebaek- Getty Images\">\n\t\t\t\t\t\tGallerie\t\t\t\t\t<\/a>\n\t\t\t\t\t\t\t\t\t\t\t\t\t\t\n\t\t\n\t\t\t\t\t\t\t\t\t\t\t\t<h4 class=\"fusion-rollover-title\">\n\t\t\t\t\t<a class=\"fusion-rollover-title-link\" href=\"https:\/\/www.bwpn.de\/pflegenetzwerk\/befragung-zur-pflegebegutachtung-2020\/\">\n\t\t\t\t\t\tBefragung zur Pflegebegutachtung 2020\t\t\t\t\t<\/a>\n\t\t\t\t<\/h4>\n\t\t\t\n\t\t\t\t\t\t\t\t\t\t<div class=\"fusion-rollover-categories\"><a href=\"https:\/\/www.bwpn.de\/pflegenetzwerk\/widerspruch\/pflegeleistungen\/\" rel=\"tag\">Pflegeleistungen<\/a><\/div>\t\t\t\t\t\n\t\t\n\t\t\t\t\t\t<a class=\"fusion-link-wrapper\" href=\"https:\/\/www.bwpn.de\/pflegenetzwerk\/befragung-zur-pflegebegutachtung-2020\/\" aria-label=\"Befragung zur Pflegebegutachtung 2020\"><\/a>\n\t<\/div>\n<\/div>\n<\/div>\n<\/li>\n\t\t\t\n\t\t\t\n\t\t\t\t\t\t\t\t\t\t\t\t\t\t\t\t\t\t\t\t\t\t\t\t\t\t\t\t\t\t\t\t\t\t\t\t\t\t\t\t\t\t\t\t\t\t\t\t\t\t\t\t\t\t\t\t\t\t\t\t\t\t\t\t\t\t\t\t<\/ul>\n\t<\/div>\n\t<div class=\"fusion-post-content-wrapper\" style=\"padding:30px 25px 20px 25px;\"><div class=\"fusion-post-content post-content\"><h2 class=\"blog-shortcode-post-title entry-title\"><a href=\"https:\/\/www.bwpn.de\/pflegenetzwerk\/befragung-zur-pflegebegutachtung-2020\/\">Befragung zur Pflegebegutachtung 2020<\/a><\/h2><div class=\"fusion-post-content-container\"><p>Befragung zur Zufriedenheit der Pflegebegutachtung  Einleitung  Bereits seit [...]<\/p><\/div><\/div><\/div><div class=\"fusion-clearfix\"><\/div><\/div>\n<\/article>\n<article id=\"blog-1-post-3606\" class=\"fusion-post-grid post-3606 post type-post status-publish format-standard has-post-thumbnail hentry category-widerspruch-pflegegrad category-pflegegrad tag-neuantrag tag-pflegegrad tag-widerspruchsbescheid\">\n<div class=\"fusion-post-wrapper\" style=\"background-color:rgba(255,255,255,0);border:1px solid #ebeaea;border-bottom-width:3px;\">\n\n\t\t\t<div class=\"fusion-flexslider flexslider fusion-flexslider-loading fusion-post-slideshow\" style=\"border-color:#ebeaea;\">\n\t\t<ul class=\"slides\">\n\t\t\t\n\t\t\t\t\t\t\t\t\t\t\t\t\t\t<li><div class=\"fusion-image-wrapper\" aria-haspopup=\"true\">\n\t\t\t\t<img loading=\"lazy\" decoding=\"async\" width=\"1200\" height=\"800\" src=\"https:\/\/www.bwpn.de\/pflegenetzwerk\/wp-content\/uploads\/2019\/09\/BWPN-Neuantrag-oder-Widerspruch.png\" class=\"attachment-full size-full wp-post-image\" alt=\"Pflegegrad abgelehnt neuer Antrag oder Widerspruch\" srcset=\"https:\/\/www.bwpn.de\/pflegenetzwerk\/wp-content\/uploads\/2019\/09\/BWPN-Neuantrag-oder-Widerspruch-200x133.png 200w, https:\/\/www.bwpn.de\/pflegenetzwerk\/wp-content\/uploads\/2019\/09\/BWPN-Neuantrag-oder-Widerspruch-400x267.png 400w, https:\/\/www.bwpn.de\/pflegenetzwerk\/wp-content\/uploads\/2019\/09\/BWPN-Neuantrag-oder-Widerspruch-600x400.png 600w, https:\/\/www.bwpn.de\/pflegenetzwerk\/wp-content\/uploads\/2019\/09\/BWPN-Neuantrag-oder-Widerspruch-800x533.png 800w, https:\/\/www.bwpn.de\/pflegenetzwerk\/wp-content\/uploads\/2019\/09\/BWPN-Neuantrag-oder-Widerspruch.png 1200w\" sizes=\"auto, (min-width: 2200px) 100vw, (min-width: 824px) 340px, (min-width: 732px) 510px, (min-width: 640px) 732px, \" title=\"\"><div class=\"fusion-rollover\">\n\t<div class=\"fusion-rollover-content\">\n\n\t\t\t\t\t\t\t\t\t\t\t\t\t\t<a class=\"fusion-rollover-link\" href=\"https:\/\/www.bwpn.de\/pflegenetzwerk\/pflegegrad-abgelehnt-neuer-antrag\/\">Pflegegrad abgelehnt neuer Antrag<\/a>\n\t\t\t\n\t\t\t\t\t\t\t\t\t\t\t\t\t\t\n\t\t\t\t\t\t\t\t\n\t\t\t\t\t\t\t\t\t\t\t\t\t<div class=\"fusion-rollover-sep\"><\/div>\n\t\t\t\t\n\t\t\t\t\t\t\t\t\t\t\t\t\t\t\t\t\t\t<a class=\"fusion-rollover-gallery\" href=\"https:\/\/www.bwpn.de\/pflegenetzwerk\/wp-content\/uploads\/2019\/09\/BWPN-Neuantrag-oder-Widerspruch.png\" data-options=\"\" data-id=\"3606\" data-rel=\"iLightbox[gallery]\" data-title=\"BWPN-Neuantrag-oder-Widerspruch\" data-caption=\"\">\n\t\t\t\t\t\tGallerie\t\t\t\t\t<\/a>\n\t\t\t\t\t\t\t\t\t\t\t\t\t\t\n\t\t\n\t\t\t\t\t\t\t\t\t\t\t\t<h4 class=\"fusion-rollover-title\">\n\t\t\t\t\t<a class=\"fusion-rollover-title-link\" href=\"https:\/\/www.bwpn.de\/pflegenetzwerk\/pflegegrad-abgelehnt-neuer-antrag\/\">\n\t\t\t\t\t\tPflegegrad abgelehnt neuer Antrag\t\t\t\t\t<\/a>\n\t\t\t\t<\/h4>\n\t\t\t\n\t\t\t\t\t\t\t\t\t\t<div class=\"fusion-rollover-categories\"><a href=\"https:\/\/www.bwpn.de\/pflegenetzwerk\/widerspruch\/widerspruch-pflegegrad\/\" rel=\"tag\">Widerspruch Pflegegrad<\/a>, <a href=\"https:\/\/www.bwpn.de\/pflegenetzwerk\/widerspruch\/pflegegrad\/\" rel=\"tag\">Pflegegrad<\/a><\/div>\t\t\t\t\t\n\t\t\n\t\t\t\t\t\t<a class=\"fusion-link-wrapper\" href=\"https:\/\/www.bwpn.de\/pflegenetzwerk\/pflegegrad-abgelehnt-neuer-antrag\/\" aria-label=\"Pflegegrad abgelehnt neuer Antrag\"><\/a>\n\t<\/div>\n<\/div>\n<\/div>\n<\/li>\n\t\t\t\n\t\t\t\n\t\t\t\t\t\t\t\t\t\t\t\t\t\t\t\t\t\t\t\t\t\t\t\t\t\t\t\t\t\t\t\t\t\t\t\t\t\t\t\t\t\t\t\t\t\t\t\t\t\t\t\t\t\t\t\t\t\t\t\t\t\t\t\t\t\t\t\t<\/ul>\n\t<\/div>\n\t<div class=\"fusion-post-content-wrapper\" style=\"padding:30px 25px 20px 25px;\"><div class=\"fusion-post-content post-content\"><h2 class=\"blog-shortcode-post-title entry-title\"><a href=\"https:\/\/www.bwpn.de\/pflegenetzwerk\/pflegegrad-abgelehnt-neuer-antrag\/\">Pflegegrad abgelehnt neuer Antrag<\/a><\/h2><div class=\"fusion-post-content-container\"><p> Pflegegrad abgelehnt, neuer Antrag als beste L&ouml;sung?  Wurde [...]<\/p><\/div><\/div><\/div><div class=\"fusion-clearfix\"><\/div><\/div>\n<\/article>\n<div class=\"fusion-clearfix\"><\/div><\/div><div class=\"pagination clearfix\"><span class=\"current\">1<\/span><a href=\"https:\/\/www.bwpn.de\/pflegenetzwerk\/wp-json\/wp\/v2\/encyclopedia\/3665\/page\/2\/\" class=\"inactive\">2<\/a><a class=\"pagination-next\" rel=\"next\" href=\"https:\/\/www.bwpn.de\/pflegenetzwerk\/wp-json\/wp\/v2\/encyclopedia\/3665\/page\/2\/\"><span class=\"page-text\">Vor<\/span><span class=\"page-next\"><\/span><\/a><\/div><div class=\"fusion-clearfix\"><\/div><\/div>\n\n\n\n<hr class=\"wp-block-separator has-css-opacity is-style-default\">\n","protected":false},"excerpt":{"rendered":"<p>Warum hei\u00dft es hier noch MDK und nicht MD? Inzwischen sind viele Jahre vergangen, seit 2017 die Pflegestufen durch Pflegegrade abgel\u00f6st wurden. Dennoch erreichen uns auch heute noch Monat f\u00fcr Monat mehrere tausend Anfragen, in denen die Rede von Pflegestufen ist. Wir k\u00f6nnen das auch sehr verstehen, weil sich der Begriff &#8220;Pflegestufe&#8221; in den K\u00f6pfen  [&#8230;]<\/p>\n","protected":false},"author":2,"featured_media":0,"template":"","encyclopedia-category":[],"encyclopedia-tag":[327,180,307],"faq_category":[],"class_list":["post-3665","encyclopedia","type-encyclopedia","status-publish","hentry","encyclopedia-tag-mdk","encyclopedia-tag-pflegegrad","encyclopedia-tag-widerspruch"],"_links":{"self":[{"href":"https:\/\/www.bwpn.de\/pflegenetzwerk\/wp-json\/wp\/v2\/encyclopedia\/3665","targetHints":{"allow":["GET"]}}],"collection":[{"href":"https:\/\/www.bwpn.de\/pflegenetzwerk\/wp-json\/wp\/v2\/encyclopedia"}],"about":[{"href":"https:\/\/www.bwpn.de\/pflegenetzwerk\/wp-json\/wp\/v2\/types\/encyclopedia"}],"author":[{"embeddable":true,"href":"https:\/\/www.bwpn.de\/pflegenetzwerk\/wp-json\/wp\/v2\/users\/2"}],"version-history":[{"count":3,"href":"https:\/\/www.bwpn.de\/pflegenetzwerk\/wp-json\/wp\/v2\/encyclopedia\/3665\/revisions"}],"predecessor-version":[{"id":3670,"href":"https:\/\/www.bwpn.de\/pflegenetzwerk\/wp-json\/wp\/v2\/encyclopedia\/3665\/revisions\/3670"}],"wp:attachment":[{"href":"https:\/\/www.bwpn.de\/pflegenetzwerk\/wp-json\/wp\/v2\/media?parent=3665"}],"wp:term":[{"taxonomy":"encyclopedia-category","embeddable":true,"href":"https:\/\/www.bwpn.de\/pflegenetzwerk\/wp-json\/wp\/v2\/encyclopedia-category?post=3665"},{"taxonomy":"encyclopedia-tag","embeddable":true,"href":"https:\/\/www.bwpn.de\/pflegenetzwerk\/wp-json\/wp\/v2\/encyclopedia-tag?post=3665"},{"taxonomy":"faq_category","embeddable":true,"href":"https:\/\/www.bwpn.de\/pflegenetzwerk\/wp-json\/wp\/v2\/faq_category?post=3665"}],"curies":[{"name":"wp","href":"https:\/\/api.w.org\/{rel}","templated":true}]}}