{"id":3479,"date":"2019-09-03T14:58:59","date_gmt":"2019-09-03T12:58:59","guid":{"rendered":"https:\/\/www.bwpn.de\/pflegenetzwerk\/?post_type=encyclopedia&#038;p=3479"},"modified":"2019-09-03T14:58:59","modified_gmt":"2019-09-03T12:58:59","slug":"pflegegradrechner","status":"publish","type":"encyclopedia","link":"https:\/\/www.bwpn.de\/pflegenetzwerk\/glossar\/pflegegradrechner\/","title":{"rendered":"Pflegegradrechner"},"content":{"rendered":"<p>Mit Einf&uuml;hrung der <a href=\"https:\/\/www.bwpn.de\/pflegenetzwerk\/glossar\/pflegegrade\/\" target=\"_self\" title=\"Mit Einf&uuml;hrung der Pflegeversicherung in Deutschland im Jahr 1995 gab&hellip;\" class=\"encyclopedia\">Pflegegrade<\/a> im Januar 2017 haben einige Unternehmer(innen) &ndash; oder die es werden wollen &ndash; vermeintlich einen Pflegemarkt f&uuml;r sich endeckt. In diesem Zusammenhang ist selbstverst&auml;ndlich, wie in anderen Branchen auch, dass Internet sozusagen das &ldquo;Aush&auml;ngeschild&rdquo;, also die Kontaktb&ouml;rse f&uuml;r Interessenten. Das es in der Pflegebranche noch dringender notwendig ist &uuml;ber ausreichend Erfahrung zu verf&uuml;gen, als in anderen Branchen, wird leider allzu h&auml;ufig &ldquo;vernachl&auml;ssigt&rdquo;.<\/p>\n<p>Betroffene landen aufgrund eines &ldquo;guten Rankings&rdquo; dieser Websites auf eben genau einer dieser Seiten und findet dort allerhand Informationen. Unter anderem auch einen <a href=\"https:\/\/www.bwpn.de\/pflegenetzwerk\/glossar\/pflegegradrechner\/\" target=\"_self\" title=\"Mit Einf&uuml;hrung der Pflegegrade im Januar 2017 haben einige Unternehmer(innen)&hellip;\" class=\"encyclopedia\">Pflegegradrechner<\/a> &ndash; und der ist auch noch kostenlos. <em>Aber leider auch (nicht selten) umsonst!<\/em><\/p>\n<p>Die erste Frage dieser meist &ldquo;neuen Unternehmen&rdquo; lautet also:<\/p>\n<blockquote><p>Wie erreiche ich im Internet m&ouml;glichst viele <a href=\"https:\/\/www.bwpn.de\/pflegenetzwerk\/glossar\/pflegebeduerftige\/\" target=\"_self\" title=\"Einleitung Pflegebed&uuml;rftige Pflegebed&uuml;rftige gibt es eigentlich gar nicht. Die korrekte&hellip;\" class=\"encyclopedia\">Pflegebed&uuml;rftige<\/a> und die dazu geh&ouml;rigen pflegendenen Angeh&ouml;rigen?<\/p><\/blockquote>\n<p>Inhalte und eigene Kompetenzen sind entweder gar nicht vorhanden oder reichen einfach nicht aus. Also m&uuml;ssen (vermeintliche) Mehrwerte her. Es werde also die nachfolgenden Dinge angeboten:<\/p>\n<ul>\n<li>Pflegegradrechner (<em>dazu gleich mehr&hellip;<\/em>)<\/li>\n<li>Pflegetageb&uuml;cher<\/li>\n<li>Widerspruchsvorlagen<\/li>\n<li>Musterbriefe<\/li>\n<li>usw. usw.<\/li>\n<\/ul>\n<p>Der Pflegegradrechner selbst ist dabei eine nette Spielerei. Der Pflegegradrechner, je nach Qualit&auml;t der Umsetzung, kann f&uuml;r einige Menschen sicher einen ersten Ansatz &uuml;ber einen anzuerkennenden Pflegebedarf, einem Pflegegrad, sein.<\/p>\n<p>In der Praxis, dar&uuml;ber sind sich unsere Experten einig, verwirrt das Ergebnis dieser Pflegegradrechner aber mehr, als das ein Ergebnis solcher Pflegegradrechner einen echten Mehrwert darstellen k&ouml;nnte!<\/p>\n<blockquote><p>Nutzen Sie bitte <strong>niemals<\/strong> das Ergebnis eines Pflegegradrechners als Begr&uuml;ndung im Widerspruch gegen einen Bescheid der Pflegekasse!<\/p><\/blockquote>\n<p>Die Vorstellung mit einem programmierten System, gemeint ist ein Pflegegradrechner, exakt den Pflegebedarf und den daraus resultierenden Pflegegrad und deren Leistungen ermitteln zu k&ouml;nnen ist sehr verlockend. Allerdings lassen sich auch in unseren modernen Zeiten nicht alle Fachfragen durch elektronische Systeme beantworten.<\/p>\n<blockquote><p>Ein Pflegegradrechner kann keine fachliche und unabh&auml;ngige Beratung ersetzen!<\/p><\/blockquote>\n<p>&nbsp;<\/p>\n\t\t\t\t\t<div class=\"fusion-slider-container fusion-slider-sc-bundesweite-pflegeberatung fusion-slider-80\" style=\"height:400px; max-width:100%;\" data-id=\"80\" data-full_height=\"\">\n\t\t\t\t\t\t<style type=\"text\/css\">.fusion-slider-80 .flex-direction-nav a {width:63px;height:63px;line-height:63px;font-size:25px;}<\/style>\t\t\t\t\t\t<div class=\"fusion-slider-loading\">Laden...<\/div>\n\t\t\t\t\t\t<div class=\"tfs-slider flexslider main-flex\" data-slider_width=\"100%\" data-slider_height=\"400px\" data-full_screen=\"1\" data-parallax=\"1\" data-nav_arrows=\"0\" data-autoplay=\"1\" data-loop=\"1\" data-animation=\"fade\" data-slideshow_speed=\"7000\" data-animation_speed=\"600\" data-nav_box_width=\"63px\" data-nav_box_height=\"63px\" data-nav_arrow_size=\"25px\" style=\"max-width:100%;\">\n\t\t\t\t\t\t\t<ul class=\"slides\">\n\t\t\t\t\t\t\t\t\t\t\t\t\t\t\t\t\t<li data-mute=\"yes\" data-loop=\"yes\" data-autoplay=\"yes\">\n\t\t\t\t\t\t\t\t\t\t<div class=\"slide-content-container slide-content-left\" style=\"display: none;\">\n\t\t\t\t\t\t\t\t\t\t\t<div class=\"slide-content\" style=\"\">\n\t\t\t\t\t\t\t\t\t\t\t\t\t\t\t\t\t\t\t\t\t\t\t\t\t<div class=\"heading with-bg\">\n\t\t\t\t\t\t\t\t\t\t\t\t\t\t<div class=\"fusion-title-sc-wrapper\" style=\"background-color: rgba(0,0,0, 0.4);\">\n\t\t\t\t\t\t\t\t\t\t\t\t\t\t\t<div class=\"fusion-title title fusion-title-1 fusion-sep-none fusion-title-text fusion-title-size-two\" style=\"--awb-margin-bottom:0px;--awb-margin-top-small:0px;--awb-margin-right-small:0px;--awb-margin-bottom-small:20px;--awb-margin-left-small:0px;--awb-font-size:60px;\"><h2 class=\"fusion-title-heading title-heading-left\" style=\"margin:0;font-size:1em;line-height:80px;\">Wir nehmen Sie an die Hand...<\/h2><\/div>\t\t\t\t\t\t\t\t\t\t\t\t\t\t<\/div>\n\t\t\t\t\t\t\t\t\t\t\t\t\t<\/div>\n\t\t\t\t\t\t\t\t\t\t\t\t\t\t\t\t\t\t\t\t\t\t\t\t\t\t\t\t\t\t\t\t\t\t\t\t\t<div class=\"caption with-bg\">\n\t\t\t\t\t\t\t\t\t\t\t\t\t\t<div class=\"fusion-title-sc-wrapper\" style=\"background-color: rgba(0, 0, 0, 0.4);\">\n\t\t\t\t\t\t\t\t\t\t\t\t\t\t\t<div class=\"fusion-title title fusion-title-2 fusion-sep-none fusion-title-text fusion-title-size-three\" style=\"--awb-margin-bottom:0px;--awb-margin-top-small:0px;--awb-margin-right-small:0px;--awb-margin-bottom-small:20px;--awb-margin-left-small:0px;--awb-font-size:24px;\"><h3 class=\"fusion-title-heading title-heading-left\" style=\"margin:0;font-size:1em;line-height:38px;\">...und zwar unabh&auml;ngig!<\/h3><\/div>\t\t\t\t\t\t\t\t\t\t\t\t\t\t<\/div>\n\t\t\t\t\t\t\t\t\t\t\t\t\t<\/div>\n\t\t\t\t\t\t\t\t\t\t\t\t\t\t\t\t\t\t\t\t\t\t\t\t\t\t\t\t\t\t\t\t\t\t\t<\/div>\n\t\t\t\t\t\t\t\t\t\t<\/div>\n\t\t\t\t\t\t\t\t\t\t\t\t\t\t\t\t\t\t\t\t\t<a href=\"https:\/\/www.bwpn.de\/pflegenetzwerk\/mit-widerspruch-zum-gerechten-pflegegrad\/\" class=\"overlay-link fusion-one-page-text-link\"><\/a>\n\t\t\t\t\t\t\t\t\t\t\t\t\t\t\t\t\t\t\t\t\t\t\t\t\t\t\t\t\t\t\t\t\t\t\t\t\t\t\t\t<div class=\"background background-image\" style=\"background-image: url(https:\/\/www.bwpn.de\/pflegenetzwerk\/wp-content\/uploads\/2014\/12\/Fotolia_14977840_Subscription_XXL.jpg);max-width:100%;height:400px;filter: progid:DXImageTransform.Microsoft.AlphaImageLoader(src='https:\/\/www.bwpn.de\/pflegenetzwerk\/wp-content\/uploads\/2014\/12\/Fotolia_14977840_Subscription_XXL.jpg', sizingMethod='scale');\" data-imgwidth=\"5616\">\n\t\t\t\t\t\t\t\t\t\t\t\t\t\t\t\t\t\t\t\t\t\t\t\t\t\t\t\t\t\t\t\t\t\t\t\t\t\t\t\t\t\t\t\t\t\t\t\t\t\t\t\t\t\t\t\t\t\t\t\t\t\t\t\t\t\t<\/div>\n\t\t\t\t\t\t\t\t\t<\/li>\n\t\t\t\t\t\t\t\t\t\t\t\t\t\t\t\t\t<li data-mute=\"yes\" data-loop=\"yes\" data-autoplay=\"yes\">\n\t\t\t\t\t\t\t\t\t\t<div class=\"slide-content-container slide-content-left\" style=\"display: none;\">\n\t\t\t\t\t\t\t\t\t\t\t<div class=\"slide-content\" style=\"\">\n\t\t\t\t\t\t\t\t\t\t\t\t\t\t\t\t\t\t\t\t\t\t\t\t\t<div class=\"heading with-bg\">\n\t\t\t\t\t\t\t\t\t\t\t\t\t\t<div class=\"fusion-title-sc-wrapper\" style=\"background-color: rgba(0,0,0, 0.4);\">\n\t\t\t\t\t\t\t\t\t\t\t\t\t\t\t<div class=\"fusion-title title fusion-title-3 fusion-sep-none fusion-title-text fusion-title-size-two\" style=\"--awb-margin-bottom:0px;--awb-margin-top-small:0px;--awb-margin-right-small:0px;--awb-margin-bottom-small:20px;--awb-margin-left-small:0px;--awb-font-size:60px;\"><h2 class=\"fusion-title-heading title-heading-left\" style=\"margin:0;font-size:1em;line-height:80px;\">Seit 1998 gerechtfertigte<\/h2><\/div>\t\t\t\t\t\t\t\t\t\t\t\t\t\t<\/div>\n\t\t\t\t\t\t\t\t\t\t\t\t\t<\/div>\n\t\t\t\t\t\t\t\t\t\t\t\t\t\t\t\t\t\t\t\t\t\t\t\t\t\t\t\t\t\t\t\t\t\t\t\t\t<div class=\"caption with-bg\">\n\t\t\t\t\t\t\t\t\t\t\t\t\t\t<div class=\"fusion-title-sc-wrapper\" style=\"background-color: rgba(0, 0, 0, 0.4);\">\n\t\t\t\t\t\t\t\t\t\t\t\t\t\t\t<div class=\"fusion-title title fusion-title-4 fusion-sep-none fusion-title-text fusion-title-size-two\" style=\"--awb-margin-bottom:0px;--awb-margin-top-small:0px;--awb-margin-right-small:0px;--awb-margin-bottom-small:20px;--awb-margin-left-small:0px;--awb-font-size:24px;\"><h2 class=\"fusion-title-heading title-heading-left\" style=\"margin:0;font-size:1em;line-height:38px;\">Pflegeleistungen f&uuml;r alle Pflegebed&uuml;rftigen.<\/h2><\/div>\t\t\t\t\t\t\t\t\t\t\t\t\t\t<\/div>\n\t\t\t\t\t\t\t\t\t\t\t\t\t<\/div>\n\t\t\t\t\t\t\t\t\t\t\t\t\t\t\t\t\t\t\t\t\t\t\t\t\t\t\t\t\t\t\t\t\t\t\t\t\t<div class=\"buttons\">\n\t\t\t\t\t\t\t\t\t\t\t\t\t\t\t\t\t\t\t\t\t\t\t\t\t\t\t\t\t<div class=\"tfs-button-1\"><div class=\"fusion-button-wrapper\"><a class=\"fusion-button button-flat fusion-button-default-size button-default fusion-button-default button-1 fusion-button-default-span fusion-button-default-type\" target=\"_self\" href=\"https:\/\/www.bwpn.de\/pflegenetzwerk\/mit-widerspruch-zum-gerechten-pflegegrad\/\"><span class=\"fusion-button-text awb-button__text awb-button__text--default\">Mehr Informationen<\/span><\/a><\/div><\/div>\n\t\t\t\t\t\t\t\t\t\t\t\t\t\t\t\t\t\t\t\t\t\t\t\t\t\t\t\t\t\t\t\t\t\t\t\t\t\t\t\t\t<\/div>\n\t\t\t\t\t\t\t\t\t\t\t\t\t\t\t\t\t\t\t\t\t\t\t<\/div>\n\t\t\t\t\t\t\t\t\t\t<\/div>\n\t\t\t\t\t\t\t\t\t\t\t\t\t\t\t\t\t\t\t\t\t\t\t\t\t\t\t\t\t\t\t\t\t\t\t\t\t\t\t\t<div class=\"background background-image\" style=\"background-image: url(https:\/\/www.bwpn.de\/pflegenetzwerk\/wp-content\/uploads\/2014\/11\/widerspruch-genehmigt-stempel-gross.jpg);max-width:100%;height:400px;filter: progid:DXImageTransform.Microsoft.AlphaImageLoader(src='https:\/\/www.bwpn.de\/pflegenetzwerk\/wp-content\/uploads\/2014\/11\/widerspruch-genehmigt-stempel-gross.jpg', sizingMethod='scale');\" data-imgwidth=\"4288\">\n\t\t\t\t\t\t\t\t\t\t\t\t\t\t\t\t\t\t\t\t\t\t\t\t\t\t\t\t\t\t\t\t\t\t\t\t\t\t\t\t\t\t\t\t\t\t\t\t\t\t\t\t\t\t\t\t\t\t\t\t\t\t\t\t\t\t<\/div>\n\t\t\t\t\t\t\t\t\t<\/li>\n\t\t\t\t\t\t\t\t\t\t\t\t\t\t\t\t\t\t\t\t\t\t\t<\/ul>\n\t\t\t\t\t\t<\/div>\n\t\t\t\t\t<\/div>\n\t\t\t\t\t\t\t\t\n<p>&nbsp;<\/p>\n<h3>Mehr von unseren Pflegeexperten<\/h3>\n<div class=\"fusion-blog-shortcode fusion-blog-shortcode-1 fusion-blog-archive fusion-blog-layout-grid-wrapper fusion-blog-pagination\" style=\"--grid_separator_color:#8bc34a;\"><style type=\"text\/css\">.fusion-blog-shortcode-1 .fusion-blog-layout-grid .fusion-post-grid{padding:20px;}.fusion-blog-shortcode-1 .fusion-posts-container{margin-left: -20px !important; margin-right:-20px !important;}<\/style><div class=\"fusion-posts-container fusion-posts-container-pagination fusion-no-meta-info fusion-blog-rollover fusion-blog-layout-grid fusion-blog-layout-grid-3 isotope fusion-blog-equal-heights\" data-pages=\"4\" data-grid-col-space=\"40\" style=\"margin: -20px -20px 0;min-height:500px;\"><article id=\"blog-1-post-7353\" class=\"fusion-post-grid post-7353 post type-post status-publish format-standard has-post-thumbnail hentry category-widerspruch-pflegegrad tag-abgelehnt tag-pflegeantrag tag-pflegegrad tag-widerspruch\">\n<div class=\"fusion-post-wrapper\" style=\"background-color:rgba(255,255,255,0);border:1px solid #ebeaea;border-bottom-width:3px;\">\n\n\t\t\t<div class=\"fusion-flexslider flexslider fusion-flexslider-loading fusion-post-slideshow\" style=\"border-color:#ebeaea;\">\n\t\t<ul class=\"slides\">\n\t\t\t\n\t\t\t\t\t\t\t\t\t\t\t\t\t\t<li><div class=\"fusion-image-wrapper\" aria-haspopup=\"true\">\n\t\t\t\t<img loading=\"lazy\" decoding=\"async\" width=\"1200\" height=\"800\" src=\"https:\/\/www.bwpn.de\/pflegenetzwerk\/wp-content\/uploads\/2023\/05\/BWPN_Pflegegrad-abgelehnt-Widerspruch-einlegen.jpg\" class=\"attachment-full size-full wp-post-image\" alt=\"Pflegegrad abgelehnt: Widerspruch einlegen!\" srcset=\"https:\/\/www.bwpn.de\/pflegenetzwerk\/wp-content\/uploads\/2023\/05\/BWPN_Pflegegrad-abgelehnt-Widerspruch-einlegen-200x133.jpg 200w, https:\/\/www.bwpn.de\/pflegenetzwerk\/wp-content\/uploads\/2023\/05\/BWPN_Pflegegrad-abgelehnt-Widerspruch-einlegen-400x267.jpg 400w, https:\/\/www.bwpn.de\/pflegenetzwerk\/wp-content\/uploads\/2023\/05\/BWPN_Pflegegrad-abgelehnt-Widerspruch-einlegen-600x400.jpg 600w, https:\/\/www.bwpn.de\/pflegenetzwerk\/wp-content\/uploads\/2023\/05\/BWPN_Pflegegrad-abgelehnt-Widerspruch-einlegen-800x533.jpg 800w, https:\/\/www.bwpn.de\/pflegenetzwerk\/wp-content\/uploads\/2023\/05\/BWPN_Pflegegrad-abgelehnt-Widerspruch-einlegen.jpg 1200w\" sizes=\"auto, (min-width: 2200px) 100vw, (min-width: 824px) 340px, (min-width: 732px) 510px, (min-width: 640px) 732px, \" title=\"\"><div class=\"fusion-rollover\">\n\t<div class=\"fusion-rollover-content\">\n\n\t\t\t\t\t\t\t\t\t\t\t\t\t\t<a class=\"fusion-rollover-link\" href=\"https:\/\/www.bwpn.de\/pflegenetzwerk\/pflegegrad-abgelehnt-widerspruch-einlegen\/\">Pflegegrad abgelehnt: Widerspruch einlegen!<\/a>\n\t\t\t\n\t\t\t\t\t\t\t\t\t\t\t\t\t\t\n\t\t\t\t\t\t\t\t\n\t\t\t\t\t\t\t\t\t\t\t\t\t<div class=\"fusion-rollover-sep\"><\/div>\n\t\t\t\t\n\t\t\t\t\t\t\t\t\t\t\t\t\t\t\t\t\t\t<a class=\"fusion-rollover-gallery\" href=\"https:\/\/www.bwpn.de\/pflegenetzwerk\/wp-content\/uploads\/2023\/05\/BWPN_Pflegegrad-abgelehnt-Widerspruch-einlegen.jpg\" data-options=\"\" data-id=\"7353\" data-rel=\"iLightbox[gallery]\" data-title=\"BWPN_Pflegegrad-abgelehnt-Widerspruch-einlegen\" data-caption=\"(c) BWPN | Zinkevych - Getty\n(c) BWPN | shironosov - Getty\">\n\t\t\t\t\t\tGallerie\t\t\t\t\t<\/a>\n\t\t\t\t\t\t\t\t\t\t\t\t\t\t\n\t\t\n\t\t\t\t\t\t\t\t\t\t\t\t<h4 class=\"fusion-rollover-title\">\n\t\t\t\t\t<a class=\"fusion-rollover-title-link\" href=\"https:\/\/www.bwpn.de\/pflegenetzwerk\/pflegegrad-abgelehnt-widerspruch-einlegen\/\">\n\t\t\t\t\t\tPflegegrad abgelehnt: Widerspruch einlegen!\t\t\t\t\t<\/a>\n\t\t\t\t<\/h4>\n\t\t\t\n\t\t\t\t\t\t\t\t\t\t<div class=\"fusion-rollover-categories\"><a href=\"https:\/\/www.bwpn.de\/pflegenetzwerk\/widerspruch\/widerspruch-pflegegrad\/\" rel=\"tag\">Widerspruch Pflegegrad<\/a><\/div>\t\t\t\t\t\n\t\t\n\t\t\t\t\t\t<a class=\"fusion-link-wrapper\" href=\"https:\/\/www.bwpn.de\/pflegenetzwerk\/pflegegrad-abgelehnt-widerspruch-einlegen\/\" aria-label=\"Pflegegrad abgelehnt: Widerspruch einlegen!\"><\/a>\n\t<\/div>\n<\/div>\n<\/div>\n<\/li>\n\t\t\t\n\t\t\t\n\t\t\t\t\t\t\t\t\t\t\t\t\t\t\t\t\t\t\t\t\t\t\t\t\t\t\t\t\t\t\t\t\t\t\t\t\t\t\t\t\t\t\t\t\t\t\t\t\t\t\t\t\t\t\t\t\t\t\t\t\t\t\t\t\t\t\t\t<\/ul>\n\t<\/div>\n\t<div class=\"fusion-post-content-wrapper\" style=\"padding:30px 25px 20px 25px;\"><div class=\"fusion-post-content post-content\"><h2 class=\"blog-shortcode-post-title entry-title\"><a href=\"https:\/\/www.bwpn.de\/pflegenetzwerk\/pflegegrad-abgelehnt-widerspruch-einlegen\/\">Pflegegrad abgelehnt: Widerspruch einlegen!<\/a><\/h2><div class=\"fusion-post-content-container\"><p>  Inhaltsverzeichnis (&Uuml;berblick)  Entscheidung der Pflegekasse &uuml;ber den [...]<\/p><\/div><\/div><\/div><div class=\"fusion-clearfix\"><\/div><\/div>\n<\/article>\n<article id=\"blog-1-post-6566\" class=\"fusion-post-grid post-6566 post type-post status-publish format-standard has-post-thumbnail hentry category-pflegeleistungen tag-pflegeantrag tag-pflegegeld tag-widerspruch\">\n<div class=\"fusion-post-wrapper\" style=\"background-color:rgba(255,255,255,0);border:1px solid #ebeaea;border-bottom-width:3px;\">\n\n\t\t\t<div class=\"fusion-flexslider flexslider fusion-flexslider-loading fusion-post-slideshow\" style=\"border-color:#ebeaea;\">\n\t\t<ul class=\"slides\">\n\t\t\t\n\t\t\t\t\t\t\t\t\t\t\t\t\t\t<li><div class=\"fusion-image-wrapper\" aria-haspopup=\"true\">\n\t\t\t\t<img loading=\"lazy\" decoding=\"async\" width=\"1200\" height=\"800\" src=\"https:\/\/www.bwpn.de\/pflegenetzwerk\/wp-content\/uploads\/2022\/06\/Vollmacht-fuer-pflegende-Angehoerige-Pflege_BWPN.jpg\" class=\"attachment-full size-full wp-post-image\" alt=\"Vollmacht f&uuml;r pflegende Angeh&ouml;rige Pflege\" srcset=\"https:\/\/www.bwpn.de\/pflegenetzwerk\/wp-content\/uploads\/2022\/06\/Vollmacht-fuer-pflegende-Angehoerige-Pflege_BWPN-200x133.jpg 200w, https:\/\/www.bwpn.de\/pflegenetzwerk\/wp-content\/uploads\/2022\/06\/Vollmacht-fuer-pflegende-Angehoerige-Pflege_BWPN-400x267.jpg 400w, https:\/\/www.bwpn.de\/pflegenetzwerk\/wp-content\/uploads\/2022\/06\/Vollmacht-fuer-pflegende-Angehoerige-Pflege_BWPN-600x400.jpg 600w, https:\/\/www.bwpn.de\/pflegenetzwerk\/wp-content\/uploads\/2022\/06\/Vollmacht-fuer-pflegende-Angehoerige-Pflege_BWPN-800x533.jpg 800w, https:\/\/www.bwpn.de\/pflegenetzwerk\/wp-content\/uploads\/2022\/06\/Vollmacht-fuer-pflegende-Angehoerige-Pflege_BWPN.jpg 1200w\" sizes=\"auto, (min-width: 2200px) 100vw, (min-width: 824px) 340px, (min-width: 732px) 510px, (min-width: 640px) 732px, \" title=\"\"><div class=\"fusion-rollover\">\n\t<div class=\"fusion-rollover-content\">\n\n\t\t\t\t\t\t\t\t\t\t\t\t\t\t<a class=\"fusion-rollover-link\" href=\"https:\/\/www.bwpn.de\/pflegenetzwerk\/vollmacht-fuer-pflegende-angehoerige\/\">Vollmacht f&uuml;r pflegende Angeh&ouml;rige<\/a>\n\t\t\t\n\t\t\t\t\t\t\t\t\t\t\t\t\t\t\n\t\t\t\t\t\t\t\t\n\t\t\t\t\t\t\t\t\t\t\t\t\t<div class=\"fusion-rollover-sep\"><\/div>\n\t\t\t\t\n\t\t\t\t\t\t\t\t\t\t\t\t\t\t\t\t\t\t<a class=\"fusion-rollover-gallery\" href=\"https:\/\/www.bwpn.de\/pflegenetzwerk\/wp-content\/uploads\/2022\/06\/Vollmacht-fuer-pflegende-Angehoerige-Pflege_BWPN.jpg\" data-options=\"\" data-id=\"6566\" data-rel=\"iLightbox[gallery]\" data-title=\"Vollmacht f&uuml;r pflegende Angeh&ouml;rige Pflege_BWPN\" data-caption=\"(BWPN)\">\n\t\t\t\t\t\tGallerie\t\t\t\t\t<\/a>\n\t\t\t\t\t\t\t\t\t\t\t\t\t\t\n\t\t\n\t\t\t\t\t\t\t\t\t\t\t\t<h4 class=\"fusion-rollover-title\">\n\t\t\t\t\t<a class=\"fusion-rollover-title-link\" href=\"https:\/\/www.bwpn.de\/pflegenetzwerk\/vollmacht-fuer-pflegende-angehoerige\/\">\n\t\t\t\t\t\tVollmacht f&uuml;r pflegende Angeh&ouml;rige\t\t\t\t\t<\/a>\n\t\t\t\t<\/h4>\n\t\t\t\n\t\t\t\t\t\t\t\t\t\t<div class=\"fusion-rollover-categories\"><a href=\"https:\/\/www.bwpn.de\/pflegenetzwerk\/widerspruch\/pflegeleistungen\/\" rel=\"tag\">Pflegeleistungen<\/a><\/div>\t\t\t\t\t\n\t\t\n\t\t\t\t\t\t<a class=\"fusion-link-wrapper\" href=\"https:\/\/www.bwpn.de\/pflegenetzwerk\/vollmacht-fuer-pflegende-angehoerige\/\" aria-label=\"Vollmacht f&uuml;r pflegende Angeh&ouml;rige\"><\/a>\n\t<\/div>\n<\/div>\n<\/div>\n<\/li>\n\t\t\t\n\t\t\t\n\t\t\t\t\t\t\t\t\t\t\t\t\t\t\t\t\t\t\t\t\t\t\t\t\t\t\t\t\t\t\t\t\t\t\t\t\t\t\t\t\t\t\t\t\t\t\t\t\t\t\t\t\t\t\t\t\t\t\t\t\t\t\t\t\t\t\t\t<\/ul>\n\t<\/div>\n\t<div class=\"fusion-post-content-wrapper\" style=\"padding:30px 25px 20px 25px;\"><div class=\"fusion-post-content post-content\"><h2 class=\"blog-shortcode-post-title entry-title\"><a href=\"https:\/\/www.bwpn.de\/pflegenetzwerk\/vollmacht-fuer-pflegende-angehoerige\/\">Vollmacht f&uuml;r pflegende Angeh&ouml;rige<\/a><\/h2><div class=\"fusion-post-content-container\"><p> Wozu eine Vollmacht f&uuml;r <a href=\"https:\/\/www.bwpn.de\/pflegenetzwerk\/glossar\/pflegende-angehoerige\/\" target=\"_self\" title=\"Pflegende Angeh&ouml;rige leisten t&auml;glich eine unfassbar wertvolle Arbeit! Entegegen der&hellip;\" class=\"encyclopedia\">pflegende Angeh&ouml;rige<\/a>?  Es gibt [...]<\/p><\/div><\/div><\/div><div class=\"fusion-clearfix\"><\/div><\/div>\n<\/article>\n<article id=\"blog-1-post-6689\" class=\"fusion-post-grid post-6689 post type-post status-publish format-standard has-post-thumbnail hentry category-glossar category-widerspruch-pflegegrad tag-abgelehnt tag-pflegegrad tag-widerspruch\">\n<div class=\"fusion-post-wrapper\" style=\"background-color:rgba(255,255,255,0);border:1px solid #ebeaea;border-bottom-width:3px;\">\n\n\t\t\t<div class=\"fusion-flexslider flexslider fusion-flexslider-loading fusion-post-slideshow\" style=\"border-color:#ebeaea;\">\n\t\t<ul class=\"slides\">\n\t\t\t\n\t\t\t\t\t\t\t\t\t\t\t\t\t\t<li><div class=\"fusion-image-wrapper\" aria-haspopup=\"true\">\n\t\t\t\t<img loading=\"lazy\" decoding=\"async\" width=\"1200\" height=\"800\" src=\"https:\/\/www.bwpn.de\/pflegenetzwerk\/wp-content\/uploads\/2022\/09\/BWPN-Beitrag-Ablehnung-der-Einstufung.jpg\" class=\"attachment-full size-full wp-post-image\" alt=\"Ablehnung der Pflegegrad-Einstufung\" srcset=\"https:\/\/www.bwpn.de\/pflegenetzwerk\/wp-content\/uploads\/2022\/09\/BWPN-Beitrag-Ablehnung-der-Einstufung-200x133.jpg 200w, https:\/\/www.bwpn.de\/pflegenetzwerk\/wp-content\/uploads\/2022\/09\/BWPN-Beitrag-Ablehnung-der-Einstufung-400x267.jpg 400w, https:\/\/www.bwpn.de\/pflegenetzwerk\/wp-content\/uploads\/2022\/09\/BWPN-Beitrag-Ablehnung-der-Einstufung-600x400.jpg 600w, https:\/\/www.bwpn.de\/pflegenetzwerk\/wp-content\/uploads\/2022\/09\/BWPN-Beitrag-Ablehnung-der-Einstufung-800x533.jpg 800w, https:\/\/www.bwpn.de\/pflegenetzwerk\/wp-content\/uploads\/2022\/09\/BWPN-Beitrag-Ablehnung-der-Einstufung.jpg 1200w\" sizes=\"auto, (min-width: 2200px) 100vw, (min-width: 824px) 340px, (min-width: 732px) 510px, (min-width: 640px) 732px, \" title=\"\"><div class=\"fusion-rollover\">\n\t<div class=\"fusion-rollover-content\">\n\n\t\t\t\t\t\t\t\t\t\t\t\t\t\t<a class=\"fusion-rollover-link\" href=\"https:\/\/www.bwpn.de\/pflegenetzwerk\/ablehnung-der-einstufung\/\">Ablehnung der Einstufung<\/a>\n\t\t\t\n\t\t\t\t\t\t\t\t\t\t\t\t\t\t\n\t\t\t\t\t\t\t\t\n\t\t\t\t\t\t\t\t\t\t\t\t\t<div class=\"fusion-rollover-sep\"><\/div>\n\t\t\t\t\n\t\t\t\t\t\t\t\t\t\t\t\t\t\t\t\t\t\t<a class=\"fusion-rollover-gallery\" href=\"https:\/\/www.bwpn.de\/pflegenetzwerk\/wp-content\/uploads\/2022\/09\/BWPN-Beitrag-Ablehnung-der-Einstufung.jpg\" data-options=\"\" data-id=\"6689\" data-rel=\"iLightbox[gallery]\" data-title=\"BWPN-Beitrag-Ablehnung-der-Einstufung\" data-caption=\"(C) BWPN | Manuel Faba Ortega - Getty Images\">\n\t\t\t\t\t\tGallerie\t\t\t\t\t<\/a>\n\t\t\t\t\t\t\t\t\t\t\t\t\t\t\n\t\t\n\t\t\t\t\t\t\t\t\t\t\t\t<h4 class=\"fusion-rollover-title\">\n\t\t\t\t\t<a class=\"fusion-rollover-title-link\" href=\"https:\/\/www.bwpn.de\/pflegenetzwerk\/ablehnung-der-einstufung\/\">\n\t\t\t\t\t\tAblehnung der Einstufung\t\t\t\t\t<\/a>\n\t\t\t\t<\/h4>\n\t\t\t\n\t\t\t\t\t\t\t\t\t\t<div class=\"fusion-rollover-categories\"><a href=\"https:\/\/www.bwpn.de\/pflegenetzwerk\/widerspruch\/glossar\/\" rel=\"tag\">Glossar<\/a>, <a href=\"https:\/\/www.bwpn.de\/pflegenetzwerk\/widerspruch\/widerspruch-pflegegrad\/\" rel=\"tag\">Widerspruch Pflegegrad<\/a><\/div>\t\t\t\t\t\n\t\t\n\t\t\t\t\t\t<a class=\"fusion-link-wrapper\" href=\"https:\/\/www.bwpn.de\/pflegenetzwerk\/ablehnung-der-einstufung\/\" aria-label=\"Ablehnung der Einstufung\"><\/a>\n\t<\/div>\n<\/div>\n<\/div>\n<\/li>\n\t\t\t\n\t\t\t\n\t\t\t\t\t\t\t\t\t\t\t\t\t\t\t\t\t\t\t\t\t\t\t\t\t\t\t\t\t\t\t\t\t\t\t\t\t\t\t\t\t\t\t\t\t\t\t\t\t\t\t\t\t\t\t\t\t\t\t\t\t\t\t\t\t\t\t\t<\/ul>\n\t<\/div>\n\t<div class=\"fusion-post-content-wrapper\" style=\"padding:30px 25px 20px 25px;\"><div class=\"fusion-post-content post-content\"><h2 class=\"blog-shortcode-post-title entry-title\"><a href=\"https:\/\/www.bwpn.de\/pflegenetzwerk\/ablehnung-der-einstufung\/\">Ablehnung der Einstufung<\/a><\/h2><div class=\"fusion-post-content-container\"><p> <a href=\"https:\/\/www.bwpn.de\/pflegenetzwerk\/glossar\/ablehnung-der-einstufung\/\" target=\"_self\" title=\"Die Begutachtung des Medizinischen Dienstes der Krankenkassen (MDK) hat ergeben,&hellip;\" class=\"encyclopedia\">Ablehnung der Einstufung<\/a>  Die Begutachtung des Medizinischen Dienstes [...]<\/p><\/div><\/div><\/div><div class=\"fusion-clearfix\"><\/div><\/div>\n<\/article>\n<article id=\"blog-1-post-3263\" class=\"fusion-post-grid post-3263 post type-post status-publish format-standard has-post-thumbnail hentry category-pflegeleistungen category-pflegegrad tag-autismus-spektrum-stoerung tag-kinder tag-pflegeantrag tag-pflegegrad\">\n<div class=\"fusion-post-wrapper\" style=\"background-color:rgba(255,255,255,0);border:1px solid #ebeaea;border-bottom-width:3px;\">\n\n\t\t\t<div class=\"fusion-flexslider flexslider fusion-flexslider-loading fusion-post-slideshow\" style=\"border-color:#ebeaea;\">\n\t\t<ul class=\"slides\">\n\t\t\t\n\t\t\t\t\t\t\t\t\t\t\t\t\t\t<li><div class=\"fusion-image-wrapper\" aria-haspopup=\"true\">\n\t\t\t\t<img loading=\"lazy\" decoding=\"async\" width=\"1200\" height=\"800\" src=\"https:\/\/www.bwpn.de\/pflegenetzwerk\/wp-content\/uploads\/2019\/02\/BWPN-Autismus-Spektrum-St%C3%B6rung.jpg\" class=\"attachment-full size-full wp-post-image\" alt=\"Kinder mit Autismus-Spektrum-St&ouml;rung\" srcset=\"https:\/\/www.bwpn.de\/pflegenetzwerk\/wp-content\/uploads\/2019\/02\/BWPN-Autismus-Spektrum-St&ouml;rung-200x133.jpg 200w, https:\/\/www.bwpn.de\/pflegenetzwerk\/wp-content\/uploads\/2019\/02\/BWPN-Autismus-Spektrum-St&ouml;rung-400x267.jpg 400w, https:\/\/www.bwpn.de\/pflegenetzwerk\/wp-content\/uploads\/2019\/02\/BWPN-Autismus-Spektrum-St&ouml;rung-600x400.jpg 600w, https:\/\/www.bwpn.de\/pflegenetzwerk\/wp-content\/uploads\/2019\/02\/BWPN-Autismus-Spektrum-St&ouml;rung-800x533.jpg 800w, https:\/\/www.bwpn.de\/pflegenetzwerk\/wp-content\/uploads\/2019\/02\/BWPN-Autismus-Spektrum-St&ouml;rung.jpg 1200w\" sizes=\"auto, (min-width: 2200px) 100vw, (min-width: 824px) 340px, (min-width: 732px) 510px, (min-width: 640px) 732px, \" title=\"\"><div class=\"fusion-rollover\">\n\t<div class=\"fusion-rollover-content\">\n\n\t\t\t\t\t\t\t\t\t\t\t\t\t\t<a class=\"fusion-rollover-link\" href=\"https:\/\/www.bwpn.de\/pflegenetzwerk\/pflegeantrag-bei-kindern-mit-einer-autismus-spektrum-stoerung\/\">Pflegeantrag bei Kindern mit einer Autismus-Spektrum-St&ouml;rung<\/a>\n\t\t\t\n\t\t\t\t\t\t\t\t\t\t\t\t\t\t\n\t\t\t\t\t\t\t\t\n\t\t\t\t\t\t\t\t\t\t\t\t\t<div class=\"fusion-rollover-sep\"><\/div>\n\t\t\t\t\n\t\t\t\t\t\t\t\t\t\t\t\t\t\t\t\t\t\t<a class=\"fusion-rollover-gallery\" href=\"https:\/\/www.bwpn.de\/pflegenetzwerk\/wp-content\/uploads\/2019\/02\/BWPN-Autismus-Spektrum-St%C3%B6rung.jpg\" data-options=\"\" data-id=\"3263\" data-rel=\"iLightbox[gallery]\" data-title=\"BWPN-Autismus-Spektrum-St&ouml;rung\" data-caption=\"(C) BWPN\">\n\t\t\t\t\t\tGallerie\t\t\t\t\t<\/a>\n\t\t\t\t\t\t\t\t\t\t\t\t\t\t\n\t\t\n\t\t\t\t\t\t\t\t\t\t\t\t<h4 class=\"fusion-rollover-title\">\n\t\t\t\t\t<a class=\"fusion-rollover-title-link\" href=\"https:\/\/www.bwpn.de\/pflegenetzwerk\/pflegeantrag-bei-kindern-mit-einer-autismus-spektrum-stoerung\/\">\n\t\t\t\t\t\tPflegeantrag bei Kindern mit einer Autismus-Spektrum-St&ouml;rung\t\t\t\t\t<\/a>\n\t\t\t\t<\/h4>\n\t\t\t\n\t\t\t\t\t\t\t\t\t\t<div class=\"fusion-rollover-categories\"><a href=\"https:\/\/www.bwpn.de\/pflegenetzwerk\/widerspruch\/pflegeleistungen\/\" rel=\"tag\">Pflegeleistungen<\/a>, <a href=\"https:\/\/www.bwpn.de\/pflegenetzwerk\/widerspruch\/pflegegrad\/\" rel=\"tag\">Pflegegrad<\/a><\/div>\t\t\t\t\t\n\t\t\n\t\t\t\t\t\t<a class=\"fusion-link-wrapper\" href=\"https:\/\/www.bwpn.de\/pflegenetzwerk\/pflegeantrag-bei-kindern-mit-einer-autismus-spektrum-stoerung\/\" aria-label=\"Pflegeantrag bei Kindern mit einer Autismus-Spektrum-St&ouml;rung\"><\/a>\n\t<\/div>\n<\/div>\n<\/div>\n<\/li>\n\t\t\t\n\t\t\t\n\t\t\t\t\t\t\t\t\t\t\t\t\t\t\t\t\t\t\t\t\t\t\t\t\t\t\t\t\t\t\t\t\t\t\t\t\t\t\t\t\t\t\t\t\t\t\t\t\t\t\t\t\t\t\t\t\t\t\t\t\t\t\t\t\t\t\t\t<\/ul>\n\t<\/div>\n\t<div class=\"fusion-post-content-wrapper\" style=\"padding:30px 25px 20px 25px;\"><div class=\"fusion-post-content post-content\"><h2 class=\"blog-shortcode-post-title entry-title\"><a href=\"https:\/\/www.bwpn.de\/pflegenetzwerk\/pflegeantrag-bei-kindern-mit-einer-autismus-spektrum-stoerung\/\">Pflegeantrag bei Kindern mit einer Autismus-Spektrum-St&ouml;rung<\/a><\/h2><div class=\"fusion-post-content-container\"><p> Was verstehen Fachleute unter einer <a href=\"https:\/\/www.bwpn.de\/pflegenetzwerk\/glossar\/autismus\/\" target=\"_self\" title=\"Autismus-Spektrum-St&ouml;rung Autismus-Spektrum-St&ouml;rungen sind tiefgreifende Entwicklungsst&ouml;rungen, die u. a. durch ein&hellip;\" class=\"encyclopedia\">Autismus<\/a>-Spektrum-St&ouml;rung? Autismus ist eine [...]<\/p><\/div><\/div><\/div><div class=\"fusion-clearfix\"><\/div><\/div>\n<\/article>\n<article id=\"blog-1-post-3458\" class=\"fusion-post-grid post-3458 post type-post status-publish format-standard has-post-thumbnail hentry category-pflegeleistungen category-pflegegrad tag-depression tag-modul-3 tag-pflegeantrag tag-pflegegrad tag-pflegestufe\">\n<div class=\"fusion-post-wrapper\" style=\"background-color:rgba(255,255,255,0);border:1px solid #ebeaea;border-bottom-width:3px;\">\n\n\t\t\t<div class=\"fusion-flexslider flexslider fusion-flexslider-loading fusion-post-slideshow\" style=\"border-color:#ebeaea;\">\n\t\t<ul class=\"slides\">\n\t\t\t\n\t\t\t\t\t\t\t\t\t\t\t\t\t\t<li><div class=\"fusion-image-wrapper\" aria-haspopup=\"true\">\n\t\t\t\t<img loading=\"lazy\" decoding=\"async\" width=\"1200\" height=\"800\" src=\"https:\/\/www.bwpn.de\/pflegenetzwerk\/wp-content\/uploads\/2019\/08\/BWPN-Pflegeantrag-bei-Depression.jpg\" class=\"attachment-full size-full wp-post-image\" alt=\"BWPN-Pflegeantrag-bei-Depression\" srcset=\"https:\/\/www.bwpn.de\/pflegenetzwerk\/wp-content\/uploads\/2019\/08\/BWPN-Pflegeantrag-bei-Depression-200x133.jpg 200w, https:\/\/www.bwpn.de\/pflegenetzwerk\/wp-content\/uploads\/2019\/08\/BWPN-Pflegeantrag-bei-Depression-400x267.jpg 400w, https:\/\/www.bwpn.de\/pflegenetzwerk\/wp-content\/uploads\/2019\/08\/BWPN-Pflegeantrag-bei-Depression-600x400.jpg 600w, https:\/\/www.bwpn.de\/pflegenetzwerk\/wp-content\/uploads\/2019\/08\/BWPN-Pflegeantrag-bei-Depression-800x533.jpg 800w, https:\/\/www.bwpn.de\/pflegenetzwerk\/wp-content\/uploads\/2019\/08\/BWPN-Pflegeantrag-bei-Depression.jpg 1200w\" sizes=\"auto, (min-width: 2200px) 100vw, (min-width: 824px) 340px, (min-width: 732px) 510px, (min-width: 640px) 732px, \" title=\"\"><div class=\"fusion-rollover\">\n\t<div class=\"fusion-rollover-content\">\n\n\t\t\t\t\t\t\t\t\t\t\t\t\t\t<a class=\"fusion-rollover-link\" href=\"https:\/\/www.bwpn.de\/pflegenetzwerk\/pflegeantrag-bei-depression\/\">Pflegeantrag bei Depression<\/a>\n\t\t\t\n\t\t\t\t\t\t\t\t\t\t\t\t\t\t\n\t\t\t\t\t\t\t\t\n\t\t\t\t\t\t\t\t\t\t\t\t\t<div class=\"fusion-rollover-sep\"><\/div>\n\t\t\t\t\n\t\t\t\t\t\t\t\t\t\t\t\t\t\t\t\t\t\t<a class=\"fusion-rollover-gallery\" href=\"https:\/\/www.bwpn.de\/pflegenetzwerk\/wp-content\/uploads\/2019\/08\/BWPN-Pflegeantrag-bei-Depression.jpg\" data-options=\"\" data-id=\"3458\" data-rel=\"iLightbox[gallery]\" data-title=\"BWPN-Pflegeantrag-bei-Depression\" data-caption=\"&copy;highwaystarz - stock.adobe.com\">\n\t\t\t\t\t\tGallerie\t\t\t\t\t<\/a>\n\t\t\t\t\t\t\t\t\t\t\t\t\t\t\n\t\t\n\t\t\t\t\t\t\t\t\t\t\t\t<h4 class=\"fusion-rollover-title\">\n\t\t\t\t\t<a class=\"fusion-rollover-title-link\" href=\"https:\/\/www.bwpn.de\/pflegenetzwerk\/pflegeantrag-bei-depression\/\">\n\t\t\t\t\t\tPflegeantrag bei Depression\t\t\t\t\t<\/a>\n\t\t\t\t<\/h4>\n\t\t\t\n\t\t\t\t\t\t\t\t\t\t<div class=\"fusion-rollover-categories\"><a href=\"https:\/\/www.bwpn.de\/pflegenetzwerk\/widerspruch\/pflegeleistungen\/\" rel=\"tag\">Pflegeleistungen<\/a>, <a href=\"https:\/\/www.bwpn.de\/pflegenetzwerk\/widerspruch\/pflegegrad\/\" rel=\"tag\">Pflegegrad<\/a><\/div>\t\t\t\t\t\n\t\t\n\t\t\t\t\t\t<a class=\"fusion-link-wrapper\" href=\"https:\/\/www.bwpn.de\/pflegenetzwerk\/pflegeantrag-bei-depression\/\" aria-label=\"Pflegeantrag bei Depression\"><\/a>\n\t<\/div>\n<\/div>\n<\/div>\n<\/li>\n\t\t\t\n\t\t\t\n\t\t\t\t\t\t\t\t\t\t\t\t\t\t\t\t\t\t\t\t\t\t\t\t\t\t\t\t\t\t\t\t\t\t\t\t\t\t\t\t\t\t\t\t\t\t\t\t\t\t\t\t\t\t\t\t\t\t\t\t\t\t\t\t\t\t\t\t<\/ul>\n\t<\/div>\n\t<div class=\"fusion-post-content-wrapper\" style=\"padding:30px 25px 20px 25px;\"><div class=\"fusion-post-content post-content\"><h2 class=\"blog-shortcode-post-title entry-title\"><a href=\"https:\/\/www.bwpn.de\/pflegenetzwerk\/pflegeantrag-bei-depression\/\">Pflegeantrag bei Depression<\/a><\/h2><div class=\"fusion-post-content-container\"><p> Gibt es &uuml;berhaupt einen Pflegegrad bei Depression?  Werden [...]<\/p><\/div><\/div><\/div><div class=\"fusion-clearfix\"><\/div><\/div>\n<\/article>\n<article id=\"blog-1-post-5513\" class=\"fusion-post-grid post-5513 post type-post status-publish format-standard has-post-thumbnail hentry category-allgemein tag-pflegegrad tag-pflegetelefon tag-widerspruch\">\n<div class=\"fusion-post-wrapper\" style=\"background-color:rgba(255,255,255,0);border:1px solid #ebeaea;border-bottom-width:3px;\">\n\n\t\t\t<div class=\"fusion-flexslider flexslider fusion-flexslider-loading fusion-post-slideshow\" style=\"border-color:#ebeaea;\">\n\t\t<ul class=\"slides\">\n\t\t\t\n\t\t\t\t\t\t\t\t\t\t\t\t\t\t<li><div class=\"fusion-image-wrapper\" aria-haspopup=\"true\">\n\t\t\t\t<img loading=\"lazy\" decoding=\"async\" width=\"1200\" height=\"800\" src=\"https:\/\/www.bwpn.de\/pflegenetzwerk\/wp-content\/uploads\/2021\/09\/Haeufige-Fragen-Pflegetelefon_Bundesweites-Pflegenetzwerk.jpg\" class=\"attachment-full size-full wp-post-image\" alt=\"H&auml;ufige Fragen (FAQ) am bundesweiten Pflegetelefon\" srcset=\"https:\/\/www.bwpn.de\/pflegenetzwerk\/wp-content\/uploads\/2021\/09\/Haeufige-Fragen-Pflegetelefon_Bundesweites-Pflegenetzwerk-200x133.jpg 200w, https:\/\/www.bwpn.de\/pflegenetzwerk\/wp-content\/uploads\/2021\/09\/Haeufige-Fragen-Pflegetelefon_Bundesweites-Pflegenetzwerk-400x267.jpg 400w, https:\/\/www.bwpn.de\/pflegenetzwerk\/wp-content\/uploads\/2021\/09\/Haeufige-Fragen-Pflegetelefon_Bundesweites-Pflegenetzwerk-600x400.jpg 600w, https:\/\/www.bwpn.de\/pflegenetzwerk\/wp-content\/uploads\/2021\/09\/Haeufige-Fragen-Pflegetelefon_Bundesweites-Pflegenetzwerk-800x533.jpg 800w, https:\/\/www.bwpn.de\/pflegenetzwerk\/wp-content\/uploads\/2021\/09\/Haeufige-Fragen-Pflegetelefon_Bundesweites-Pflegenetzwerk.jpg 1200w\" sizes=\"auto, (min-width: 2200px) 100vw, (min-width: 824px) 340px, (min-width: 732px) 510px, (min-width: 640px) 732px, \" title=\"\"><div class=\"fusion-rollover\">\n\t<div class=\"fusion-rollover-content\">\n\n\t\t\t\t\t\t\t\t\t\t\t\t\t\t<a class=\"fusion-rollover-link\" href=\"https:\/\/www.bwpn.de\/pflegenetzwerk\/haeufige-fragen-faq-am-bundesweiten-pflegetelefon\/\">H&auml;ufige Fragen (FAQ) am bundesweiten Pflegetelefon<\/a>\n\t\t\t\n\t\t\t\t\t\t\t\t\t\t\t\t\t\t\n\t\t\t\t\t\t\t\t\n\t\t\t\t\t\t\t\t\t\t\t\t\t<div class=\"fusion-rollover-sep\"><\/div>\n\t\t\t\t\n\t\t\t\t\t\t\t\t\t\t\t\t\t\t\t\t\t\t<a class=\"fusion-rollover-gallery\" href=\"https:\/\/www.bwpn.de\/pflegenetzwerk\/wp-content\/uploads\/2021\/09\/Haeufige-Fragen-Pflegetelefon_Bundesweites-Pflegenetzwerk.jpg\" data-options=\"\" data-id=\"5513\" data-rel=\"iLightbox[gallery]\" data-title=\"H&auml;ufige-Fragen-Pflegetelefon_Bundesweites-Pflegenetzwerk\" data-caption=\"(C) BWPN | Tashatuvango - Getty Images\">\n\t\t\t\t\t\tGallerie\t\t\t\t\t<\/a>\n\t\t\t\t\t\t\t\t\t\t\t\t\t\t\n\t\t\n\t\t\t\t\t\t\t\t\t\t\t\t<h4 class=\"fusion-rollover-title\">\n\t\t\t\t\t<a class=\"fusion-rollover-title-link\" href=\"https:\/\/www.bwpn.de\/pflegenetzwerk\/haeufige-fragen-faq-am-bundesweiten-pflegetelefon\/\">\n\t\t\t\t\t\tH&auml;ufige Fragen (FAQ) am bundesweiten Pflegetelefon\t\t\t\t\t<\/a>\n\t\t\t\t<\/h4>\n\t\t\t\n\t\t\t\t\t\t\t\t\t\t<div class=\"fusion-rollover-categories\"><a href=\"https:\/\/www.bwpn.de\/pflegenetzwerk\/widerspruch\/allgemein\/\" rel=\"tag\">Allgemein<\/a><\/div>\t\t\t\t\t\n\t\t\n\t\t\t\t\t\t<a class=\"fusion-link-wrapper\" href=\"https:\/\/www.bwpn.de\/pflegenetzwerk\/haeufige-fragen-faq-am-bundesweiten-pflegetelefon\/\" aria-label=\"H&auml;ufige Fragen (FAQ) am bundesweiten Pflegetelefon\"><\/a>\n\t<\/div>\n<\/div>\n<\/div>\n<\/li>\n\t\t\t\n\t\t\t\n\t\t\t\t\t\t\t\t\t\t\t\t\t\t\t\t\t\t\t\t\t\t\t\t\t\t\t\t\t\t\t\t\t\t\t\t\t\t\t\t\t\t\t\t\t\t\t\t\t\t\t\t\t\t\t\t\t\t\t\t\t\t\t\t\t\t\t\t<\/ul>\n\t<\/div>\n\t<div class=\"fusion-post-content-wrapper\" style=\"padding:30px 25px 20px 25px;\"><div class=\"fusion-post-content post-content\"><h2 class=\"blog-shortcode-post-title entry-title\"><a href=\"https:\/\/www.bwpn.de\/pflegenetzwerk\/haeufige-fragen-faq-am-bundesweiten-pflegetelefon\/\">H&auml;ufige Fragen (FAQ) am bundesweiten Pflegetelefon<\/a><\/h2><div class=\"fusion-post-content-container\"><p> H&auml;ufige Fragen (FAQ) am bundesweiten <a href=\"https:\/\/www.bwpn.de\/pflegenetzwerk\/glossar\/pflegetelefon\/\" target=\"_self\" title=\"Vor vielen Jahren (2005) wurde das bundesweite Pflegetelefon eingef&uuml;hrt, als&hellip;\" class=\"encyclopedia\">Pflegetelefon<\/a>  Die unabh&auml;ngigen [...]<\/p><\/div><\/div><\/div><div class=\"fusion-clearfix\"><\/div><\/div>\n<\/article>\n<div class=\"fusion-clearfix\"><\/div><\/div><div class=\"pagination clearfix\"><span class=\"current\">1<\/span><a href=\"https:\/\/www.bwpn.de\/pflegenetzwerk\/wp-json\/wp\/v2\/encyclopedia\/3479\/page\/2\/\" class=\"inactive\">2<\/a><a class=\"pagination-next\" rel=\"next\" href=\"https:\/\/www.bwpn.de\/pflegenetzwerk\/wp-json\/wp\/v2\/encyclopedia\/3479\/page\/2\/\"><span class=\"page-text\">Vor<\/span><span class=\"page-next\"><\/span><\/a><\/div><div class=\"fusion-clearfix\"><\/div><\/div>\n","protected":false},"excerpt":{"rendered":"<p>Mit Einf\u00fchrung der Pflegegrade im Januar 2017 haben einige Unternehmer(innen) &#8211; oder die es werden wollen &#8211; vermeintlich einen Pflegemarkt f\u00fcr sich endeckt. In diesem Zusammenhang ist selbstverst\u00e4ndlich, wie in anderen Branchen auch, dass Internet sozusagen das &#8220;Aush\u00e4ngeschild&#8221;, also die Kontaktb\u00f6rse f\u00fcr Interessenten. Das es in der Pflegebranche noch dringender notwendig ist \u00fcber ausreichend Erfahrung  [&#8230;]<\/p>\n","protected":false},"author":2,"featured_media":0,"template":"","encyclopedia-category":[],"encyclopedia-tag":[180,225,307],"faq_category":[],"class_list":["post-3479","encyclopedia","type-encyclopedia","status-publish","hentry","encyclopedia-tag-pflegegrad","encyclopedia-tag-sachverhalte","encyclopedia-tag-widerspruch"],"_links":{"self":[{"href":"https:\/\/www.bwpn.de\/pflegenetzwerk\/wp-json\/wp\/v2\/encyclopedia\/3479","targetHints":{"allow":["GET"]}}],"collection":[{"href":"https:\/\/www.bwpn.de\/pflegenetzwerk\/wp-json\/wp\/v2\/encyclopedia"}],"about":[{"href":"https:\/\/www.bwpn.de\/pflegenetzwerk\/wp-json\/wp\/v2\/types\/encyclopedia"}],"author":[{"embeddable":true,"href":"https:\/\/www.bwpn.de\/pflegenetzwerk\/wp-json\/wp\/v2\/users\/2"}],"version-history":[{"count":5,"href":"https:\/\/www.bwpn.de\/pflegenetzwerk\/wp-json\/wp\/v2\/encyclopedia\/3479\/revisions"}],"predecessor-version":[{"id":3484,"href":"https:\/\/www.bwpn.de\/pflegenetzwerk\/wp-json\/wp\/v2\/encyclopedia\/3479\/revisions\/3484"}],"wp:attachment":[{"href":"https:\/\/www.bwpn.de\/pflegenetzwerk\/wp-json\/wp\/v2\/media?parent=3479"}],"wp:term":[{"taxonomy":"encyclopedia-category","embeddable":true,"href":"https:\/\/www.bwpn.de\/pflegenetzwerk\/wp-json\/wp\/v2\/encyclopedia-category?post=3479"},{"taxonomy":"encyclopedia-tag","embeddable":true,"href":"https:\/\/www.bwpn.de\/pflegenetzwerk\/wp-json\/wp\/v2\/encyclopedia-tag?post=3479"},{"taxonomy":"faq_category","embeddable":true,"href":"https:\/\/www.bwpn.de\/pflegenetzwerk\/wp-json\/wp\/v2\/faq_category?post=3479"}],"curies":[{"name":"wp","href":"https:\/\/api.w.org\/{rel}","templated":true}]}}