{"id":2213,"date":"2020-06-22T12:56:55","date_gmt":"2020-06-22T10:56:55","guid":{"rendered":"https:\/\/www.bwpn.de\/pflegenetzwerk\/?post_type=encyclopedia&#038;p=2213"},"modified":"2020-06-22T13:03:19","modified_gmt":"2020-06-22T11:03:19","slug":"kontaktpflege","status":"publish","type":"encyclopedia","link":"https:\/\/www.bwpn.de\/pflegenetzwerk\/glossar\/kontaktpflege\/","title":{"rendered":"Kontaktpflege"},"content":{"rendered":"<h1>Kontaktpflege im Modul 6<\/h1>\n<p>Definitionsgem&auml;&szlig; handelt es sich bei der <a href=\"https:\/\/www.bwpn.de\/pflegenetzwerk\/glossar\/kontaktpflege\/\" target=\"_self\" title=\"Kontaktpflege im Modul 6 Definitionsgem&auml;&szlig; handelt es sich bei der&hellip;\" class=\"encyclopedia\">Kontaktpflege<\/a>, einen f&uuml;r uns Menschen sehr wichtigen Punkt darum, bestehende Kontakte zu Freunden, Bekannten, Nachbarn aufrechterhalten, zu beenden oder zeitweise abzulehnen. Auch die F&auml;higkeit, mit technischen Kommunikationsmitteln wie Telefon umgehen zu k&ouml;nnen, um z. B. Besuche zu verabreden oder Telefon- oder Brief- oder Mail-Kontakte zu unterhalten, geh&ouml;rt dazu.<\/p>\n<blockquote>\n<h4>Interaktion mit Personen im direkten Kontakt und Kontaktpflege zu Personen au&szlig;erhalb des direkten Umfelds<\/h4>\n<\/blockquote>\n<p>Einfach ausgedr&uuml;ckt gibt es bei der Ermittlung von <a href=\"https:\/\/www.bwpn.de\/pflegenetzwerk\/glossar\/pflegebeduerftigkeit\/\" target=\"_self\" title=\"Einleitung Pflegebed&uuml;rftigkeit Pflegebed&uuml;rftigkeit betrifft inzwischen deutlich mehr als 3,5 Millionen&hellip;\" class=\"encyclopedia\">Pflegebed&uuml;rftigkeit<\/a> immer dann ber&uuml;cksichtigungsf&auml;hige Punkte, wenn gem&auml;&szlig; der nachfolgenden Tabelle Einschr&auml;nkungen vorhanden sind.<\/p>\n<h2>Tabelle zur Kontaktpflege im Modul 6<\/h2>\n\n<div class=\"table-2\">\n<table width=\"100%\">\n<thead>\n<tr>\n<th align=\"left\">Bezeichnung<\/th>\n<th align=\"left\">Beschreibung<\/th>\n<\/tr>\n<\/thead>\n<tbody>\n<tr>\n<td align=\"left\">Selbst&auml;ndig (0 Punkte)<\/td>\n<td align=\"left\">Die Person kann die beschriebene Aktivit&auml;t ohne personelle Hilfe durchf&uuml;hren.<\/td>\n<\/tr>\n<tr>\n<td align=\"left\">&Uuml;berwiegend selbst&auml;ndig (1 Punkt)<\/td>\n<td align=\"left\">Die Person kann planen, braucht aber Hilfe beim <a href=\"https:\/\/www.bwpn.de\/pflegenetzwerk\/glossar\/umsetzen\/\" target=\"_self\" title=\"Umsetzen im Sinne vom NBA definiert sich wie folgt: von&hellip;\" class=\"encyclopedia\">Umsetzen<\/a> wie z. B. Erinnerungszettel bereitlegen oder Telefonnummern mit Namen oder mit Bild versehen, Erinnern und Nachfragen, ob Kontakt hergestellt wurde, oder Erinnern an Terminabsprachen. Pflegeperson w&auml;hlt die Telefonnummer, die Person f&uuml;hrt dann das Gespr&auml;ch; oder die Person beauftragt die Pflegeperson, ein Treffen mit Freunden, Bekannten zu verabreden.<\/td>\n<\/tr>\n<tr>\n<td align=\"left\">&Uuml;berwiegend unselbst&auml;ndig (2 Punkte)<\/td>\n<td align=\"left\">Die Kontaktgestaltung der Person ist eher reaktiv. Sie sucht von sich aus kaum Kontakt, wirkt aber mit, wenn beispielsweise die Pflegeperson die Initiative ergreift. &Uuml;berwiegend unselbst&auml;ndig ist auch, wer aufgrund von somatischen Beeintr&auml;chtigungen w&auml;hrend der Kontaktaufnahme personelle Unterst&uuml;tzung durch die Bezugsperson, z. B. bei der Nutzung von Kommunikationshilfen (Telefon halten) oder bei der &Uuml;berwindung von Sprech-, Sprach- oder H&ouml;rproblemen, ben&ouml;tigt.<\/td>\n<\/tr>\n<tr>\n<td align=\"left\">Unselbst&auml;ndig (3 Punkte)<\/td>\n<td align=\"left\">Die Person nimmt keinen Kontakt au&szlig;erhalb des direkten Umfeldes auf und reagiert nicht auf Anregungen zur Kontaktaufnahme.<\/td>\n<\/tr>\n<\/tbody>\n<\/table>\n<\/div>\n<p>\n<\/p><p>Der oben stehenden Tabelle k&ouml;nnen Sie die m&ouml;glichen Punkte in diesem Bereich entnehmen. Das Modul flie&szlig;t mit 15 % in die Berechnung (Gewichtung) des Pflegegrades ein.<\/p>\n<p>&nbsp;<\/p>\n<h3>Mehr von unseren Pflegeexperten<\/h3>\n<div class=\"fusion-blog-shortcode fusion-blog-shortcode-1 fusion-blog-archive fusion-blog-layout-grid-wrapper fusion-blog-pagination\" style=\"--grid_separator_color:#8bc34a;\"><style type=\"text\/css\">.fusion-blog-shortcode-1 .fusion-blog-layout-grid .fusion-post-grid{padding:20px;}.fusion-blog-shortcode-1 .fusion-posts-container{margin-left: -20px !important; margin-right:-20px !important;}<\/style><div class=\"fusion-posts-container fusion-posts-container-pagination fusion-no-meta-info fusion-blog-rollover fusion-blog-layout-grid fusion-blog-layout-grid-3 isotope fusion-blog-equal-heights\" data-pages=\"4\" data-grid-col-space=\"40\" style=\"margin: -20px -20px 0;min-height:500px;\"><article id=\"blog-1-post-3894\" class=\"fusion-post-grid post-3894 post type-post status-publish format-standard has-post-thumbnail hentry category-pflegeleistungen category-pflegegrad tag-demenz tag-pflegeantrag tag-pflegegrad tag-pflegestufe tag-senilitaet\">\n<div class=\"fusion-post-wrapper\" style=\"background-color:rgba(255,255,255,0);border:1px solid #ebeaea;border-bottom-width:3px;\">\n\n\t\t\t<div class=\"fusion-flexslider flexslider fusion-flexslider-loading fusion-post-slideshow\" style=\"border-color:#ebeaea;\">\n\t\t<ul class=\"slides\">\n\t\t\t\n\t\t\t\t\t\t\t\t\t\t\t\t\t\t<li><div class=\"fusion-image-wrapper\" aria-haspopup=\"true\">\n\t\t\t\t<img loading=\"lazy\" decoding=\"async\" width=\"1200\" height=\"800\" src=\"https:\/\/www.bwpn.de\/pflegenetzwerk\/wp-content\/uploads\/2020\/01\/BWPN-Pflegeantrag-bei-Senilit%C3%A4t.jpg\" class=\"attachment-full size-full wp-post-image\" alt=\"Pflegeantrag bei Senilit&auml;t\" srcset=\"https:\/\/www.bwpn.de\/pflegenetzwerk\/wp-content\/uploads\/2020\/01\/BWPN-Pflegeantrag-bei-Senilit&auml;t-200x133.jpg 200w, https:\/\/www.bwpn.de\/pflegenetzwerk\/wp-content\/uploads\/2020\/01\/BWPN-Pflegeantrag-bei-Senilit&auml;t-400x267.jpg 400w, https:\/\/www.bwpn.de\/pflegenetzwerk\/wp-content\/uploads\/2020\/01\/BWPN-Pflegeantrag-bei-Senilit&auml;t-600x400.jpg 600w, https:\/\/www.bwpn.de\/pflegenetzwerk\/wp-content\/uploads\/2020\/01\/BWPN-Pflegeantrag-bei-Senilit&auml;t-800x533.jpg 800w, https:\/\/www.bwpn.de\/pflegenetzwerk\/wp-content\/uploads\/2020\/01\/BWPN-Pflegeantrag-bei-Senilit&auml;t.jpg 1200w\" sizes=\"auto, (min-width: 2200px) 100vw, (min-width: 824px) 340px, (min-width: 732px) 510px, (min-width: 640px) 732px, \" title=\"\"><div class=\"fusion-rollover\">\n\t<div class=\"fusion-rollover-content\">\n\n\t\t\t\t\t\t\t\t\t\t\t\t\t\t<a class=\"fusion-rollover-link\" href=\"https:\/\/www.bwpn.de\/pflegenetzwerk\/pflegeantrag-bei-senilitaet\/\">Pflegeantrag bei Senilit&auml;t<\/a>\n\t\t\t\n\t\t\t\t\t\t\t\t\t\t\t\t\t\t\n\t\t\t\t\t\t\t\t\n\t\t\t\t\t\t\t\t\t\t\t\t\t<div class=\"fusion-rollover-sep\"><\/div>\n\t\t\t\t\n\t\t\t\t\t\t\t\t\t\t\t\t\t\t\t\t\t\t<a class=\"fusion-rollover-gallery\" href=\"https:\/\/www.bwpn.de\/pflegenetzwerk\/wp-content\/uploads\/2020\/01\/BWPN-Pflegeantrag-bei-Senilit%C3%A4t.jpg\" data-options=\"\" data-id=\"3894\" data-rel=\"iLightbox[gallery]\" data-title=\"BWPN-Pflegeantrag-bei-Senilit&auml;t\" data-caption=\"\">\n\t\t\t\t\t\tGallerie\t\t\t\t\t<\/a>\n\t\t\t\t\t\t\t\t\t\t\t\t\t\t\n\t\t\n\t\t\t\t\t\t\t\t\t\t\t\t<h4 class=\"fusion-rollover-title\">\n\t\t\t\t\t<a class=\"fusion-rollover-title-link\" href=\"https:\/\/www.bwpn.de\/pflegenetzwerk\/pflegeantrag-bei-senilitaet\/\">\n\t\t\t\t\t\tPflegeantrag bei Senilit&auml;t\t\t\t\t\t<\/a>\n\t\t\t\t<\/h4>\n\t\t\t\n\t\t\t\t\t\t\t\t\t\t<div class=\"fusion-rollover-categories\"><a href=\"https:\/\/www.bwpn.de\/pflegenetzwerk\/widerspruch\/pflegeleistungen\/\" rel=\"tag\">Pflegeleistungen<\/a>, <a href=\"https:\/\/www.bwpn.de\/pflegenetzwerk\/widerspruch\/pflegegrad\/\" rel=\"tag\">Pflegegrad<\/a><\/div>\t\t\t\t\t\n\t\t\n\t\t\t\t\t\t<a class=\"fusion-link-wrapper\" href=\"https:\/\/www.bwpn.de\/pflegenetzwerk\/pflegeantrag-bei-senilitaet\/\" aria-label=\"Pflegeantrag bei Senilit&auml;t\"><\/a>\n\t<\/div>\n<\/div>\n<\/div>\n<\/li>\n\t\t\t\n\t\t\t\n\t\t\t\t\t\t\t\t\t\t\t\t\t\t\t\t\t\t\t\t\t\t\t\t\t\t\t\t\t\t\t\t\t\t\t\t\t\t\t\t\t\t\t\t\t\t\t\t\t\t\t\t\t\t\t\t\t\t\t\t\t\t\t\t\t\t\t\t<\/ul>\n\t<\/div>\n\t<div class=\"fusion-post-content-wrapper\" style=\"padding:30px 25px 20px 25px;\"><div class=\"fusion-post-content post-content\"><h2 class=\"blog-shortcode-post-title entry-title\"><a href=\"https:\/\/www.bwpn.de\/pflegenetzwerk\/pflegeantrag-bei-senilitaet\/\">Pflegeantrag bei Senilit&auml;t<\/a><\/h2><div class=\"fusion-post-content-container\"><p> Einleitung zum <a href=\"https:\/\/www.bwpn.de\/pflegenetzwerk\/glossar\/pflegeantrag\/\" target=\"_self\" title=\"Bei einem Pflegeantrag handelt es sich, korrekt ausgedr&uuml;ckt, um einen&hellip;\" class=\"encyclopedia\">Pflegeantrag<\/a> bei <a href=\"https:\/\/www.bwpn.de\/pflegenetzwerk\/glossar\/senilitaet\/\" target=\"_self\" title=\"Bedingt durch das Alter k&ouml;rperlich und geistig nicht mehr voll&hellip;\" class=\"encyclopedia\">Senilit&auml;t<\/a>  Um zu ermitteln [...]<\/p><\/div><\/div><\/div><div class=\"fusion-clearfix\"><\/div><\/div>\n<\/article>\n<article id=\"blog-1-post-5451\" class=\"fusion-post-grid post-5451 post type-post status-publish format-standard has-post-thumbnail hentry category-pflegegrad category-schlagzeilen-pflege tag-begutachtung tag-pflegegrad\">\n<div class=\"fusion-post-wrapper\" style=\"background-color:rgba(255,255,255,0);border:1px solid #ebeaea;border-bottom-width:3px;\">\n\n\t\t\t<div class=\"fusion-flexslider flexslider fusion-flexslider-loading fusion-post-slideshow\" style=\"border-color:#ebeaea;\">\n\t\t<ul class=\"slides\">\n\t\t\t\n\t\t\t\t\t\t\t\t\t\t\t\t\t\t<li><div class=\"fusion-image-wrapper\" aria-haspopup=\"true\">\n\t\t\t\t<img loading=\"lazy\" decoding=\"async\" width=\"1200\" height=\"800\" src=\"https:\/\/www.bwpn.de\/pflegenetzwerk\/wp-content\/uploads\/2021\/08\/Medizinischer-Dienst-MD_bwpn.de_.jpg\" class=\"attachment-full size-full wp-post-image\" alt=\"MDK - neuer Name - MD\" srcset=\"https:\/\/www.bwpn.de\/pflegenetzwerk\/wp-content\/uploads\/2021\/08\/Medizinischer-Dienst-MD_bwpn.de_-200x133.jpg 200w, https:\/\/www.bwpn.de\/pflegenetzwerk\/wp-content\/uploads\/2021\/08\/Medizinischer-Dienst-MD_bwpn.de_-400x267.jpg 400w, https:\/\/www.bwpn.de\/pflegenetzwerk\/wp-content\/uploads\/2021\/08\/Medizinischer-Dienst-MD_bwpn.de_-600x400.jpg 600w, https:\/\/www.bwpn.de\/pflegenetzwerk\/wp-content\/uploads\/2021\/08\/Medizinischer-Dienst-MD_bwpn.de_-800x533.jpg 800w, https:\/\/www.bwpn.de\/pflegenetzwerk\/wp-content\/uploads\/2021\/08\/Medizinischer-Dienst-MD_bwpn.de_.jpg 1200w\" sizes=\"auto, (min-width: 2200px) 100vw, (min-width: 824px) 340px, (min-width: 732px) 510px, (min-width: 640px) 732px, \" title=\"\"><div class=\"fusion-rollover\">\n\t<div class=\"fusion-rollover-content\">\n\n\t\t\t\t\t\t\t\t\t\t\t\t\t\t<a class=\"fusion-rollover-link\" href=\"https:\/\/www.bwpn.de\/pflegenetzwerk\/mdk-neuer-name-md\/\">MDK &ndash; neuer Name &ndash; MD<\/a>\n\t\t\t\n\t\t\t\t\t\t\t\t\t\t\t\t\t\t\n\t\t\t\t\t\t\t\t\n\t\t\t\t\t\t\t\t\t\t\t\t\t<div class=\"fusion-rollover-sep\"><\/div>\n\t\t\t\t\n\t\t\t\t\t\t\t\t\t\t\t\t\t\t\t\t\t\t<a class=\"fusion-rollover-gallery\" href=\"https:\/\/www.bwpn.de\/pflegenetzwerk\/wp-content\/uploads\/2021\/08\/Medizinischer-Dienst-MD_bwpn.de_.jpg\" data-options=\"\" data-id=\"5451\" data-rel=\"iLightbox[gallery]\" data-title=\"MDK - neuer Name - MD\" data-caption=\"(C) BWPN | kanchanachitkhamma\">\n\t\t\t\t\t\tGallerie\t\t\t\t\t<\/a>\n\t\t\t\t\t\t\t\t\t\t\t\t\t\t\n\t\t\n\t\t\t\t\t\t\t\t\t\t\t\t<h4 class=\"fusion-rollover-title\">\n\t\t\t\t\t<a class=\"fusion-rollover-title-link\" href=\"https:\/\/www.bwpn.de\/pflegenetzwerk\/mdk-neuer-name-md\/\">\n\t\t\t\t\t\tMDK &ndash; neuer Name &ndash; MD\t\t\t\t\t<\/a>\n\t\t\t\t<\/h4>\n\t\t\t\n\t\t\t\t\t\t\t\t\t\t<div class=\"fusion-rollover-categories\"><a href=\"https:\/\/www.bwpn.de\/pflegenetzwerk\/widerspruch\/pflegegrad\/\" rel=\"tag\">Pflegegrad<\/a>, <a href=\"https:\/\/www.bwpn.de\/pflegenetzwerk\/widerspruch\/schlagzeilen-pflege\/\" rel=\"tag\">Schlagzeilen<\/a><\/div>\t\t\t\t\t\n\t\t\n\t\t\t\t\t\t<a class=\"fusion-link-wrapper\" href=\"https:\/\/www.bwpn.de\/pflegenetzwerk\/mdk-neuer-name-md\/\" aria-label=\"MDK &ndash; neuer Name &ndash; MD\"><\/a>\n\t<\/div>\n<\/div>\n<\/div>\n<\/li>\n\t\t\t\n\t\t\t\n\t\t\t\t\t\t\t\t\t\t\t\t\t\t\t\t\t\t\t\t\t\t\t\t\t\t\t\t\t\t\t\t\t\t\t\t\t\t\t\t\t\t\t\t\t\t\t\t\t\t\t\t\t\t\t\t\t\t\t\t\t\t\t\t\t\t\t\t<\/ul>\n\t<\/div>\n\t<div class=\"fusion-post-content-wrapper\" style=\"padding:30px 25px 20px 25px;\"><div class=\"fusion-post-content post-content\"><h2 class=\"blog-shortcode-post-title entry-title\"><a href=\"https:\/\/www.bwpn.de\/pflegenetzwerk\/mdk-neuer-name-md\/\">MDK &ndash; neuer Name &ndash; MD<\/a><\/h2><div class=\"fusion-post-content-container\"><p> <a href=\"https:\/\/www.bwpn.de\/pflegenetzwerk\/glossar\/medizinischer-dienst-der-krankenversicherung-mdk\/\" target=\"_self\" title=\"Warum hei&szlig;t es hier noch MDK und nicht MD? Inzwischen&hellip;\" class=\"encyclopedia\">Medizinischer Dienst der Krankenversicherung (MDK)<\/a> hei&szlig;t jetzt Medizinischer Dienst [...]<\/p><\/div><\/div><\/div><div class=\"fusion-clearfix\"><\/div><\/div>\n<\/article>\n<article id=\"blog-1-post-3933\" class=\"fusion-post-grid post-3933 post type-post status-publish format-standard has-post-thumbnail hentry category-pflegeleistungen category-pflegegrad tag-demenz tag-pflegeantrag tag-pflegegrad tag-pflegestufe tag-senilitaet\">\n<div class=\"fusion-post-wrapper\" style=\"background-color:rgba(255,255,255,0);border:1px solid #ebeaea;border-bottom-width:3px;\">\n\n\t\t\t<div class=\"fusion-flexslider flexslider fusion-flexslider-loading fusion-post-slideshow\" style=\"border-color:#ebeaea;\">\n\t\t<ul class=\"slides\">\n\t\t\t\n\t\t\t\t\t\t\t\t\t\t\t\t\t\t<li><div class=\"fusion-image-wrapper\" aria-haspopup=\"true\">\n\t\t\t\t<img loading=\"lazy\" decoding=\"async\" width=\"1200\" height=\"800\" src=\"https:\/\/www.bwpn.de\/pflegenetzwerk\/wp-content\/uploads\/2020\/04\/BWPN-Beitrag-Pflegeantrag-bei-Kleinkindern.jpg\" class=\"attachment-full size-full wp-post-image\" alt=\"Pflegeantrag bei Kleinkindern\" srcset=\"https:\/\/www.bwpn.de\/pflegenetzwerk\/wp-content\/uploads\/2020\/04\/BWPN-Beitrag-Pflegeantrag-bei-Kleinkindern-200x133.jpg 200w, https:\/\/www.bwpn.de\/pflegenetzwerk\/wp-content\/uploads\/2020\/04\/BWPN-Beitrag-Pflegeantrag-bei-Kleinkindern-400x267.jpg 400w, https:\/\/www.bwpn.de\/pflegenetzwerk\/wp-content\/uploads\/2020\/04\/BWPN-Beitrag-Pflegeantrag-bei-Kleinkindern-600x400.jpg 600w, https:\/\/www.bwpn.de\/pflegenetzwerk\/wp-content\/uploads\/2020\/04\/BWPN-Beitrag-Pflegeantrag-bei-Kleinkindern-800x533.jpg 800w, https:\/\/www.bwpn.de\/pflegenetzwerk\/wp-content\/uploads\/2020\/04\/BWPN-Beitrag-Pflegeantrag-bei-Kleinkindern.jpg 1200w\" sizes=\"auto, (min-width: 2200px) 100vw, (min-width: 824px) 340px, (min-width: 732px) 510px, (min-width: 640px) 732px, \" title=\"\"><div class=\"fusion-rollover\">\n\t<div class=\"fusion-rollover-content\">\n\n\t\t\t\t\t\t\t\t\t\t\t\t\t\t<a class=\"fusion-rollover-link\" href=\"https:\/\/www.bwpn.de\/pflegenetzwerk\/pflegeantrag-bei-kleinkindern\/\">Pflegeantrag bei Kleinkindern<\/a>\n\t\t\t\n\t\t\t\t\t\t\t\t\t\t\t\t\t\t\n\t\t\t\t\t\t\t\t\n\t\t\t\t\t\t\t\t\t\t\t\t\t<div class=\"fusion-rollover-sep\"><\/div>\n\t\t\t\t\n\t\t\t\t\t\t\t\t\t\t\t\t\t\t\t\t\t\t<a class=\"fusion-rollover-gallery\" href=\"https:\/\/www.bwpn.de\/pflegenetzwerk\/wp-content\/uploads\/2020\/04\/BWPN-Beitrag-Pflegeantrag-bei-Kleinkindern.jpg\" data-options=\"\" data-id=\"3933\" data-rel=\"iLightbox[gallery]\" data-title=\"BWPN-Beitrag-Pflegeantrag-bei-Kleinkindern\" data-caption=\"(c) BWPN | Melpomenem - Getty Images\">\n\t\t\t\t\t\tGallerie\t\t\t\t\t<\/a>\n\t\t\t\t\t\t\t\t\t\t\t\t\t\t\n\t\t\n\t\t\t\t\t\t\t\t\t\t\t\t<h4 class=\"fusion-rollover-title\">\n\t\t\t\t\t<a class=\"fusion-rollover-title-link\" href=\"https:\/\/www.bwpn.de\/pflegenetzwerk\/pflegeantrag-bei-kleinkindern\/\">\n\t\t\t\t\t\tPflegeantrag bei Kleinkindern\t\t\t\t\t<\/a>\n\t\t\t\t<\/h4>\n\t\t\t\n\t\t\t\t\t\t\t\t\t\t<div class=\"fusion-rollover-categories\"><a href=\"https:\/\/www.bwpn.de\/pflegenetzwerk\/widerspruch\/pflegeleistungen\/\" rel=\"tag\">Pflegeleistungen<\/a>, <a href=\"https:\/\/www.bwpn.de\/pflegenetzwerk\/widerspruch\/pflegegrad\/\" rel=\"tag\">Pflegegrad<\/a><\/div>\t\t\t\t\t\n\t\t\n\t\t\t\t\t\t<a class=\"fusion-link-wrapper\" href=\"https:\/\/www.bwpn.de\/pflegenetzwerk\/pflegeantrag-bei-kleinkindern\/\" aria-label=\"Pflegeantrag bei Kleinkindern\"><\/a>\n\t<\/div>\n<\/div>\n<\/div>\n<\/li>\n\t\t\t\n\t\t\t\n\t\t\t\t\t\t\t\t\t\t\t\t\t\t\t\t\t\t\t\t\t\t\t\t\t\t\t\t\t\t\t\t\t\t\t\t\t\t\t\t\t\t\t\t\t\t\t\t\t\t\t\t\t\t\t\t\t\t\t\t\t\t\t\t\t\t\t\t<\/ul>\n\t<\/div>\n\t<div class=\"fusion-post-content-wrapper\" style=\"padding:30px 25px 20px 25px;\"><div class=\"fusion-post-content post-content\"><h2 class=\"blog-shortcode-post-title entry-title\"><a href=\"https:\/\/www.bwpn.de\/pflegenetzwerk\/pflegeantrag-bei-kleinkindern\/\">Pflegeantrag bei Kleinkindern<\/a><\/h2><div class=\"fusion-post-content-container\"><p> Einleitung zum Pflegeantrag bei Kleinkindern  In diesem Beitrag [...]<\/p><\/div><\/div><\/div><div class=\"fusion-clearfix\"><\/div><\/div>\n<\/article>\n<article id=\"blog-1-post-7143\" class=\"fusion-post-grid post-7143 post type-post status-publish format-standard hentry category-pflegegrad category-pflegeleistungen tag-eltern tag-pflegebeduerftigkeit tag-pflegegrad\">\n<div class=\"fusion-post-wrapper\" style=\"background-color:rgba(255,255,255,0);border:1px solid #ebeaea;border-bottom-width:3px;\">\n\n<div class=\"fusion-post-content-wrapper\" style=\"padding:30px 25px 20px 25px;\"><div class=\"fusion-post-content post-content\"><h2 class=\"blog-shortcode-post-title entry-title\"><a href=\"https:\/\/www.bwpn.de\/pflegenetzwerk\/pflegebeduerftige-eltern\/\">Pflegebed&uuml;rftige Eltern<\/a><\/h2><div class=\"fusion-post-content-container\"><p> <a href=\"https:\/\/www.bwpn.de\/pflegenetzwerk\/glossar\/pflegebeduerftige\/\" target=\"_self\" title=\"Einleitung Pflegebed&uuml;rftige Pflegebed&uuml;rftige gibt es eigentlich gar nicht. Die korrekte&hellip;\" class=\"encyclopedia\">Pflegebed&uuml;rftige<\/a> Eltern sind aufgrund einer imer &auml;lter werdenden Gesellschaft [...]<\/p><\/div><\/div><\/div><div class=\"fusion-clearfix\"><\/div><\/div>\n<\/article>\n<article id=\"blog-1-post-5045\" class=\"fusion-post-grid post-5045 post type-post status-publish format-standard has-post-thumbnail hentry category-pflegeleistungen tag-pflegeantrag tag-pflegegrad tag-pflegeleistungen tag-widerspruch\">\n<div class=\"fusion-post-wrapper\" style=\"background-color:rgba(255,255,255,0);border:1px solid #ebeaea;border-bottom-width:3px;\">\n\n\t\t\t<div class=\"fusion-flexslider flexslider fusion-flexslider-loading fusion-post-slideshow\" style=\"border-color:#ebeaea;\">\n\t\t<ul class=\"slides\">\n\t\t\t\n\t\t\t\t\t\t\t\t\t\t\t\t\t\t<li><div class=\"fusion-image-wrapper\" aria-haspopup=\"true\">\n\t\t\t\t<img loading=\"lazy\" decoding=\"async\" width=\"1200\" height=\"800\" src=\"https:\/\/www.bwpn.de\/pflegenetzwerk\/wp-content\/uploads\/2021\/02\/BWPN-Beitrag-Befragung-zur-Pflegebegutachtung-2020.jpg\" class=\"attachment-full size-full wp-post-image\" alt=\"Befragung zur Pflegebegutachtung 2020 durch BWPN\" srcset=\"https:\/\/www.bwpn.de\/pflegenetzwerk\/wp-content\/uploads\/2021\/02\/BWPN-Beitrag-Befragung-zur-Pflegebegutachtung-2020-200x133.jpg 200w, https:\/\/www.bwpn.de\/pflegenetzwerk\/wp-content\/uploads\/2021\/02\/BWPN-Beitrag-Befragung-zur-Pflegebegutachtung-2020-400x267.jpg 400w, https:\/\/www.bwpn.de\/pflegenetzwerk\/wp-content\/uploads\/2021\/02\/BWPN-Beitrag-Befragung-zur-Pflegebegutachtung-2020-600x400.jpg 600w, https:\/\/www.bwpn.de\/pflegenetzwerk\/wp-content\/uploads\/2021\/02\/BWPN-Beitrag-Befragung-zur-Pflegebegutachtung-2020-800x533.jpg 800w, https:\/\/www.bwpn.de\/pflegenetzwerk\/wp-content\/uploads\/2021\/02\/BWPN-Beitrag-Befragung-zur-Pflegebegutachtung-2020.jpg 1200w\" sizes=\"auto, (min-width: 2200px) 100vw, (min-width: 824px) 340px, (min-width: 732px) 510px, (min-width: 640px) 732px, \" title=\"\"><div class=\"fusion-rollover\">\n\t<div class=\"fusion-rollover-content\">\n\n\t\t\t\t\t\t\t\t\t\t\t\t\t\t<a class=\"fusion-rollover-link\" href=\"https:\/\/www.bwpn.de\/pflegenetzwerk\/befragung-zur-pflegebegutachtung-2020\/\">Befragung zur Pflegebegutachtung 2020<\/a>\n\t\t\t\n\t\t\t\t\t\t\t\t\t\t\t\t\t\t\n\t\t\t\t\t\t\t\t\n\t\t\t\t\t\t\t\t\t\t\t\t\t<div class=\"fusion-rollover-sep\"><\/div>\n\t\t\t\t\n\t\t\t\t\t\t\t\t\t\t\t\t\t\t\t\t\t\t<a class=\"fusion-rollover-gallery\" href=\"https:\/\/www.bwpn.de\/pflegenetzwerk\/wp-content\/uploads\/2021\/02\/BWPN-Beitrag-Befragung-zur-Pflegebegutachtung-2020.jpg\" data-options=\"\" data-id=\"5045\" data-rel=\"iLightbox[gallery]\" data-title=\"BWPN-Beitrag-Befragung-zur-Pflegebegutachtung-2020\" data-caption=\"(c) BWPN | annebaek- Getty Images\">\n\t\t\t\t\t\tGallerie\t\t\t\t\t<\/a>\n\t\t\t\t\t\t\t\t\t\t\t\t\t\t\n\t\t\n\t\t\t\t\t\t\t\t\t\t\t\t<h4 class=\"fusion-rollover-title\">\n\t\t\t\t\t<a class=\"fusion-rollover-title-link\" href=\"https:\/\/www.bwpn.de\/pflegenetzwerk\/befragung-zur-pflegebegutachtung-2020\/\">\n\t\t\t\t\t\tBefragung zur Pflegebegutachtung 2020\t\t\t\t\t<\/a>\n\t\t\t\t<\/h4>\n\t\t\t\n\t\t\t\t\t\t\t\t\t\t<div class=\"fusion-rollover-categories\"><a href=\"https:\/\/www.bwpn.de\/pflegenetzwerk\/widerspruch\/pflegeleistungen\/\" rel=\"tag\">Pflegeleistungen<\/a><\/div>\t\t\t\t\t\n\t\t\n\t\t\t\t\t\t<a class=\"fusion-link-wrapper\" href=\"https:\/\/www.bwpn.de\/pflegenetzwerk\/befragung-zur-pflegebegutachtung-2020\/\" aria-label=\"Befragung zur Pflegebegutachtung 2020\"><\/a>\n\t<\/div>\n<\/div>\n<\/div>\n<\/li>\n\t\t\t\n\t\t\t\n\t\t\t\t\t\t\t\t\t\t\t\t\t\t\t\t\t\t\t\t\t\t\t\t\t\t\t\t\t\t\t\t\t\t\t\t\t\t\t\t\t\t\t\t\t\t\t\t\t\t\t\t\t\t\t\t\t\t\t\t\t\t\t\t\t\t\t\t<\/ul>\n\t<\/div>\n\t<div class=\"fusion-post-content-wrapper\" style=\"padding:30px 25px 20px 25px;\"><div class=\"fusion-post-content post-content\"><h2 class=\"blog-shortcode-post-title entry-title\"><a href=\"https:\/\/www.bwpn.de\/pflegenetzwerk\/befragung-zur-pflegebegutachtung-2020\/\">Befragung zur Pflegebegutachtung 2020<\/a><\/h2><div class=\"fusion-post-content-container\"><p>Befragung zur Zufriedenheit der Pflegebegutachtung  Einleitung  Bereits seit [...]<\/p><\/div><\/div><\/div><div class=\"fusion-clearfix\"><\/div><\/div>\n<\/article>\n<article id=\"blog-1-post-3185\" class=\"fusion-post-grid post-3185 post type-post status-publish format-standard has-post-thumbnail hentry category-pflegegrad tag-parkinson tag-pflegeantrag tag-pflegegrad\">\n<div class=\"fusion-post-wrapper\" style=\"background-color:rgba(255,255,255,0);border:1px solid #ebeaea;border-bottom-width:3px;\">\n\n\t\t\t<div class=\"fusion-flexslider flexslider fusion-flexslider-loading fusion-post-slideshow\" style=\"border-color:#ebeaea;\">\n\t\t<ul class=\"slides\">\n\t\t\t\n\t\t\t\t\t\t\t\t\t\t\t\t\t\t<li><div class=\"fusion-image-wrapper\" aria-haspopup=\"true\">\n\t\t\t\t<img loading=\"lazy\" decoding=\"async\" width=\"1688\" height=\"1126\" src=\"https:\/\/www.bwpn.de\/pflegenetzwerk\/wp-content\/uploads\/2018\/12\/Seniorin-parkinson-bett.jpg\" class=\"attachment-full size-full wp-post-image\" alt=\"Seniorin mit Parkinson im Bett\" srcset=\"https:\/\/www.bwpn.de\/pflegenetzwerk\/wp-content\/uploads\/2018\/12\/Seniorin-parkinson-bett-200x133.jpg 200w, https:\/\/www.bwpn.de\/pflegenetzwerk\/wp-content\/uploads\/2018\/12\/Seniorin-parkinson-bett-400x267.jpg 400w, https:\/\/www.bwpn.de\/pflegenetzwerk\/wp-content\/uploads\/2018\/12\/Seniorin-parkinson-bett-600x400.jpg 600w, https:\/\/www.bwpn.de\/pflegenetzwerk\/wp-content\/uploads\/2018\/12\/Seniorin-parkinson-bett-800x534.jpg 800w, https:\/\/www.bwpn.de\/pflegenetzwerk\/wp-content\/uploads\/2018\/12\/Seniorin-parkinson-bett-1200x800.jpg 1200w, https:\/\/www.bwpn.de\/pflegenetzwerk\/wp-content\/uploads\/2018\/12\/Seniorin-parkinson-bett.jpg 1688w\" sizes=\"auto, (min-width: 2200px) 100vw, (min-width: 824px) 340px, (min-width: 732px) 510px, (min-width: 640px) 732px, \" title=\"\"><div class=\"fusion-rollover\">\n\t<div class=\"fusion-rollover-content\">\n\n\t\t\t\t\t\t\t\t\t\t\t\t\t\t<a class=\"fusion-rollover-link\" href=\"https:\/\/www.bwpn.de\/pflegenetzwerk\/pflegeantrag-bei-parkinson\/\">Pflegeantrag bei Parkinson<\/a>\n\t\t\t\n\t\t\t\t\t\t\t\t\t\t\t\t\t\t\n\t\t\t\t\t\t\t\t\n\t\t\t\t\t\t\t\t\t\t\t\t\t<div class=\"fusion-rollover-sep\"><\/div>\n\t\t\t\t\n\t\t\t\t\t\t\t\t\t\t\t\t\t\t\t\t\t\t<a class=\"fusion-rollover-gallery\" href=\"https:\/\/www.bwpn.de\/pflegenetzwerk\/wp-content\/uploads\/2018\/12\/Seniorin-parkinson-bett.jpg\" data-options=\"\" data-id=\"3185\" data-rel=\"iLightbox[gallery]\" data-title=\"Seniorin mit Parkinson im Bett\" data-caption=\"(c) Photographee.eu - stock.adobe.com\">\n\t\t\t\t\t\tGallerie\t\t\t\t\t<\/a>\n\t\t\t\t\t\t\t\t\t\t\t\t\t\t\n\t\t\n\t\t\t\t\t\t\t\t\t\t\t\t<h4 class=\"fusion-rollover-title\">\n\t\t\t\t\t<a class=\"fusion-rollover-title-link\" href=\"https:\/\/www.bwpn.de\/pflegenetzwerk\/pflegeantrag-bei-parkinson\/\">\n\t\t\t\t\t\tPflegeantrag bei Parkinson\t\t\t\t\t<\/a>\n\t\t\t\t<\/h4>\n\t\t\t\n\t\t\t\t\t\t\t\t\t\t<div class=\"fusion-rollover-categories\"><a href=\"https:\/\/www.bwpn.de\/pflegenetzwerk\/widerspruch\/pflegegrad\/\" rel=\"tag\">Pflegegrad<\/a><\/div>\t\t\t\t\t\n\t\t\n\t\t\t\t\t\t<a class=\"fusion-link-wrapper\" href=\"https:\/\/www.bwpn.de\/pflegenetzwerk\/pflegeantrag-bei-parkinson\/\" aria-label=\"Pflegeantrag bei Parkinson\"><\/a>\n\t<\/div>\n<\/div>\n<\/div>\n<\/li>\n\t\t\t\n\t\t\t\n\t\t\t\t\t\t\t\t\t\t\t\t\t\t\t\t\t\t\t\t\t\t\t\t\t\t\t\t\t\t\t\t\t\t\t\t\t\t\t\t\t\t\t\t\t\t\t\t\t\t\t\t\t\t\t\t\t\t\t\t\t\t\t\t\t\t\t\t<\/ul>\n\t<\/div>\n\t<div class=\"fusion-post-content-wrapper\" style=\"padding:30px 25px 20px 25px;\"><div class=\"fusion-post-content post-content\"><h2 class=\"blog-shortcode-post-title entry-title\"><a href=\"https:\/\/www.bwpn.de\/pflegenetzwerk\/pflegeantrag-bei-parkinson\/\">Pflegeantrag bei Parkinson<\/a><\/h2><div class=\"fusion-post-content-container\"><p> Was ist Parkinson?  Bei der Parkinson-Krankheit handelt es [...]<\/p><\/div><\/div><\/div><div class=\"fusion-clearfix\"><\/div><\/div>\n<\/article>\n<div class=\"fusion-clearfix\"><\/div><\/div><div class=\"pagination clearfix\"><span class=\"current\">1<\/span><a href=\"https:\/\/www.bwpn.de\/pflegenetzwerk\/wp-json\/wp\/v2\/encyclopedia\/2213\/page\/2\/\" class=\"inactive\">2<\/a><a class=\"pagination-next\" rel=\"next\" href=\"https:\/\/www.bwpn.de\/pflegenetzwerk\/wp-json\/wp\/v2\/encyclopedia\/2213\/page\/2\/\"><span class=\"page-text\">Vor<\/span><span class=\"page-next\"><\/span><\/a><\/div><div class=\"fusion-clearfix\"><\/div><\/div>\n","protected":false},"excerpt":{"rendered":"<p>Kontaktpflege im Modul 6 Definitionsgem\u00e4\u00df handelt es sich bei der Kontaktpflege, einen f\u00fcr uns Menschen sehr wichtigen Punkt darum, bestehende Kontakte zu Freunden, Bekannten, Nachbarn aufrechterhalten, zu beenden oder zeitweise abzulehnen. Auch die F\u00e4higkeit, mit technischen Kommunikationsmitteln wie Telefon umgehen zu k\u00f6nnen, um z. B. Besuche zu verabreden oder Telefon- oder Brief- oder Mail-Kontakte zu  [&#8230;]<\/p>\n","protected":false},"author":3,"featured_media":0,"template":"","encyclopedia-category":[291],"encyclopedia-tag":[312,345,309],"faq_category":[],"class_list":["post-2213","encyclopedia","type-encyclopedia","status-publish","hentry","encyclopedia-category-modul-6-nba","encyclopedia-tag-alltagskompetenz","encyclopedia-tag-kontaktpflege","encyclopedia-tag-modul-6"],"_links":{"self":[{"href":"https:\/\/www.bwpn.de\/pflegenetzwerk\/wp-json\/wp\/v2\/encyclopedia\/2213","targetHints":{"allow":["GET"]}}],"collection":[{"href":"https:\/\/www.bwpn.de\/pflegenetzwerk\/wp-json\/wp\/v2\/encyclopedia"}],"about":[{"href":"https:\/\/www.bwpn.de\/pflegenetzwerk\/wp-json\/wp\/v2\/types\/encyclopedia"}],"author":[{"embeddable":true,"href":"https:\/\/www.bwpn.de\/pflegenetzwerk\/wp-json\/wp\/v2\/users\/3"}],"version-history":[{"count":5,"href":"https:\/\/www.bwpn.de\/pflegenetzwerk\/wp-json\/wp\/v2\/encyclopedia\/2213\/revisions"}],"predecessor-version":[{"id":4394,"href":"https:\/\/www.bwpn.de\/pflegenetzwerk\/wp-json\/wp\/v2\/encyclopedia\/2213\/revisions\/4394"}],"wp:attachment":[{"href":"https:\/\/www.bwpn.de\/pflegenetzwerk\/wp-json\/wp\/v2\/media?parent=2213"}],"wp:term":[{"taxonomy":"encyclopedia-category","embeddable":true,"href":"https:\/\/www.bwpn.de\/pflegenetzwerk\/wp-json\/wp\/v2\/encyclopedia-category?post=2213"},{"taxonomy":"encyclopedia-tag","embeddable":true,"href":"https:\/\/www.bwpn.de\/pflegenetzwerk\/wp-json\/wp\/v2\/encyclopedia-tag?post=2213"},{"taxonomy":"faq_category","embeddable":true,"href":"https:\/\/www.bwpn.de\/pflegenetzwerk\/wp-json\/wp\/v2\/faq_category?post=2213"}],"curies":[{"name":"wp","href":"https:\/\/api.w.org\/{rel}","templated":true}]}}