{"id":2192,"date":"2018-11-13T17:07:01","date_gmt":"2018-11-13T15:07:01","guid":{"rendered":"https:\/\/www.bwpn.de\/pflegenetzwerk\/?post_type=encyclopedia&#038;p=2192"},"modified":"2020-05-07T11:25:14","modified_gmt":"2020-05-07T09:25:14","slug":"koerpernahe-hilfsmittel","status":"publish","type":"encyclopedia","link":"https:\/\/www.bwpn.de\/pflegenetzwerk\/glossar\/koerpernahe-hilfsmittel\/","title":{"rendered":"K\u00f6rpernahe Hilfsmittel"},"content":{"rendered":"<p>Hierunter versteht man beispielsweise das An- und Ablegen von Prothesen, kieferorthop&auml;dische Apparaturen; Orthesen, Brille, H&ouml;rger&auml;t oder Kompressionsstr&uuml;mpfen (inkl. deren Reinigung).<\/p>\n<p>Laut neuem Begutachtungsassessment muss der Gutachter (m\/w) ermitteln, ob <a href=\"https:\/\/www.bwpn.de\/pflegenetzwerk\/glossar\/koerpernahe-hilfsmittel\/\" target=\"_self\" title=\"Hierunter versteht man beispielsweise das An- und Ablegen von Prothesen,&hellip;\" class=\"encyclopedia\">k&ouml;rpernahe Hilfsmittel<\/a> zu Anwendung kommen und ob die antragstellende Person diese Hilfsmittel selber an- und ablegen kann.<\/p>\n<p>F&uuml;r die Ermittlung der gewichteten Punkte im Modul 5 sind bei zweimaliger Hilfe beim An- und Ablegen durch einen Angeh&ouml;rigen oder den Mitarbeiter (m\/w) eines Pflegedienstes&nbsp; f&uuml;nf gewichtete Punkte festzustellen. Bei mehr als zweimal t&auml;glichem Fremdhilfebedarf sind vier gewichtete Punkte festzustellen.<\/p>\n<p>&nbsp;<\/p>\n<h3>Mehr von unseren Pflegeexperten<\/h3>\n<div class=\"fusion-blog-shortcode fusion-blog-shortcode-1 fusion-blog-archive fusion-blog-layout-grid-wrapper fusion-blog-pagination\" style=\"--grid_separator_color:#8bc34a;\"><style type=\"text\/css\">.fusion-blog-shortcode-1 .fusion-blog-layout-grid .fusion-post-grid{padding:20px;}.fusion-blog-shortcode-1 .fusion-posts-container{margin-left: -20px !important; margin-right:-20px !important;}<\/style><div class=\"fusion-posts-container fusion-posts-container-pagination fusion-no-meta-info fusion-blog-rollover fusion-blog-layout-grid fusion-blog-layout-grid-3 isotope fusion-blog-equal-heights\" data-pages=\"4\" data-grid-col-space=\"40\" style=\"margin: -20px -20px 0;min-height:500px;\"><article id=\"blog-1-post-2087\" class=\"fusion-post-grid post-2087 post type-post status-publish format-standard has-post-thumbnail hentry category-pflegegrad tag-copd tag-pflegeantrag tag-pflegegrad\">\n<div class=\"fusion-post-wrapper\" style=\"background-color:rgba(255,255,255,0);border:1px solid #ebeaea;border-bottom-width:3px;\">\n\n\t\t\t<div class=\"fusion-flexslider flexslider fusion-flexslider-loading fusion-post-slideshow\" style=\"border-color:#ebeaea;\">\n\t\t<ul class=\"slides\">\n\t\t\t\n\t\t\t\t\t\t\t\t\t\t\t\t\t\t<li><div class=\"fusion-image-wrapper\" aria-haspopup=\"true\">\n\t\t\t\t<img loading=\"lazy\" decoding=\"async\" width=\"1200\" height=\"800\" src=\"https:\/\/www.bwpn.de\/pflegenetzwerk\/wp-content\/uploads\/2020\/04\/BWPN-Beitrag-Pflegeantrag-und-Pflegegrad-mit-COPD.jpg\" class=\"attachment-full size-full wp-post-image\" alt=\"Pflegeantrag und Pflegegrad mit COPD\" srcset=\"https:\/\/www.bwpn.de\/pflegenetzwerk\/wp-content\/uploads\/2020\/04\/BWPN-Beitrag-Pflegeantrag-und-Pflegegrad-mit-COPD-200x133.jpg 200w, https:\/\/www.bwpn.de\/pflegenetzwerk\/wp-content\/uploads\/2020\/04\/BWPN-Beitrag-Pflegeantrag-und-Pflegegrad-mit-COPD-400x267.jpg 400w, https:\/\/www.bwpn.de\/pflegenetzwerk\/wp-content\/uploads\/2020\/04\/BWPN-Beitrag-Pflegeantrag-und-Pflegegrad-mit-COPD-600x400.jpg 600w, https:\/\/www.bwpn.de\/pflegenetzwerk\/wp-content\/uploads\/2020\/04\/BWPN-Beitrag-Pflegeantrag-und-Pflegegrad-mit-COPD-800x533.jpg 800w, https:\/\/www.bwpn.de\/pflegenetzwerk\/wp-content\/uploads\/2020\/04\/BWPN-Beitrag-Pflegeantrag-und-Pflegegrad-mit-COPD.jpg 1200w\" sizes=\"auto, (min-width: 2200px) 100vw, (min-width: 824px) 340px, (min-width: 732px) 510px, (min-width: 640px) 732px, \" title=\"\"><div class=\"fusion-rollover\">\n\t<div class=\"fusion-rollover-content\">\n\n\t\t\t\t\t\t\t\t\t\t\t\t\t\t<a class=\"fusion-rollover-link\" href=\"https:\/\/www.bwpn.de\/pflegenetzwerk\/pflegeantrag-und-pflegegrad-mit-copd\/\">Pflegeantrag und Pflegegrad mit COPD<\/a>\n\t\t\t\n\t\t\t\t\t\t\t\t\t\t\t\t\t\t\n\t\t\t\t\t\t\t\t\n\t\t\t\t\t\t\t\t\t\t\t\t\t<div class=\"fusion-rollover-sep\"><\/div>\n\t\t\t\t\n\t\t\t\t\t\t\t\t\t\t\t\t\t\t\t\t\t\t<a class=\"fusion-rollover-gallery\" href=\"https:\/\/www.bwpn.de\/pflegenetzwerk\/wp-content\/uploads\/2020\/04\/BWPN-Beitrag-Pflegeantrag-und-Pflegegrad-mit-COPD.jpg\" data-options=\"\" data-id=\"2087\" data-rel=\"iLightbox[gallery]\" data-title=\"BWPN-Beitrag-Pflegeantrag-und-Pflegegrad-mit-COPD\" data-caption=\"(C) BWPN | Shidlovski - Getty Images\">\n\t\t\t\t\t\tGallerie\t\t\t\t\t<\/a>\n\t\t\t\t\t\t\t\t\t\t\t\t\t\t\n\t\t\n\t\t\t\t\t\t\t\t\t\t\t\t<h4 class=\"fusion-rollover-title\">\n\t\t\t\t\t<a class=\"fusion-rollover-title-link\" href=\"https:\/\/www.bwpn.de\/pflegenetzwerk\/pflegeantrag-und-pflegegrad-mit-copd\/\">\n\t\t\t\t\t\tPflegeantrag und Pflegegrad mit COPD\t\t\t\t\t<\/a>\n\t\t\t\t<\/h4>\n\t\t\t\n\t\t\t\t\t\t\t\t\t\t<div class=\"fusion-rollover-categories\"><a href=\"https:\/\/www.bwpn.de\/pflegenetzwerk\/widerspruch\/pflegegrad\/\" rel=\"tag\">Pflegegrad<\/a><\/div>\t\t\t\t\t\n\t\t\n\t\t\t\t\t\t<a class=\"fusion-link-wrapper\" href=\"https:\/\/www.bwpn.de\/pflegenetzwerk\/pflegeantrag-und-pflegegrad-mit-copd\/\" aria-label=\"Pflegeantrag und Pflegegrad mit COPD\"><\/a>\n\t<\/div>\n<\/div>\n<\/div>\n<\/li>\n\t\t\t\n\t\t\t\n\t\t\t\t\t\t\t\t\t\t\t\t\t\t\t\t\t\t\t\t\t\t\t\t\t\t\t\t\t\t\t\t\t\t\t\t\t\t\t\t\t\t\t\t\t\t\t\t\t\t\t\t\t\t\t\t\t\t\t\t\t\t\t\t\t\t\t\t<\/ul>\n\t<\/div>\n\t<div class=\"fusion-post-content-wrapper\" style=\"padding:30px 25px 20px 25px;\"><div class=\"fusion-post-content post-content\"><h2 class=\"blog-shortcode-post-title entry-title\"><a href=\"https:\/\/www.bwpn.de\/pflegenetzwerk\/pflegeantrag-und-pflegegrad-mit-copd\/\">Pflegeantrag und Pflegegrad mit COPD<\/a><\/h2><div class=\"fusion-post-content-container\"><p> <a href=\"https:\/\/www.bwpn.de\/pflegenetzwerk\/glossar\/pflegeantrag\/\" target=\"_self\" title=\"Bei einem Pflegeantrag handelt es sich, korrekt ausgedr&uuml;ckt, um einen&hellip;\" class=\"encyclopedia\">Pflegeantrag<\/a> und Pflegegrad mit <a href=\"https:\/\/www.bwpn.de\/pflegenetzwerk\/glossar\/copd\/\" target=\"_self\" title=\"Einleitung COPD Die einzelnen Buchstaben dieser schweren Diagnose COPD stammen&hellip;\" class=\"encyclopedia\">COPD<\/a> Die Notwendigkeit f&uuml;r einen [...]<\/p><\/div><\/div><\/div><div class=\"fusion-clearfix\"><\/div><\/div>\n<\/article>\n<article id=\"blog-1-post-3263\" class=\"fusion-post-grid post-3263 post type-post status-publish format-standard has-post-thumbnail hentry category-pflegeleistungen category-pflegegrad tag-autismus-spektrum-stoerung tag-kinder tag-pflegeantrag tag-pflegegrad\">\n<div class=\"fusion-post-wrapper\" style=\"background-color:rgba(255,255,255,0);border:1px solid #ebeaea;border-bottom-width:3px;\">\n\n\t\t\t<div class=\"fusion-flexslider flexslider fusion-flexslider-loading fusion-post-slideshow\" style=\"border-color:#ebeaea;\">\n\t\t<ul class=\"slides\">\n\t\t\t\n\t\t\t\t\t\t\t\t\t\t\t\t\t\t<li><div class=\"fusion-image-wrapper\" aria-haspopup=\"true\">\n\t\t\t\t<img loading=\"lazy\" decoding=\"async\" width=\"1200\" height=\"800\" src=\"https:\/\/www.bwpn.de\/pflegenetzwerk\/wp-content\/uploads\/2019\/02\/BWPN-Autismus-Spektrum-St%C3%B6rung.jpg\" class=\"attachment-full size-full wp-post-image\" alt=\"Kinder mit Autismus-Spektrum-St&ouml;rung\" srcset=\"https:\/\/www.bwpn.de\/pflegenetzwerk\/wp-content\/uploads\/2019\/02\/BWPN-Autismus-Spektrum-St&ouml;rung-200x133.jpg 200w, https:\/\/www.bwpn.de\/pflegenetzwerk\/wp-content\/uploads\/2019\/02\/BWPN-Autismus-Spektrum-St&ouml;rung-400x267.jpg 400w, https:\/\/www.bwpn.de\/pflegenetzwerk\/wp-content\/uploads\/2019\/02\/BWPN-Autismus-Spektrum-St&ouml;rung-600x400.jpg 600w, https:\/\/www.bwpn.de\/pflegenetzwerk\/wp-content\/uploads\/2019\/02\/BWPN-Autismus-Spektrum-St&ouml;rung-800x533.jpg 800w, https:\/\/www.bwpn.de\/pflegenetzwerk\/wp-content\/uploads\/2019\/02\/BWPN-Autismus-Spektrum-St&ouml;rung.jpg 1200w\" sizes=\"auto, (min-width: 2200px) 100vw, (min-width: 824px) 340px, (min-width: 732px) 510px, (min-width: 640px) 732px, \" title=\"\"><div class=\"fusion-rollover\">\n\t<div class=\"fusion-rollover-content\">\n\n\t\t\t\t\t\t\t\t\t\t\t\t\t\t<a class=\"fusion-rollover-link\" href=\"https:\/\/www.bwpn.de\/pflegenetzwerk\/pflegeantrag-bei-kindern-mit-einer-autismus-spektrum-stoerung\/\">Pflegeantrag bei Kindern mit einer Autismus-Spektrum-St&ouml;rung<\/a>\n\t\t\t\n\t\t\t\t\t\t\t\t\t\t\t\t\t\t\n\t\t\t\t\t\t\t\t\n\t\t\t\t\t\t\t\t\t\t\t\t\t<div class=\"fusion-rollover-sep\"><\/div>\n\t\t\t\t\n\t\t\t\t\t\t\t\t\t\t\t\t\t\t\t\t\t\t<a class=\"fusion-rollover-gallery\" href=\"https:\/\/www.bwpn.de\/pflegenetzwerk\/wp-content\/uploads\/2019\/02\/BWPN-Autismus-Spektrum-St%C3%B6rung.jpg\" data-options=\"\" data-id=\"3263\" data-rel=\"iLightbox[gallery]\" data-title=\"BWPN-Autismus-Spektrum-St&ouml;rung\" data-caption=\"(C) BWPN\">\n\t\t\t\t\t\tGallerie\t\t\t\t\t<\/a>\n\t\t\t\t\t\t\t\t\t\t\t\t\t\t\n\t\t\n\t\t\t\t\t\t\t\t\t\t\t\t<h4 class=\"fusion-rollover-title\">\n\t\t\t\t\t<a class=\"fusion-rollover-title-link\" href=\"https:\/\/www.bwpn.de\/pflegenetzwerk\/pflegeantrag-bei-kindern-mit-einer-autismus-spektrum-stoerung\/\">\n\t\t\t\t\t\tPflegeantrag bei Kindern mit einer Autismus-Spektrum-St&ouml;rung\t\t\t\t\t<\/a>\n\t\t\t\t<\/h4>\n\t\t\t\n\t\t\t\t\t\t\t\t\t\t<div class=\"fusion-rollover-categories\"><a href=\"https:\/\/www.bwpn.de\/pflegenetzwerk\/widerspruch\/pflegeleistungen\/\" rel=\"tag\">Pflegeleistungen<\/a>, <a href=\"https:\/\/www.bwpn.de\/pflegenetzwerk\/widerspruch\/pflegegrad\/\" rel=\"tag\">Pflegegrad<\/a><\/div>\t\t\t\t\t\n\t\t\n\t\t\t\t\t\t<a class=\"fusion-link-wrapper\" href=\"https:\/\/www.bwpn.de\/pflegenetzwerk\/pflegeantrag-bei-kindern-mit-einer-autismus-spektrum-stoerung\/\" aria-label=\"Pflegeantrag bei Kindern mit einer Autismus-Spektrum-St&ouml;rung\"><\/a>\n\t<\/div>\n<\/div>\n<\/div>\n<\/li>\n\t\t\t\n\t\t\t\n\t\t\t\t\t\t\t\t\t\t\t\t\t\t\t\t\t\t\t\t\t\t\t\t\t\t\t\t\t\t\t\t\t\t\t\t\t\t\t\t\t\t\t\t\t\t\t\t\t\t\t\t\t\t\t\t\t\t\t\t\t\t\t\t\t\t\t\t<\/ul>\n\t<\/div>\n\t<div class=\"fusion-post-content-wrapper\" style=\"padding:30px 25px 20px 25px;\"><div class=\"fusion-post-content post-content\"><h2 class=\"blog-shortcode-post-title entry-title\"><a href=\"https:\/\/www.bwpn.de\/pflegenetzwerk\/pflegeantrag-bei-kindern-mit-einer-autismus-spektrum-stoerung\/\">Pflegeantrag bei Kindern mit einer Autismus-Spektrum-St&ouml;rung<\/a><\/h2><div class=\"fusion-post-content-container\"><p> Was verstehen Fachleute unter einer <a href=\"https:\/\/www.bwpn.de\/pflegenetzwerk\/glossar\/autismus\/\" target=\"_self\" title=\"Autismus-Spektrum-St&ouml;rung Autismus-Spektrum-St&ouml;rungen sind tiefgreifende Entwicklungsst&ouml;rungen, die u. a. durch ein&hellip;\" class=\"encyclopedia\">Autismus<\/a>-Spektrum-St&ouml;rung? Autismus ist eine [...]<\/p><\/div><\/div><\/div><div class=\"fusion-clearfix\"><\/div><\/div>\n<\/article>\n<article id=\"blog-1-post-5045\" class=\"fusion-post-grid post-5045 post type-post status-publish format-standard has-post-thumbnail hentry category-pflegeleistungen tag-pflegeantrag tag-pflegegrad tag-pflegeleistungen tag-widerspruch\">\n<div class=\"fusion-post-wrapper\" style=\"background-color:rgba(255,255,255,0);border:1px solid #ebeaea;border-bottom-width:3px;\">\n\n\t\t\t<div class=\"fusion-flexslider flexslider fusion-flexslider-loading fusion-post-slideshow\" style=\"border-color:#ebeaea;\">\n\t\t<ul class=\"slides\">\n\t\t\t\n\t\t\t\t\t\t\t\t\t\t\t\t\t\t<li><div class=\"fusion-image-wrapper\" aria-haspopup=\"true\">\n\t\t\t\t<img loading=\"lazy\" decoding=\"async\" width=\"1200\" height=\"800\" src=\"https:\/\/www.bwpn.de\/pflegenetzwerk\/wp-content\/uploads\/2021\/02\/BWPN-Beitrag-Befragung-zur-Pflegebegutachtung-2020.jpg\" class=\"attachment-full size-full wp-post-image\" alt=\"Befragung zur Pflegebegutachtung 2020 durch BWPN\" srcset=\"https:\/\/www.bwpn.de\/pflegenetzwerk\/wp-content\/uploads\/2021\/02\/BWPN-Beitrag-Befragung-zur-Pflegebegutachtung-2020-200x133.jpg 200w, https:\/\/www.bwpn.de\/pflegenetzwerk\/wp-content\/uploads\/2021\/02\/BWPN-Beitrag-Befragung-zur-Pflegebegutachtung-2020-400x267.jpg 400w, https:\/\/www.bwpn.de\/pflegenetzwerk\/wp-content\/uploads\/2021\/02\/BWPN-Beitrag-Befragung-zur-Pflegebegutachtung-2020-600x400.jpg 600w, https:\/\/www.bwpn.de\/pflegenetzwerk\/wp-content\/uploads\/2021\/02\/BWPN-Beitrag-Befragung-zur-Pflegebegutachtung-2020-800x533.jpg 800w, https:\/\/www.bwpn.de\/pflegenetzwerk\/wp-content\/uploads\/2021\/02\/BWPN-Beitrag-Befragung-zur-Pflegebegutachtung-2020.jpg 1200w\" sizes=\"auto, (min-width: 2200px) 100vw, (min-width: 824px) 340px, (min-width: 732px) 510px, (min-width: 640px) 732px, \" title=\"\"><div class=\"fusion-rollover\">\n\t<div class=\"fusion-rollover-content\">\n\n\t\t\t\t\t\t\t\t\t\t\t\t\t\t<a class=\"fusion-rollover-link\" href=\"https:\/\/www.bwpn.de\/pflegenetzwerk\/befragung-zur-pflegebegutachtung-2020\/\">Befragung zur Pflegebegutachtung 2020<\/a>\n\t\t\t\n\t\t\t\t\t\t\t\t\t\t\t\t\t\t\n\t\t\t\t\t\t\t\t\n\t\t\t\t\t\t\t\t\t\t\t\t\t<div class=\"fusion-rollover-sep\"><\/div>\n\t\t\t\t\n\t\t\t\t\t\t\t\t\t\t\t\t\t\t\t\t\t\t<a class=\"fusion-rollover-gallery\" href=\"https:\/\/www.bwpn.de\/pflegenetzwerk\/wp-content\/uploads\/2021\/02\/BWPN-Beitrag-Befragung-zur-Pflegebegutachtung-2020.jpg\" data-options=\"\" data-id=\"5045\" data-rel=\"iLightbox[gallery]\" data-title=\"BWPN-Beitrag-Befragung-zur-Pflegebegutachtung-2020\" data-caption=\"(c) BWPN | annebaek- Getty Images\">\n\t\t\t\t\t\tGallerie\t\t\t\t\t<\/a>\n\t\t\t\t\t\t\t\t\t\t\t\t\t\t\n\t\t\n\t\t\t\t\t\t\t\t\t\t\t\t<h4 class=\"fusion-rollover-title\">\n\t\t\t\t\t<a class=\"fusion-rollover-title-link\" href=\"https:\/\/www.bwpn.de\/pflegenetzwerk\/befragung-zur-pflegebegutachtung-2020\/\">\n\t\t\t\t\t\tBefragung zur Pflegebegutachtung 2020\t\t\t\t\t<\/a>\n\t\t\t\t<\/h4>\n\t\t\t\n\t\t\t\t\t\t\t\t\t\t<div class=\"fusion-rollover-categories\"><a href=\"https:\/\/www.bwpn.de\/pflegenetzwerk\/widerspruch\/pflegeleistungen\/\" rel=\"tag\">Pflegeleistungen<\/a><\/div>\t\t\t\t\t\n\t\t\n\t\t\t\t\t\t<a class=\"fusion-link-wrapper\" href=\"https:\/\/www.bwpn.de\/pflegenetzwerk\/befragung-zur-pflegebegutachtung-2020\/\" aria-label=\"Befragung zur Pflegebegutachtung 2020\"><\/a>\n\t<\/div>\n<\/div>\n<\/div>\n<\/li>\n\t\t\t\n\t\t\t\n\t\t\t\t\t\t\t\t\t\t\t\t\t\t\t\t\t\t\t\t\t\t\t\t\t\t\t\t\t\t\t\t\t\t\t\t\t\t\t\t\t\t\t\t\t\t\t\t\t\t\t\t\t\t\t\t\t\t\t\t\t\t\t\t\t\t\t\t<\/ul>\n\t<\/div>\n\t<div class=\"fusion-post-content-wrapper\" style=\"padding:30px 25px 20px 25px;\"><div class=\"fusion-post-content post-content\"><h2 class=\"blog-shortcode-post-title entry-title\"><a href=\"https:\/\/www.bwpn.de\/pflegenetzwerk\/befragung-zur-pflegebegutachtung-2020\/\">Befragung zur Pflegebegutachtung 2020<\/a><\/h2><div class=\"fusion-post-content-container\"><p>Befragung zur Zufriedenheit der Pflegebegutachtung  Einleitung  Bereits seit [...]<\/p><\/div><\/div><\/div><div class=\"fusion-clearfix\"><\/div><\/div>\n<\/article>\n<article id=\"blog-1-post-3606\" class=\"fusion-post-grid post-3606 post type-post status-publish format-standard has-post-thumbnail hentry category-widerspruch-pflegegrad category-pflegegrad tag-neuantrag tag-pflegegrad tag-widerspruchsbescheid\">\n<div class=\"fusion-post-wrapper\" style=\"background-color:rgba(255,255,255,0);border:1px solid #ebeaea;border-bottom-width:3px;\">\n\n\t\t\t<div class=\"fusion-flexslider flexslider fusion-flexslider-loading fusion-post-slideshow\" style=\"border-color:#ebeaea;\">\n\t\t<ul class=\"slides\">\n\t\t\t\n\t\t\t\t\t\t\t\t\t\t\t\t\t\t<li><div class=\"fusion-image-wrapper\" aria-haspopup=\"true\">\n\t\t\t\t<img loading=\"lazy\" decoding=\"async\" width=\"1200\" height=\"800\" src=\"https:\/\/www.bwpn.de\/pflegenetzwerk\/wp-content\/uploads\/2019\/09\/BWPN-Neuantrag-oder-Widerspruch.png\" class=\"attachment-full size-full wp-post-image\" alt=\"Pflegegrad abgelehnt neuer Antrag oder Widerspruch\" srcset=\"https:\/\/www.bwpn.de\/pflegenetzwerk\/wp-content\/uploads\/2019\/09\/BWPN-Neuantrag-oder-Widerspruch-200x133.png 200w, https:\/\/www.bwpn.de\/pflegenetzwerk\/wp-content\/uploads\/2019\/09\/BWPN-Neuantrag-oder-Widerspruch-400x267.png 400w, https:\/\/www.bwpn.de\/pflegenetzwerk\/wp-content\/uploads\/2019\/09\/BWPN-Neuantrag-oder-Widerspruch-600x400.png 600w, https:\/\/www.bwpn.de\/pflegenetzwerk\/wp-content\/uploads\/2019\/09\/BWPN-Neuantrag-oder-Widerspruch-800x533.png 800w, https:\/\/www.bwpn.de\/pflegenetzwerk\/wp-content\/uploads\/2019\/09\/BWPN-Neuantrag-oder-Widerspruch.png 1200w\" sizes=\"auto, (min-width: 2200px) 100vw, (min-width: 824px) 340px, (min-width: 732px) 510px, (min-width: 640px) 732px, \" title=\"\"><div class=\"fusion-rollover\">\n\t<div class=\"fusion-rollover-content\">\n\n\t\t\t\t\t\t\t\t\t\t\t\t\t\t<a class=\"fusion-rollover-link\" href=\"https:\/\/www.bwpn.de\/pflegenetzwerk\/pflegegrad-abgelehnt-neuer-antrag\/\">Pflegegrad abgelehnt neuer Antrag<\/a>\n\t\t\t\n\t\t\t\t\t\t\t\t\t\t\t\t\t\t\n\t\t\t\t\t\t\t\t\n\t\t\t\t\t\t\t\t\t\t\t\t\t<div class=\"fusion-rollover-sep\"><\/div>\n\t\t\t\t\n\t\t\t\t\t\t\t\t\t\t\t\t\t\t\t\t\t\t<a class=\"fusion-rollover-gallery\" href=\"https:\/\/www.bwpn.de\/pflegenetzwerk\/wp-content\/uploads\/2019\/09\/BWPN-Neuantrag-oder-Widerspruch.png\" data-options=\"\" data-id=\"3606\" data-rel=\"iLightbox[gallery]\" data-title=\"BWPN-Neuantrag-oder-Widerspruch\" data-caption=\"\">\n\t\t\t\t\t\tGallerie\t\t\t\t\t<\/a>\n\t\t\t\t\t\t\t\t\t\t\t\t\t\t\n\t\t\n\t\t\t\t\t\t\t\t\t\t\t\t<h4 class=\"fusion-rollover-title\">\n\t\t\t\t\t<a class=\"fusion-rollover-title-link\" href=\"https:\/\/www.bwpn.de\/pflegenetzwerk\/pflegegrad-abgelehnt-neuer-antrag\/\">\n\t\t\t\t\t\tPflegegrad abgelehnt neuer Antrag\t\t\t\t\t<\/a>\n\t\t\t\t<\/h4>\n\t\t\t\n\t\t\t\t\t\t\t\t\t\t<div class=\"fusion-rollover-categories\"><a href=\"https:\/\/www.bwpn.de\/pflegenetzwerk\/widerspruch\/widerspruch-pflegegrad\/\" rel=\"tag\">Widerspruch Pflegegrad<\/a>, <a href=\"https:\/\/www.bwpn.de\/pflegenetzwerk\/widerspruch\/pflegegrad\/\" rel=\"tag\">Pflegegrad<\/a><\/div>\t\t\t\t\t\n\t\t\n\t\t\t\t\t\t<a class=\"fusion-link-wrapper\" href=\"https:\/\/www.bwpn.de\/pflegenetzwerk\/pflegegrad-abgelehnt-neuer-antrag\/\" aria-label=\"Pflegegrad abgelehnt neuer Antrag\"><\/a>\n\t<\/div>\n<\/div>\n<\/div>\n<\/li>\n\t\t\t\n\t\t\t\n\t\t\t\t\t\t\t\t\t\t\t\t\t\t\t\t\t\t\t\t\t\t\t\t\t\t\t\t\t\t\t\t\t\t\t\t\t\t\t\t\t\t\t\t\t\t\t\t\t\t\t\t\t\t\t\t\t\t\t\t\t\t\t\t\t\t\t\t<\/ul>\n\t<\/div>\n\t<div class=\"fusion-post-content-wrapper\" style=\"padding:30px 25px 20px 25px;\"><div class=\"fusion-post-content post-content\"><h2 class=\"blog-shortcode-post-title entry-title\"><a href=\"https:\/\/www.bwpn.de\/pflegenetzwerk\/pflegegrad-abgelehnt-neuer-antrag\/\">Pflegegrad abgelehnt neuer Antrag<\/a><\/h2><div class=\"fusion-post-content-container\"><p> <a href=\"https:\/\/www.bwpn.de\/pflegenetzwerk\/glossar\/pflegegrad-abgelehnt\/\" target=\"_self\" title=\"Pflegegrad abgelehnt - Was ist passiert? Wurde Ihr Pflegegrad abgelehnt,&hellip;\" class=\"encyclopedia\">Pflegegrad abgelehnt<\/a>, neuer Antrag als beste L&ouml;sung?  Wurde [...]<\/p><\/div><\/div><\/div><div class=\"fusion-clearfix\"><\/div><\/div>\n<\/article>\n<article id=\"blog-1-post-3933\" class=\"fusion-post-grid post-3933 post type-post status-publish format-standard has-post-thumbnail hentry category-pflegeleistungen category-pflegegrad tag-demenz tag-pflegeantrag tag-pflegegrad tag-pflegestufe tag-senilitaet\">\n<div class=\"fusion-post-wrapper\" style=\"background-color:rgba(255,255,255,0);border:1px solid #ebeaea;border-bottom-width:3px;\">\n\n\t\t\t<div class=\"fusion-flexslider flexslider fusion-flexslider-loading fusion-post-slideshow\" style=\"border-color:#ebeaea;\">\n\t\t<ul class=\"slides\">\n\t\t\t\n\t\t\t\t\t\t\t\t\t\t\t\t\t\t<li><div class=\"fusion-image-wrapper\" aria-haspopup=\"true\">\n\t\t\t\t<img loading=\"lazy\" decoding=\"async\" width=\"1200\" height=\"800\" src=\"https:\/\/www.bwpn.de\/pflegenetzwerk\/wp-content\/uploads\/2020\/04\/BWPN-Beitrag-Pflegeantrag-bei-Kleinkindern.jpg\" class=\"attachment-full size-full wp-post-image\" alt=\"Pflegeantrag bei Kleinkindern\" srcset=\"https:\/\/www.bwpn.de\/pflegenetzwerk\/wp-content\/uploads\/2020\/04\/BWPN-Beitrag-Pflegeantrag-bei-Kleinkindern-200x133.jpg 200w, https:\/\/www.bwpn.de\/pflegenetzwerk\/wp-content\/uploads\/2020\/04\/BWPN-Beitrag-Pflegeantrag-bei-Kleinkindern-400x267.jpg 400w, https:\/\/www.bwpn.de\/pflegenetzwerk\/wp-content\/uploads\/2020\/04\/BWPN-Beitrag-Pflegeantrag-bei-Kleinkindern-600x400.jpg 600w, https:\/\/www.bwpn.de\/pflegenetzwerk\/wp-content\/uploads\/2020\/04\/BWPN-Beitrag-Pflegeantrag-bei-Kleinkindern-800x533.jpg 800w, https:\/\/www.bwpn.de\/pflegenetzwerk\/wp-content\/uploads\/2020\/04\/BWPN-Beitrag-Pflegeantrag-bei-Kleinkindern.jpg 1200w\" sizes=\"auto, (min-width: 2200px) 100vw, (min-width: 824px) 340px, (min-width: 732px) 510px, (min-width: 640px) 732px, \" title=\"\"><div class=\"fusion-rollover\">\n\t<div class=\"fusion-rollover-content\">\n\n\t\t\t\t\t\t\t\t\t\t\t\t\t\t<a class=\"fusion-rollover-link\" href=\"https:\/\/www.bwpn.de\/pflegenetzwerk\/pflegeantrag-bei-kleinkindern\/\">Pflegeantrag bei Kleinkindern<\/a>\n\t\t\t\n\t\t\t\t\t\t\t\t\t\t\t\t\t\t\n\t\t\t\t\t\t\t\t\n\t\t\t\t\t\t\t\t\t\t\t\t\t<div class=\"fusion-rollover-sep\"><\/div>\n\t\t\t\t\n\t\t\t\t\t\t\t\t\t\t\t\t\t\t\t\t\t\t<a class=\"fusion-rollover-gallery\" href=\"https:\/\/www.bwpn.de\/pflegenetzwerk\/wp-content\/uploads\/2020\/04\/BWPN-Beitrag-Pflegeantrag-bei-Kleinkindern.jpg\" data-options=\"\" data-id=\"3933\" data-rel=\"iLightbox[gallery]\" data-title=\"BWPN-Beitrag-Pflegeantrag-bei-Kleinkindern\" data-caption=\"(c) BWPN | Melpomenem - Getty Images\">\n\t\t\t\t\t\tGallerie\t\t\t\t\t<\/a>\n\t\t\t\t\t\t\t\t\t\t\t\t\t\t\n\t\t\n\t\t\t\t\t\t\t\t\t\t\t\t<h4 class=\"fusion-rollover-title\">\n\t\t\t\t\t<a class=\"fusion-rollover-title-link\" href=\"https:\/\/www.bwpn.de\/pflegenetzwerk\/pflegeantrag-bei-kleinkindern\/\">\n\t\t\t\t\t\tPflegeantrag bei Kleinkindern\t\t\t\t\t<\/a>\n\t\t\t\t<\/h4>\n\t\t\t\n\t\t\t\t\t\t\t\t\t\t<div class=\"fusion-rollover-categories\"><a href=\"https:\/\/www.bwpn.de\/pflegenetzwerk\/widerspruch\/pflegeleistungen\/\" rel=\"tag\">Pflegeleistungen<\/a>, <a href=\"https:\/\/www.bwpn.de\/pflegenetzwerk\/widerspruch\/pflegegrad\/\" rel=\"tag\">Pflegegrad<\/a><\/div>\t\t\t\t\t\n\t\t\n\t\t\t\t\t\t<a class=\"fusion-link-wrapper\" href=\"https:\/\/www.bwpn.de\/pflegenetzwerk\/pflegeantrag-bei-kleinkindern\/\" aria-label=\"Pflegeantrag bei Kleinkindern\"><\/a>\n\t<\/div>\n<\/div>\n<\/div>\n<\/li>\n\t\t\t\n\t\t\t\n\t\t\t\t\t\t\t\t\t\t\t\t\t\t\t\t\t\t\t\t\t\t\t\t\t\t\t\t\t\t\t\t\t\t\t\t\t\t\t\t\t\t\t\t\t\t\t\t\t\t\t\t\t\t\t\t\t\t\t\t\t\t\t\t\t\t\t\t<\/ul>\n\t<\/div>\n\t<div class=\"fusion-post-content-wrapper\" style=\"padding:30px 25px 20px 25px;\"><div class=\"fusion-post-content post-content\"><h2 class=\"blog-shortcode-post-title entry-title\"><a href=\"https:\/\/www.bwpn.de\/pflegenetzwerk\/pflegeantrag-bei-kleinkindern\/\">Pflegeantrag bei Kleinkindern<\/a><\/h2><div class=\"fusion-post-content-container\"><p> Einleitung zum Pflegeantrag bei Kleinkindern  In diesem Beitrag [...]<\/p><\/div><\/div><\/div><div class=\"fusion-clearfix\"><\/div><\/div>\n<\/article>\n<article id=\"blog-1-post-3327\" class=\"fusion-post-grid post-3327 post type-post status-publish format-standard has-post-thumbnail hentry category-pflegeleistungen category-pflegegrad tag-adhs tag-kinder tag-pflegeantrag tag-pflegegrad\">\n<div class=\"fusion-post-wrapper\" style=\"background-color:rgba(255,255,255,0);border:1px solid #ebeaea;border-bottom-width:3px;\">\n\n\t\t\t<div class=\"fusion-flexslider flexslider fusion-flexslider-loading fusion-post-slideshow\" style=\"border-color:#ebeaea;\">\n\t\t<ul class=\"slides\">\n\t\t\t\n\t\t\t\t\t\t\t\t\t\t\t\t\t\t<li><div class=\"fusion-image-wrapper\" aria-haspopup=\"true\">\n\t\t\t\t<img loading=\"lazy\" decoding=\"async\" width=\"1200\" height=\"800\" src=\"https:\/\/www.bwpn.de\/pflegenetzwerk\/wp-content\/uploads\/2019\/05\/BWPN-ADHS.jpg\" class=\"attachment-full size-full wp-post-image\" alt=\"Pflegeantrag bei Kindern mit ADHS (BWPN)\" srcset=\"https:\/\/www.bwpn.de\/pflegenetzwerk\/wp-content\/uploads\/2019\/05\/BWPN-ADHS-200x133.jpg 200w, https:\/\/www.bwpn.de\/pflegenetzwerk\/wp-content\/uploads\/2019\/05\/BWPN-ADHS-400x267.jpg 400w, https:\/\/www.bwpn.de\/pflegenetzwerk\/wp-content\/uploads\/2019\/05\/BWPN-ADHS-600x400.jpg 600w, https:\/\/www.bwpn.de\/pflegenetzwerk\/wp-content\/uploads\/2019\/05\/BWPN-ADHS-800x533.jpg 800w, https:\/\/www.bwpn.de\/pflegenetzwerk\/wp-content\/uploads\/2019\/05\/BWPN-ADHS.jpg 1200w\" sizes=\"auto, (min-width: 2200px) 100vw, (min-width: 824px) 340px, (min-width: 732px) 510px, (min-width: 640px) 732px, \" title=\"\"><div class=\"fusion-rollover\">\n\t<div class=\"fusion-rollover-content\">\n\n\t\t\t\t\t\t\t\t\t\t\t\t\t\t<a class=\"fusion-rollover-link\" href=\"https:\/\/www.bwpn.de\/pflegenetzwerk\/pflegeantrag-bei-kindern-mit-einer-adhs\/\">Pflegeantrag bei Kindern mit einer ADHS<\/a>\n\t\t\t\n\t\t\t\t\t\t\t\t\t\t\t\t\t\t\n\t\t\t\t\t\t\t\t\n\t\t\t\t\t\t\t\t\t\t\t\t\t<div class=\"fusion-rollover-sep\"><\/div>\n\t\t\t\t\n\t\t\t\t\t\t\t\t\t\t\t\t\t\t\t\t\t\t<a class=\"fusion-rollover-gallery\" href=\"https:\/\/www.bwpn.de\/pflegenetzwerk\/wp-content\/uploads\/2019\/05\/BWPN-ADHS.jpg\" data-options=\"\" data-id=\"3327\" data-rel=\"iLightbox[gallery]\" data-title=\"BWPN-ADHS\" data-caption=\"&copy;magele-picture - stock.adobe.com\">\n\t\t\t\t\t\tGallerie\t\t\t\t\t<\/a>\n\t\t\t\t\t\t\t\t\t\t\t\t\t\t\n\t\t\n\t\t\t\t\t\t\t\t\t\t\t\t<h4 class=\"fusion-rollover-title\">\n\t\t\t\t\t<a class=\"fusion-rollover-title-link\" href=\"https:\/\/www.bwpn.de\/pflegenetzwerk\/pflegeantrag-bei-kindern-mit-einer-adhs\/\">\n\t\t\t\t\t\tPflegeantrag bei Kindern mit einer ADHS\t\t\t\t\t<\/a>\n\t\t\t\t<\/h4>\n\t\t\t\n\t\t\t\t\t\t\t\t\t\t<div class=\"fusion-rollover-categories\"><a href=\"https:\/\/www.bwpn.de\/pflegenetzwerk\/widerspruch\/pflegeleistungen\/\" rel=\"tag\">Pflegeleistungen<\/a>, <a href=\"https:\/\/www.bwpn.de\/pflegenetzwerk\/widerspruch\/pflegegrad\/\" rel=\"tag\">Pflegegrad<\/a><\/div>\t\t\t\t\t\n\t\t\n\t\t\t\t\t\t<a class=\"fusion-link-wrapper\" href=\"https:\/\/www.bwpn.de\/pflegenetzwerk\/pflegeantrag-bei-kindern-mit-einer-adhs\/\" aria-label=\"Pflegeantrag bei Kindern mit einer ADHS\"><\/a>\n\t<\/div>\n<\/div>\n<\/div>\n<\/li>\n\t\t\t\n\t\t\t\n\t\t\t\t\t\t\t\t\t\t\t\t\t\t\t\t\t\t\t\t\t\t\t\t\t\t\t\t\t\t\t\t\t\t\t\t\t\t\t\t\t\t\t\t\t\t\t\t\t\t\t\t\t\t\t\t\t\t\t\t\t\t\t\t\t\t\t\t<\/ul>\n\t<\/div>\n\t<div class=\"fusion-post-content-wrapper\" style=\"padding:30px 25px 20px 25px;\"><div class=\"fusion-post-content post-content\"><h2 class=\"blog-shortcode-post-title entry-title\"><a href=\"https:\/\/www.bwpn.de\/pflegenetzwerk\/pflegeantrag-bei-kindern-mit-einer-adhs\/\">Pflegeantrag bei Kindern mit einer ADHS<\/a><\/h2><div class=\"fusion-post-content-container\"><p>Was verstehen Fachleute unter einer ADHS?  Die Abk&uuml;rzung ADHS [...]<\/p><\/div><\/div><\/div><div class=\"fusion-clearfix\"><\/div><\/div>\n<\/article>\n<div class=\"fusion-clearfix\"><\/div><\/div><div class=\"pagination clearfix\"><span class=\"current\">1<\/span><a href=\"https:\/\/www.bwpn.de\/pflegenetzwerk\/wp-json\/wp\/v2\/encyclopedia\/2192\/page\/2\/\" class=\"inactive\">2<\/a><a class=\"pagination-next\" rel=\"next\" href=\"https:\/\/www.bwpn.de\/pflegenetzwerk\/wp-json\/wp\/v2\/encyclopedia\/2192\/page\/2\/\"><span class=\"page-text\">Vor<\/span><span class=\"page-next\"><\/span><\/a><\/div><div class=\"fusion-clearfix\"><\/div><\/div>\n","protected":false},"excerpt":{"rendered":"<p>Hierunter versteht man beispielsweise das An- und Ablegen von Prothesen, kieferorthop\u00e4dische Apparaturen; Orthesen, Brille, H\u00f6rger\u00e4t oder Kompressionsstr\u00fcmpfen (inkl. deren Reinigung). Laut neuem Begutachtungsassessment muss der Gutachter (m\/w) ermitteln, ob k\u00f6rpernahe Hilfsmittel zu Anwendung kommen und ob die antragstellende Person diese Hilfsmittel selber an- und ablegen kann. F\u00fcr die Ermittlung der gewichteten Punkte im Modul 5  [&#8230;]<\/p>\n","protected":false},"author":4,"featured_media":4125,"template":"","encyclopedia-category":[290],"encyclopedia-tag":[174,257],"faq_category":[],"class_list":["post-2192","encyclopedia","type-encyclopedia","status-publish","has-post-thumbnail","hentry","encyclopedia-category-modul-5-nba","encyclopedia-tag-hilfsmittel","encyclopedia-tag-modul-5"],"_links":{"self":[{"href":"https:\/\/www.bwpn.de\/pflegenetzwerk\/wp-json\/wp\/v2\/encyclopedia\/2192","targetHints":{"allow":["GET"]}}],"collection":[{"href":"https:\/\/www.bwpn.de\/pflegenetzwerk\/wp-json\/wp\/v2\/encyclopedia"}],"about":[{"href":"https:\/\/www.bwpn.de\/pflegenetzwerk\/wp-json\/wp\/v2\/types\/encyclopedia"}],"author":[{"embeddable":true,"href":"https:\/\/www.bwpn.de\/pflegenetzwerk\/wp-json\/wp\/v2\/users\/4"}],"version-history":[{"count":4,"href":"https:\/\/www.bwpn.de\/pflegenetzwerk\/wp-json\/wp\/v2\/encyclopedia\/2192\/revisions"}],"predecessor-version":[{"id":4349,"href":"https:\/\/www.bwpn.de\/pflegenetzwerk\/wp-json\/wp\/v2\/encyclopedia\/2192\/revisions\/4349"}],"wp:featuredmedia":[{"embeddable":true,"href":"https:\/\/www.bwpn.de\/pflegenetzwerk\/wp-json\/wp\/v2\/media\/4125"}],"wp:attachment":[{"href":"https:\/\/www.bwpn.de\/pflegenetzwerk\/wp-json\/wp\/v2\/media?parent=2192"}],"wp:term":[{"taxonomy":"encyclopedia-category","embeddable":true,"href":"https:\/\/www.bwpn.de\/pflegenetzwerk\/wp-json\/wp\/v2\/encyclopedia-category?post=2192"},{"taxonomy":"encyclopedia-tag","embeddable":true,"href":"https:\/\/www.bwpn.de\/pflegenetzwerk\/wp-json\/wp\/v2\/encyclopedia-tag?post=2192"},{"taxonomy":"faq_category","embeddable":true,"href":"https:\/\/www.bwpn.de\/pflegenetzwerk\/wp-json\/wp\/v2\/faq_category?post=2192"}],"curies":[{"name":"wp","href":"https:\/\/api.w.org\/{rel}","templated":true}]}}