{"id":2135,"date":"2018-08-17T08:41:50","date_gmt":"2018-08-17T06:41:50","guid":{"rendered":"https:\/\/www.bwpn.de\/pflegenetzwerk\/?post_type=encyclopedia&#038;p=2135"},"modified":"2019-12-17T10:38:17","modified_gmt":"2019-12-17T08:38:17","slug":"pflegerelevante-vokale-auffaelligkeiten","status":"publish","type":"encyclopedia","link":"https:\/\/www.bwpn.de\/pflegenetzwerk\/glossar\/pflegerelevante-vokale-auffaelligkeiten\/","title":{"rendered":"Pflegerelevante vokale Auff\u00e4lligkeiten"},"content":{"rendered":"<p>Was f&uuml;r einige Leser zun&auml;chst unverst&auml;ndlich wirkt, ist f&uuml;r viele pflegenede Angeh&ouml;rige (und selbstverst&auml;ndlich auch f&uuml;r <a href=\"https:\/\/www.bwpn.de\/pflegenetzwerk\/glossar\/pflegekraefte\/\" target=\"_self\" title=\"Pflegekr&auml;fte sind inzwischen eine der wichtigsten St&uuml;tze unserer alternden Gesellschaft&hellip;\" class=\"encyclopedia\">Pflegekr&auml;fte<\/a>) eine ernstzunehmende und t&auml;gliche Herausforderung.<\/p>\n<p>Die sogenannten pflegerelevanten vokalen Auff&auml;lligkeiten (siehe unten) unterscheiden sich, einfach ausgedr&uuml;ckt, von nicht pflegerelevanten vokalen Auff&auml;lligkeiten dadurch, dass diese &ldquo;&Auml;u&szlig;erungen&rdquo; eine pflegerische Handlung notwendig machen.<\/p>\n<h3>Pflegerelevante vokale Auff&auml;lligkeiten (Beispiele)<\/h3>\n<ul>\n<li>Schreien oder fluchen ohne erkennbaren Grund\n<ul>\n<li><em>Nicht selten m&uuml;ssen <a href=\"https:\/\/www.bwpn.de\/pflegenetzwerk\/glossar\/pflegebeduerftige\/\" target=\"_self\" title=\"Einleitung Pflegebed&uuml;rftige Pflegebed&uuml;rftige gibt es eigentlich gar nicht. Die korrekte&hellip;\" class=\"encyclopedia\">pflegebed&uuml;rftige<\/a> Personen dann beruhigt oder abgelenkt werden<\/em><\/li>\n<\/ul>\n<\/li>\n<li>St&auml;ndig wiederholende (gleiche) Fragen (z. B. nach der Uhrzeit)\n<ul>\n<li><em>Da hilft h&auml;ufig nur Ablenkung durch einen Spaziergang oder einem Spiel, etc.<\/em><\/li>\n<\/ul>\n<\/li>\n<li>Wiederholtes Klagen &uuml;ber eine oder mehrere Situationen des t&auml;glichen Lebens\n<ul>\n<li><em>Auch in diesem Fall hilft h&auml;ufig nur Ablenkung oder, je nach <a href=\"https:\/\/www.bwpn.de\/pflegenetzwerk\/glossar\/pflegebeduerftigkeit\/\" target=\"_self\" title=\"Einleitung Pflegebed&uuml;rftigkeit Pflegebed&uuml;rftigkeit betrifft inzwischen deutlich mehr als 3,5 Millionen&hellip;\" class=\"encyclopedia\">Pflegebed&uuml;rftigkeit<\/a>, ein Dialog zur Sache<\/em><\/li>\n<\/ul>\n<\/li>\n<\/ul>\n<p>Andere <a href=\"https:\/\/www.bwpn.de\/pflegenetzwerk\/glossar\/pflegerelevante-vokale-auffaelligkeiten\/\" target=\"_self\" title=\"Was f&uuml;r einige Leser zun&auml;chst unverst&auml;ndlich wirkt, ist f&uuml;r viele&hellip;\" class=\"encyclopedia\">pflegerelevante vokale Auff&auml;lligkeiten<\/a> k&ouml;nnen sein:<\/p>\n<ul>\n<li>lautes Rufen, Schreien, Klagen ohne nachvollziehbaren Grund<\/li>\n<li>vor sich hin schimpfen, fluchen, seltsame Laute von sich geben<\/li>\n<li>st&auml;ndiges Wiederholen von S&auml;tzen und Fragen.<\/li>\n<\/ul>\n<p><em><strong>Eines haben alle relevanten Punkte und Beispiele gemeinsam:<\/strong><\/em><\/p>\n<p>Sie machen die aktive Unterst&uuml;tzung durch eine Pflegekraft notwendig und beanspruchen daher die Zeit einer anderen Person.<\/p>\n<h3>Mehr von unseren Pflegeexperten<\/h3>\n<div class=\"fusion-blog-shortcode fusion-blog-shortcode-1 fusion-blog-archive fusion-blog-layout-grid-wrapper fusion-blog-pagination\" style=\"--grid_separator_color:#8bc34a;\"><style type=\"text\/css\">.fusion-blog-shortcode-1 .fusion-blog-layout-grid .fusion-post-grid{padding:20px;}.fusion-blog-shortcode-1 .fusion-posts-container{margin-left: -20px !important; margin-right:-20px !important;}<\/style><div class=\"fusion-posts-container fusion-posts-container-pagination fusion-no-meta-info fusion-blog-rollover fusion-blog-layout-grid fusion-blog-layout-grid-3 isotope fusion-blog-equal-heights\" data-pages=\"1\" data-grid-col-space=\"40\" style=\"margin: -20px -20px 0;min-height:500px;\"><article id=\"blog-1-post-3120\" class=\"fusion-post-grid post-3120 post type-post status-publish format-standard has-post-thumbnail hentry category-pflegegrad tag-demenz tag-pflegeantrag tag-pflegegrad\">\n<div class=\"fusion-post-wrapper\" style=\"background-color:rgba(255,255,255,0);border:1px solid #ebeaea;border-bottom-width:3px;\">\n\n\t\t\t<div class=\"fusion-flexslider flexslider fusion-flexslider-loading fusion-post-slideshow\" style=\"border-color:#ebeaea;\">\n\t\t<ul class=\"slides\">\n\t\t\t\n\t\t\t\t\t\t\t\t\t\t\t\t\t\t<li><div class=\"fusion-image-wrapper\" aria-haspopup=\"true\">\n\t\t\t\t<img loading=\"lazy\" decoding=\"async\" width=\"1694\" height=\"1122\" src=\"https:\/\/www.bwpn.de\/pflegenetzwerk\/wp-content\/uploads\/2018\/11\/wort-demenz-mit-spielsteinen-auf-hand.jpg\" class=\"attachment-full size-full wp-post-image\" alt=\"Demenz, Alzheimer, Ged&auml;chtnisverlust-symbolisch\" srcset=\"https:\/\/www.bwpn.de\/pflegenetzwerk\/wp-content\/uploads\/2018\/11\/wort-demenz-mit-spielsteinen-auf-hand-200x132.jpg 200w, https:\/\/www.bwpn.de\/pflegenetzwerk\/wp-content\/uploads\/2018\/11\/wort-demenz-mit-spielsteinen-auf-hand-400x265.jpg 400w, https:\/\/www.bwpn.de\/pflegenetzwerk\/wp-content\/uploads\/2018\/11\/wort-demenz-mit-spielsteinen-auf-hand-600x397.jpg 600w, https:\/\/www.bwpn.de\/pflegenetzwerk\/wp-content\/uploads\/2018\/11\/wort-demenz-mit-spielsteinen-auf-hand-800x530.jpg 800w, https:\/\/www.bwpn.de\/pflegenetzwerk\/wp-content\/uploads\/2018\/11\/wort-demenz-mit-spielsteinen-auf-hand-1200x795.jpg 1200w, https:\/\/www.bwpn.de\/pflegenetzwerk\/wp-content\/uploads\/2018\/11\/wort-demenz-mit-spielsteinen-auf-hand.jpg 1694w\" sizes=\"auto, (min-width: 2200px) 100vw, (min-width: 824px) 340px, (min-width: 732px) 510px, (min-width: 640px) 732px, \" title=\"\"><div class=\"fusion-rollover\">\n\t<div class=\"fusion-rollover-content\">\n\n\t\t\t\t\t\t\t\t\t\t\t\t\t\t<a class=\"fusion-rollover-link\" href=\"https:\/\/www.bwpn.de\/pflegenetzwerk\/pflegeantrag-bei-demenz\/\">Pflegeantrag bei Demenz<\/a>\n\t\t\t\n\t\t\t\t\t\t\t\t\t\t\t\t\t\t\n\t\t\t\t\t\t\t\t\n\t\t\t\t\t\t\t\t\t\t\t\t\t<div class=\"fusion-rollover-sep\"><\/div>\n\t\t\t\t\n\t\t\t\t\t\t\t\t\t\t\t\t\t\t\t\t\t\t<a class=\"fusion-rollover-gallery\" href=\"https:\/\/www.bwpn.de\/pflegenetzwerk\/wp-content\/uploads\/2018\/11\/wort-demenz-mit-spielsteinen-auf-hand.jpg\" data-options=\"\" data-id=\"3120\" data-rel=\"iLightbox[gallery]\" data-title=\"Demenz, Alzheimer, Ged&auml;chtnisverlust-symbolisch\" data-caption=\"(c) js-photo - stock.adobe.com\">\n\t\t\t\t\t\tGallerie\t\t\t\t\t<\/a>\n\t\t\t\t\t\t\t\t\t\t\t\t\t\t\n\t\t\n\t\t\t\t\t\t\t\t\t\t\t\t<h4 class=\"fusion-rollover-title\">\n\t\t\t\t\t<a class=\"fusion-rollover-title-link\" href=\"https:\/\/www.bwpn.de\/pflegenetzwerk\/pflegeantrag-bei-demenz\/\">\n\t\t\t\t\t\tPflegeantrag bei Demenz\t\t\t\t\t<\/a>\n\t\t\t\t<\/h4>\n\t\t\t\n\t\t\t\t\t\t\t\t\t\t<div class=\"fusion-rollover-categories\"><a href=\"https:\/\/www.bwpn.de\/pflegenetzwerk\/widerspruch\/pflegegrad\/\" rel=\"tag\">Pflegegrad<\/a><\/div>\t\t\t\t\t\n\t\t\n\t\t\t\t\t\t<a class=\"fusion-link-wrapper\" href=\"https:\/\/www.bwpn.de\/pflegenetzwerk\/pflegeantrag-bei-demenz\/\" aria-label=\"Pflegeantrag bei Demenz\"><\/a>\n\t<\/div>\n<\/div>\n<\/div>\n<\/li>\n\t\t\t\n\t\t\t\n\t\t\t\t\t\t\t\t\t\t\t\t\t\t\t\t\t\t\t\t\t\t\t\t\t\t\t\t\t\t\t\t\t\t\t\t\t\t\t\t\t\t\t\t\t\t\t\t\t\t\t\t\t\t\t\t\t\t\t\t\t\t\t\t\t\t\t\t<\/ul>\n\t<\/div>\n\t<div class=\"fusion-post-content-wrapper\" style=\"padding:30px 25px 20px 25px;\"><div class=\"fusion-post-content post-content\"><h2 class=\"blog-shortcode-post-title entry-title\"><a href=\"https:\/\/www.bwpn.de\/pflegenetzwerk\/pflegeantrag-bei-demenz\/\">Pflegeantrag bei Demenz<\/a><\/h2><div class=\"fusion-post-content-container\"><p> Bevor ein <a href=\"https:\/\/www.bwpn.de\/pflegenetzwerk\/glossar\/pflegeantrag\/\" target=\"_self\" title=\"Bei einem Pflegeantrag handelt es sich, korrekt ausgedr&uuml;ckt, um einen&hellip;\" class=\"encyclopedia\">Pflegeantrag<\/a> bei <a href=\"https:\/\/www.bwpn.de\/pflegenetzwerk\/glossar\/demenz\/\" target=\"_self\" title=\"Eine Demenz ist ein psychiatrisches Syndrom, das bei verschiedenen degenerativen&hellip;\" class=\"encyclopedia\">Demenz<\/a> &uuml;berhaupt relevant werden kann, [...]<\/p><\/div><\/div><\/div><div class=\"fusion-clearfix\"><\/div><\/div>\n<\/article>\n<article id=\"blog-1-post-3933\" class=\"fusion-post-grid post-3933 post type-post status-publish format-standard has-post-thumbnail hentry category-pflegeleistungen category-pflegegrad tag-demenz tag-pflegeantrag tag-pflegegrad tag-pflegestufe tag-senilitaet\">\n<div class=\"fusion-post-wrapper\" style=\"background-color:rgba(255,255,255,0);border:1px solid #ebeaea;border-bottom-width:3px;\">\n\n\t\t\t<div class=\"fusion-flexslider flexslider fusion-flexslider-loading fusion-post-slideshow\" style=\"border-color:#ebeaea;\">\n\t\t<ul class=\"slides\">\n\t\t\t\n\t\t\t\t\t\t\t\t\t\t\t\t\t\t<li><div class=\"fusion-image-wrapper\" aria-haspopup=\"true\">\n\t\t\t\t<img loading=\"lazy\" decoding=\"async\" width=\"1200\" height=\"800\" src=\"https:\/\/www.bwpn.de\/pflegenetzwerk\/wp-content\/uploads\/2020\/04\/BWPN-Beitrag-Pflegeantrag-bei-Kleinkindern.jpg\" class=\"attachment-full size-full wp-post-image\" alt=\"Pflegeantrag bei Kleinkindern\" srcset=\"https:\/\/www.bwpn.de\/pflegenetzwerk\/wp-content\/uploads\/2020\/04\/BWPN-Beitrag-Pflegeantrag-bei-Kleinkindern-200x133.jpg 200w, https:\/\/www.bwpn.de\/pflegenetzwerk\/wp-content\/uploads\/2020\/04\/BWPN-Beitrag-Pflegeantrag-bei-Kleinkindern-400x267.jpg 400w, https:\/\/www.bwpn.de\/pflegenetzwerk\/wp-content\/uploads\/2020\/04\/BWPN-Beitrag-Pflegeantrag-bei-Kleinkindern-600x400.jpg 600w, https:\/\/www.bwpn.de\/pflegenetzwerk\/wp-content\/uploads\/2020\/04\/BWPN-Beitrag-Pflegeantrag-bei-Kleinkindern-800x533.jpg 800w, https:\/\/www.bwpn.de\/pflegenetzwerk\/wp-content\/uploads\/2020\/04\/BWPN-Beitrag-Pflegeantrag-bei-Kleinkindern.jpg 1200w\" sizes=\"auto, (min-width: 2200px) 100vw, (min-width: 824px) 340px, (min-width: 732px) 510px, (min-width: 640px) 732px, \" title=\"\"><div class=\"fusion-rollover\">\n\t<div class=\"fusion-rollover-content\">\n\n\t\t\t\t\t\t\t\t\t\t\t\t\t\t<a class=\"fusion-rollover-link\" href=\"https:\/\/www.bwpn.de\/pflegenetzwerk\/pflegeantrag-bei-kleinkindern\/\">Pflegeantrag bei Kleinkindern<\/a>\n\t\t\t\n\t\t\t\t\t\t\t\t\t\t\t\t\t\t\n\t\t\t\t\t\t\t\t\n\t\t\t\t\t\t\t\t\t\t\t\t\t<div class=\"fusion-rollover-sep\"><\/div>\n\t\t\t\t\n\t\t\t\t\t\t\t\t\t\t\t\t\t\t\t\t\t\t<a class=\"fusion-rollover-gallery\" href=\"https:\/\/www.bwpn.de\/pflegenetzwerk\/wp-content\/uploads\/2020\/04\/BWPN-Beitrag-Pflegeantrag-bei-Kleinkindern.jpg\" data-options=\"\" data-id=\"3933\" data-rel=\"iLightbox[gallery]\" data-title=\"BWPN-Beitrag-Pflegeantrag-bei-Kleinkindern\" data-caption=\"(c) BWPN | Melpomenem - Getty Images\">\n\t\t\t\t\t\tGallerie\t\t\t\t\t<\/a>\n\t\t\t\t\t\t\t\t\t\t\t\t\t\t\n\t\t\n\t\t\t\t\t\t\t\t\t\t\t\t<h4 class=\"fusion-rollover-title\">\n\t\t\t\t\t<a class=\"fusion-rollover-title-link\" href=\"https:\/\/www.bwpn.de\/pflegenetzwerk\/pflegeantrag-bei-kleinkindern\/\">\n\t\t\t\t\t\tPflegeantrag bei Kleinkindern\t\t\t\t\t<\/a>\n\t\t\t\t<\/h4>\n\t\t\t\n\t\t\t\t\t\t\t\t\t\t<div class=\"fusion-rollover-categories\"><a href=\"https:\/\/www.bwpn.de\/pflegenetzwerk\/widerspruch\/pflegeleistungen\/\" rel=\"tag\">Pflegeleistungen<\/a>, <a href=\"https:\/\/www.bwpn.de\/pflegenetzwerk\/widerspruch\/pflegegrad\/\" rel=\"tag\">Pflegegrad<\/a><\/div>\t\t\t\t\t\n\t\t\n\t\t\t\t\t\t<a class=\"fusion-link-wrapper\" href=\"https:\/\/www.bwpn.de\/pflegenetzwerk\/pflegeantrag-bei-kleinkindern\/\" aria-label=\"Pflegeantrag bei Kleinkindern\"><\/a>\n\t<\/div>\n<\/div>\n<\/div>\n<\/li>\n\t\t\t\n\t\t\t\n\t\t\t\t\t\t\t\t\t\t\t\t\t\t\t\t\t\t\t\t\t\t\t\t\t\t\t\t\t\t\t\t\t\t\t\t\t\t\t\t\t\t\t\t\t\t\t\t\t\t\t\t\t\t\t\t\t\t\t\t\t\t\t\t\t\t\t\t<\/ul>\n\t<\/div>\n\t<div class=\"fusion-post-content-wrapper\" style=\"padding:30px 25px 20px 25px;\"><div class=\"fusion-post-content post-content\"><h2 class=\"blog-shortcode-post-title entry-title\"><a href=\"https:\/\/www.bwpn.de\/pflegenetzwerk\/pflegeantrag-bei-kleinkindern\/\">Pflegeantrag bei Kleinkindern<\/a><\/h2><div class=\"fusion-post-content-container\"><p> Einleitung zum Pflegeantrag bei Kleinkindern  In diesem Beitrag [...]<\/p><\/div><\/div><\/div><div class=\"fusion-clearfix\"><\/div><\/div>\n<\/article>\n<article id=\"blog-1-post-3894\" class=\"fusion-post-grid post-3894 post type-post status-publish format-standard has-post-thumbnail hentry category-pflegeleistungen category-pflegegrad tag-demenz tag-pflegeantrag tag-pflegegrad tag-pflegestufe tag-senilitaet\">\n<div class=\"fusion-post-wrapper\" style=\"background-color:rgba(255,255,255,0);border:1px solid #ebeaea;border-bottom-width:3px;\">\n\n\t\t\t<div class=\"fusion-flexslider flexslider fusion-flexslider-loading fusion-post-slideshow\" style=\"border-color:#ebeaea;\">\n\t\t<ul class=\"slides\">\n\t\t\t\n\t\t\t\t\t\t\t\t\t\t\t\t\t\t<li><div class=\"fusion-image-wrapper\" aria-haspopup=\"true\">\n\t\t\t\t<img loading=\"lazy\" decoding=\"async\" width=\"1200\" height=\"800\" src=\"https:\/\/www.bwpn.de\/pflegenetzwerk\/wp-content\/uploads\/2020\/01\/BWPN-Pflegeantrag-bei-Senilit%C3%A4t.jpg\" class=\"attachment-full size-full wp-post-image\" alt=\"Pflegeantrag bei Senilit&auml;t\" srcset=\"https:\/\/www.bwpn.de\/pflegenetzwerk\/wp-content\/uploads\/2020\/01\/BWPN-Pflegeantrag-bei-Senilit&auml;t-200x133.jpg 200w, https:\/\/www.bwpn.de\/pflegenetzwerk\/wp-content\/uploads\/2020\/01\/BWPN-Pflegeantrag-bei-Senilit&auml;t-400x267.jpg 400w, https:\/\/www.bwpn.de\/pflegenetzwerk\/wp-content\/uploads\/2020\/01\/BWPN-Pflegeantrag-bei-Senilit&auml;t-600x400.jpg 600w, https:\/\/www.bwpn.de\/pflegenetzwerk\/wp-content\/uploads\/2020\/01\/BWPN-Pflegeantrag-bei-Senilit&auml;t-800x533.jpg 800w, https:\/\/www.bwpn.de\/pflegenetzwerk\/wp-content\/uploads\/2020\/01\/BWPN-Pflegeantrag-bei-Senilit&auml;t.jpg 1200w\" sizes=\"auto, (min-width: 2200px) 100vw, (min-width: 824px) 340px, (min-width: 732px) 510px, (min-width: 640px) 732px, \" title=\"\"><div class=\"fusion-rollover\">\n\t<div class=\"fusion-rollover-content\">\n\n\t\t\t\t\t\t\t\t\t\t\t\t\t\t<a class=\"fusion-rollover-link\" href=\"https:\/\/www.bwpn.de\/pflegenetzwerk\/pflegeantrag-bei-senilitaet\/\">Pflegeantrag bei Senilit&auml;t<\/a>\n\t\t\t\n\t\t\t\t\t\t\t\t\t\t\t\t\t\t\n\t\t\t\t\t\t\t\t\n\t\t\t\t\t\t\t\t\t\t\t\t\t<div class=\"fusion-rollover-sep\"><\/div>\n\t\t\t\t\n\t\t\t\t\t\t\t\t\t\t\t\t\t\t\t\t\t\t<a class=\"fusion-rollover-gallery\" href=\"https:\/\/www.bwpn.de\/pflegenetzwerk\/wp-content\/uploads\/2020\/01\/BWPN-Pflegeantrag-bei-Senilit%C3%A4t.jpg\" data-options=\"\" data-id=\"3894\" data-rel=\"iLightbox[gallery]\" data-title=\"BWPN-Pflegeantrag-bei-Senilit&auml;t\" data-caption=\"\">\n\t\t\t\t\t\tGallerie\t\t\t\t\t<\/a>\n\t\t\t\t\t\t\t\t\t\t\t\t\t\t\n\t\t\n\t\t\t\t\t\t\t\t\t\t\t\t<h4 class=\"fusion-rollover-title\">\n\t\t\t\t\t<a class=\"fusion-rollover-title-link\" href=\"https:\/\/www.bwpn.de\/pflegenetzwerk\/pflegeantrag-bei-senilitaet\/\">\n\t\t\t\t\t\tPflegeantrag bei Senilit&auml;t\t\t\t\t\t<\/a>\n\t\t\t\t<\/h4>\n\t\t\t\n\t\t\t\t\t\t\t\t\t\t<div class=\"fusion-rollover-categories\"><a href=\"https:\/\/www.bwpn.de\/pflegenetzwerk\/widerspruch\/pflegeleistungen\/\" rel=\"tag\">Pflegeleistungen<\/a>, <a href=\"https:\/\/www.bwpn.de\/pflegenetzwerk\/widerspruch\/pflegegrad\/\" rel=\"tag\">Pflegegrad<\/a><\/div>\t\t\t\t\t\n\t\t\n\t\t\t\t\t\t<a class=\"fusion-link-wrapper\" href=\"https:\/\/www.bwpn.de\/pflegenetzwerk\/pflegeantrag-bei-senilitaet\/\" aria-label=\"Pflegeantrag bei Senilit&auml;t\"><\/a>\n\t<\/div>\n<\/div>\n<\/div>\n<\/li>\n\t\t\t\n\t\t\t\n\t\t\t\t\t\t\t\t\t\t\t\t\t\t\t\t\t\t\t\t\t\t\t\t\t\t\t\t\t\t\t\t\t\t\t\t\t\t\t\t\t\t\t\t\t\t\t\t\t\t\t\t\t\t\t\t\t\t\t\t\t\t\t\t\t\t\t\t<\/ul>\n\t<\/div>\n\t<div class=\"fusion-post-content-wrapper\" style=\"padding:30px 25px 20px 25px;\"><div class=\"fusion-post-content post-content\"><h2 class=\"blog-shortcode-post-title entry-title\"><a href=\"https:\/\/www.bwpn.de\/pflegenetzwerk\/pflegeantrag-bei-senilitaet\/\">Pflegeantrag bei Senilit&auml;t<\/a><\/h2><div class=\"fusion-post-content-container\"><p> Einleitung zum Pflegeantrag bei <a href=\"https:\/\/www.bwpn.de\/pflegenetzwerk\/glossar\/senilitaet\/\" target=\"_self\" title=\"Bedingt durch das Alter k&ouml;rperlich und geistig nicht mehr voll&hellip;\" class=\"encyclopedia\">Senilit&auml;t<\/a>  Um zu ermitteln [...]<\/p><\/div><\/div><\/div><div class=\"fusion-clearfix\"><\/div><\/div>\n<\/article>\n<article id=\"blog-1-post-3263\" class=\"fusion-post-grid post-3263 post type-post status-publish format-standard has-post-thumbnail hentry category-pflegeleistungen category-pflegegrad tag-autismus-spektrum-stoerung tag-kinder tag-pflegeantrag tag-pflegegrad\">\n<div class=\"fusion-post-wrapper\" style=\"background-color:rgba(255,255,255,0);border:1px solid #ebeaea;border-bottom-width:3px;\">\n\n\t\t\t<div class=\"fusion-flexslider flexslider fusion-flexslider-loading fusion-post-slideshow\" style=\"border-color:#ebeaea;\">\n\t\t<ul class=\"slides\">\n\t\t\t\n\t\t\t\t\t\t\t\t\t\t\t\t\t\t<li><div class=\"fusion-image-wrapper\" aria-haspopup=\"true\">\n\t\t\t\t<img loading=\"lazy\" decoding=\"async\" width=\"1200\" height=\"800\" src=\"https:\/\/www.bwpn.de\/pflegenetzwerk\/wp-content\/uploads\/2019\/02\/BWPN-Autismus-Spektrum-St%C3%B6rung.jpg\" class=\"attachment-full size-full wp-post-image\" alt=\"Kinder mit Autismus-Spektrum-St&ouml;rung\" srcset=\"https:\/\/www.bwpn.de\/pflegenetzwerk\/wp-content\/uploads\/2019\/02\/BWPN-Autismus-Spektrum-St&ouml;rung-200x133.jpg 200w, https:\/\/www.bwpn.de\/pflegenetzwerk\/wp-content\/uploads\/2019\/02\/BWPN-Autismus-Spektrum-St&ouml;rung-400x267.jpg 400w, https:\/\/www.bwpn.de\/pflegenetzwerk\/wp-content\/uploads\/2019\/02\/BWPN-Autismus-Spektrum-St&ouml;rung-600x400.jpg 600w, https:\/\/www.bwpn.de\/pflegenetzwerk\/wp-content\/uploads\/2019\/02\/BWPN-Autismus-Spektrum-St&ouml;rung-800x533.jpg 800w, https:\/\/www.bwpn.de\/pflegenetzwerk\/wp-content\/uploads\/2019\/02\/BWPN-Autismus-Spektrum-St&ouml;rung.jpg 1200w\" sizes=\"auto, (min-width: 2200px) 100vw, (min-width: 824px) 340px, (min-width: 732px) 510px, (min-width: 640px) 732px, \" title=\"\"><div class=\"fusion-rollover\">\n\t<div class=\"fusion-rollover-content\">\n\n\t\t\t\t\t\t\t\t\t\t\t\t\t\t<a class=\"fusion-rollover-link\" href=\"https:\/\/www.bwpn.de\/pflegenetzwerk\/pflegeantrag-bei-kindern-mit-einer-autismus-spektrum-stoerung\/\">Pflegeantrag bei Kindern mit einer Autismus-Spektrum-St&ouml;rung<\/a>\n\t\t\t\n\t\t\t\t\t\t\t\t\t\t\t\t\t\t\n\t\t\t\t\t\t\t\t\n\t\t\t\t\t\t\t\t\t\t\t\t\t<div class=\"fusion-rollover-sep\"><\/div>\n\t\t\t\t\n\t\t\t\t\t\t\t\t\t\t\t\t\t\t\t\t\t\t<a class=\"fusion-rollover-gallery\" href=\"https:\/\/www.bwpn.de\/pflegenetzwerk\/wp-content\/uploads\/2019\/02\/BWPN-Autismus-Spektrum-St%C3%B6rung.jpg\" data-options=\"\" data-id=\"3263\" data-rel=\"iLightbox[gallery]\" data-title=\"BWPN-Autismus-Spektrum-St&ouml;rung\" data-caption=\"(C) BWPN\">\n\t\t\t\t\t\tGallerie\t\t\t\t\t<\/a>\n\t\t\t\t\t\t\t\t\t\t\t\t\t\t\n\t\t\n\t\t\t\t\t\t\t\t\t\t\t\t<h4 class=\"fusion-rollover-title\">\n\t\t\t\t\t<a class=\"fusion-rollover-title-link\" href=\"https:\/\/www.bwpn.de\/pflegenetzwerk\/pflegeantrag-bei-kindern-mit-einer-autismus-spektrum-stoerung\/\">\n\t\t\t\t\t\tPflegeantrag bei Kindern mit einer Autismus-Spektrum-St&ouml;rung\t\t\t\t\t<\/a>\n\t\t\t\t<\/h4>\n\t\t\t\n\t\t\t\t\t\t\t\t\t\t<div class=\"fusion-rollover-categories\"><a href=\"https:\/\/www.bwpn.de\/pflegenetzwerk\/widerspruch\/pflegeleistungen\/\" rel=\"tag\">Pflegeleistungen<\/a>, <a href=\"https:\/\/www.bwpn.de\/pflegenetzwerk\/widerspruch\/pflegegrad\/\" rel=\"tag\">Pflegegrad<\/a><\/div>\t\t\t\t\t\n\t\t\n\t\t\t\t\t\t<a class=\"fusion-link-wrapper\" href=\"https:\/\/www.bwpn.de\/pflegenetzwerk\/pflegeantrag-bei-kindern-mit-einer-autismus-spektrum-stoerung\/\" aria-label=\"Pflegeantrag bei Kindern mit einer Autismus-Spektrum-St&ouml;rung\"><\/a>\n\t<\/div>\n<\/div>\n<\/div>\n<\/li>\n\t\t\t\n\t\t\t\n\t\t\t\t\t\t\t\t\t\t\t\t\t\t\t\t\t\t\t\t\t\t\t\t\t\t\t\t\t\t\t\t\t\t\t\t\t\t\t\t\t\t\t\t\t\t\t\t\t\t\t\t\t\t\t\t\t\t\t\t\t\t\t\t\t\t\t\t<\/ul>\n\t<\/div>\n\t<div class=\"fusion-post-content-wrapper\" style=\"padding:30px 25px 20px 25px;\"><div class=\"fusion-post-content post-content\"><h2 class=\"blog-shortcode-post-title entry-title\"><a href=\"https:\/\/www.bwpn.de\/pflegenetzwerk\/pflegeantrag-bei-kindern-mit-einer-autismus-spektrum-stoerung\/\">Pflegeantrag bei Kindern mit einer Autismus-Spektrum-St&ouml;rung<\/a><\/h2><div class=\"fusion-post-content-container\"><p> Was verstehen Fachleute unter einer <a href=\"https:\/\/www.bwpn.de\/pflegenetzwerk\/glossar\/autismus\/\" target=\"_self\" title=\"Autismus-Spektrum-St&ouml;rung Autismus-Spektrum-St&ouml;rungen sind tiefgreifende Entwicklungsst&ouml;rungen, die u. a. durch ein&hellip;\" class=\"encyclopedia\">Autismus<\/a>-Spektrum-St&ouml;rung? Autismus ist eine [...]<\/p><\/div><\/div><\/div><div class=\"fusion-clearfix\"><\/div><\/div>\n<\/article>\n<div class=\"fusion-clearfix\"><\/div><\/div><\/div>\n","protected":false},"excerpt":{"rendered":"<p>Was f\u00fcr einige Leser zun\u00e4chst unverst\u00e4ndlich wirkt, ist f\u00fcr viele pflegenede Angeh\u00f6rige (und selbstverst\u00e4ndlich auch f\u00fcr Pflegekr\u00e4fte) eine ernstzunehmende und t\u00e4gliche Herausforderung. Die sogenannten pflegerelevanten vokalen Auff\u00e4lligkeiten (siehe unten) unterscheiden sich, einfach ausgedr\u00fcckt, von nicht pflegerelevanten vokalen Auff\u00e4lligkeiten dadurch, dass diese &#8220;\u00c4u\u00dferungen&#8221; eine pflegerische Handlung notwendig machen. Pflegerelevante vokale Auff\u00e4lligkeiten (Beispiele) Schreien oder fluchen ohne  [&#8230;]<\/p>\n","protected":false},"author":4,"featured_media":0,"template":"","encyclopedia-category":[288],"encyclopedia-tag":[223,221,281],"faq_category":[],"class_list":["post-2135","encyclopedia","type-encyclopedia","status-publish","hentry","encyclopedia-category-modul-3-nba","encyclopedia-tag-modul-3","encyclopedia-tag-psyche","encyclopedia-tag-verhaltensauffaelligkeiten"],"_links":{"self":[{"href":"https:\/\/www.bwpn.de\/pflegenetzwerk\/wp-json\/wp\/v2\/encyclopedia\/2135","targetHints":{"allow":["GET"]}}],"collection":[{"href":"https:\/\/www.bwpn.de\/pflegenetzwerk\/wp-json\/wp\/v2\/encyclopedia"}],"about":[{"href":"https:\/\/www.bwpn.de\/pflegenetzwerk\/wp-json\/wp\/v2\/types\/encyclopedia"}],"author":[{"embeddable":true,"href":"https:\/\/www.bwpn.de\/pflegenetzwerk\/wp-json\/wp\/v2\/users\/4"}],"version-history":[{"count":7,"href":"https:\/\/www.bwpn.de\/pflegenetzwerk\/wp-json\/wp\/v2\/encyclopedia\/2135\/revisions"}],"predecessor-version":[{"id":3743,"href":"https:\/\/www.bwpn.de\/pflegenetzwerk\/wp-json\/wp\/v2\/encyclopedia\/2135\/revisions\/3743"}],"wp:attachment":[{"href":"https:\/\/www.bwpn.de\/pflegenetzwerk\/wp-json\/wp\/v2\/media?parent=2135"}],"wp:term":[{"taxonomy":"encyclopedia-category","embeddable":true,"href":"https:\/\/www.bwpn.de\/pflegenetzwerk\/wp-json\/wp\/v2\/encyclopedia-category?post=2135"},{"taxonomy":"encyclopedia-tag","embeddable":true,"href":"https:\/\/www.bwpn.de\/pflegenetzwerk\/wp-json\/wp\/v2\/encyclopedia-tag?post=2135"},{"taxonomy":"faq_category","embeddable":true,"href":"https:\/\/www.bwpn.de\/pflegenetzwerk\/wp-json\/wp\/v2\/faq_category?post=2135"}],"curies":[{"name":"wp","href":"https:\/\/api.w.org\/{rel}","templated":true}]}}